{"id":10657,"date":"2023-02-13T14:01:58","date_gmt":"2023-02-13T14:01:58","guid":{"rendered":"https:\/\/www.verba.lv\/%ce%b5%ce%bb%ce%b5%cf%85%ce%b8%ce%b5%cf%81%ce%b9%ce%b1-in-kotka-2022\/"},"modified":"2025-04-11T09:36:32","modified_gmt":"2025-04-11T09:36:32","slug":"%ce%b5%ce%bb%ce%b5%cf%85%ce%b8%ce%b5%cf%81%ce%b9%ce%b1-in-kotka-2022","status":"publish","type":"page","link":"https:\/\/www.verba.lv\/lv\/%ce%b5%ce%bb%ce%b5%cf%85%ce%b8%ce%b5%cf%81%ce%b9%ce%b1-in-kotka-2022\/","title":{"rendered":"\u0395\u039b\u0395\u03a5\u0398\u0395\u03a1\u0399\u0391 2022-2023"},"content":{"rendered":"<p style=\"text-align: center;\"><strong>\u0395\u039b\u0395\u03a5\u0398\u0395\u03a1\u0399\u0391 2022-2023<\/strong><\/p>\n<p>Kolekcijas \u0395\u039b\u0395\u03a5\u0398\u0395\u03a1\u0399\u0391 \/ <strong>&#8220;Br\u012bv\u012bba&#8221;<\/strong>\u00a0pamat\u0101 ir sp\u0113les un spontanit\u0101tes ideja, kas cie\u0161i saist\u012bta ar br\u012bv\u012bbas j\u0113dzienu. Rotas k\u0101 pasaules oke\u0101na krast\u0101 izskaloti caursp\u012bd\u012bgi akme\u0146i un \u016bdens nopul\u0113ti stikli, kur katrs nes v\u0113st\u012bjumu, savu slepeno \u201c\u016bdens z\u012bmi\u201d, ar seno autoru cit\u0101tiem, kas atg\u0101dina par br\u012bv\u012bbu, augstu lidojumu, nez\u016bdo\u0161u gaismu. Saska\u0146\u0101 ar vienu no versij\u0101m, sengrie\u0137u \u1f10\u03bb\u03b5\u03c5\u03b8\u03b5\u03c1\u03af\u03b1 (eleutheria) etimolo\u0123iski ir saist\u012bta ar izteicienu &#8220;iet tur, kur v\u0113laties&#8221;. Dab\u012bgo akme\u0146u un akrila stikla kombin\u0101cija un l\u012bdzsvara mekl\u0113jumi dizain\u0101, iesaista skat\u012bt\u0101ju un rotas n\u0113s\u0101t\u0101ju past\u0101v\u012bgu formu, kr\u0101su un ideju kombin\u0101ciju mekl\u0113jumu sp\u0113l\u0113 \u2014 vi\u0146u pa\u0161u br\u012bv\u012bbas j\u0113dziena formul\u0113\u0161an\u0101. Pateicoties minim\u0101lai met\u0101la izmanto\u0161anai, akme\u0146u dabisko formu aprises un skaistums tiek saglab\u0101ts, vizu\u0101l\u0101 l\u012bmen\u012b tulkojot br\u012bv\u012bbas un atv\u0113rt\u012bbas j\u0113dzienus.<br \/>\nMateri\u0101li: top\u0101zi, kvarci, akvamar\u012bni, akrila stikls, sudrabs, apzelt\u012bts sudrabs.<\/p>\n<p>Izst\u0101des:<br \/>\n2023.gada 23.j\u016bnijs l\u012bdz 2023.gada 29.j\u016blijs, Izst\u0101de \u0395\u039b\u0395\u03a5\u0398\u0395\u03a1\u0399\u0391 (Eleutheria) \/ \u201cBr\u012bv\u012bba\u201d, ELENI MARNERI Gallery, At\u0113nas, Grie\u0137ija<br \/>\n2022.gada 30.j\u016bnijs l\u012bdz 2022.gada 31.j\u016blijs, Konkursa &#8220;Zi\u0146ojums no j\u016bras&#8221; izst\u0101de, J\u016bras Centrs Vellamo, Kotka, Somija<\/p>\n<div class=\"tiled-gallery type-rectangular tiled-gallery-unresized\" data-original-width=\"500\" data-carousel-extra='{&quot;blog_id&quot;:1,&quot;permalink&quot;:&quot;https:\\\/\\\/www.verba.lv\\\/lv\\\/%ce%b5%ce%bb%ce%b5%cf%85%ce%b8%ce%b5%cf%81%ce%b9%ce%b1-in-kotka-2022\\\/&quot;,&quot;likes_blog_id&quot;:59424749}' itemscope itemtype=\"http:\/\/schema.org\/ImageGallery\" > <div class=\"gallery-row\" style=\"width: 500px; height: 224px;\" data-original-width=\"500\" data-original-height=\"224\" > <div class=\"gallery-group images-1\" style=\"width: 334px; height: 224px;\" data-original-width=\"334\" data-original-height=\"224\" > <div class=\"tiled-gallery-item tiled-gallery-item-large\" itemprop=\"associatedMedia\" itemscope itemtype=\"http:\/\/schema.org\/ImageObject\"> <meta itemprop=\"width\" content=\"330\"> <meta itemprop=\"height\" content=\"220\"> <img data-attachment-id=\"10822\" data-orig-file=\"https:\/\/www.verba.lv\/wp-content\/uploads\/anna-fanigina-verba-eleutheria-freedom-eleni-marneri-gallery-athens.jpg\" data-orig-size=\"1000,667\" data-comments-opened=\"\" data-image-meta=\"{&quot;aperture&quot;:&quot;0&quot;,&quot;credit&quot;:&quot;&quot;,&quot;camera&quot;:&quot;&quot;,&quot;caption&quot;:&quot;&quot;,&quot;created_timestamp&quot;:&quot;0&quot;,&quot;copyright&quot;:&quot;&quot;,&quot;focal_length&quot;:&quot;0&quot;,&quot;iso&quot;:&quot;0&quot;,&quot;shutter_speed&quot;:&quot;0&quot;,&quot;title&quot;:&quot;&quot;,&quot;orientation&quot;:&quot;0&quot;}\" data-image-title=\"\" data-image-description=\"\" data-medium-file=\"https:\/\/www.verba.lv\/wp-content\/uploads\/anna-fanigina-verba-eleutheria-freedom-eleni-marneri-gallery-athens-400x267.jpg\" data-large-file=\"https:\/\/www.verba.lv\/wp-content\/uploads\/anna-fanigina-verba-eleutheria-freedom-eleni-marneri-gallery-athens.jpg\" src=\"https:\/\/i0.wp.com\/www.verba.lv\/wp-content\/uploads\/anna-fanigina-verba-eleutheria-freedom-eleni-marneri-gallery-athens.jpg?w=330&#038;h=220&#038;ssl=1\" width=\"330\" height=\"220\" data-original-width=\"330\" data-original-height=\"220\" itemprop=\"http:\/\/schema.org\/image\" title=\"\" alt=\"anna-fanigina-verba-eleutheria-freedom-eleni-marneri-gallery-athens\" style=\"width: 330px; height: 220px;\" \/> <div class=\"tiled-gallery-caption\" itemprop=\"caption description\"> Silver ring with brown acrylic glass QU\u0410 LIBET IRE VI\u0410 \/ go the way you want <\/div> <\/div> <\/div> <!-- close group --> <div class=\"gallery-group images-2\" style=\"width: 166px; height: 224px;\" data-original-width=\"166\" data-original-height=\"224\" > <div class=\"tiled-gallery-item tiled-gallery-item-small\" itemprop=\"associatedMedia\" itemscope itemtype=\"http:\/\/schema.org\/ImageObject\"> <meta itemprop=\"width\" content=\"162\"> <meta itemprop=\"height\" content=\"108\"> <img data-attachment-id=\"10893\" data-orig-file=\"https:\/\/www.verba.lv\/wp-content\/uploads\/eleutheria-earrings-freedom.jpg\" data-orig-size=\"1000,667\" data-comments-opened=\"\" data-image-meta=\"{&quot;aperture&quot;:&quot;0&quot;,&quot;credit&quot;:&quot;&quot;,&quot;camera&quot;:&quot;&quot;,&quot;caption&quot;:&quot;&quot;,&quot;created_timestamp&quot;:&quot;0&quot;,&quot;copyright&quot;:&quot;&quot;,&quot;focal_length&quot;:&quot;0&quot;,&quot;iso&quot;:&quot;0&quot;,&quot;shutter_speed&quot;:&quot;0&quot;,&quot;title&quot;:&quot;&quot;,&quot;orientation&quot;:&quot;0&quot;}\" data-image-title=\"eleutheria-earrings-freedom\" data-image-description=\"\" data-medium-file=\"https:\/\/www.verba.lv\/wp-content\/uploads\/eleutheria-earrings-freedom-400x267.jpg\" data-large-file=\"https:\/\/www.verba.lv\/wp-content\/uploads\/eleutheria-earrings-freedom.jpg\" src=\"https:\/\/i0.wp.com\/www.verba.lv\/wp-content\/uploads\/eleutheria-earrings-freedom.jpg?w=162&#038;h=108&#038;ssl=1\" width=\"162\" height=\"108\" data-original-width=\"162\" data-original-height=\"108\" itemprop=\"http:\/\/schema.org\/image\" title=\"eleutheria-earrings-freedom\" alt=\"eleutheria-earrings-freedom\" style=\"width: 162px; height: 108px;\" \/> <div class=\"tiled-gallery-caption\" itemprop=\"caption description\"> Mono earrings from collection \u0395\u039b\u0395\u03a5\u0398\u0395\u03a1\u0399\u0391 (Eleutheria) \/ Freedom jewelry. <\/div> <\/div> <div class=\"tiled-gallery-item tiled-gallery-item-small\" itemprop=\"associatedMedia\" itemscope itemtype=\"http:\/\/schema.org\/ImageObject\"> <meta itemprop=\"width\" content=\"162\"> <meta itemprop=\"height\" content=\"108\"> <img data-attachment-id=\"11092\" data-orig-file=\"https:\/\/www.verba.lv\/wp-content\/uploads\/eleitheria-anna-fanigina-greece-athens.jpg\" data-orig-size=\"1000,667\" data-comments-opened=\"\" data-image-meta=\"{&quot;aperture&quot;:&quot;0&quot;,&quot;credit&quot;:&quot;&quot;,&quot;camera&quot;:&quot;&quot;,&quot;caption&quot;:&quot;&quot;,&quot;created_timestamp&quot;:&quot;0&quot;,&quot;copyright&quot;:&quot;&quot;,&quot;focal_length&quot;:&quot;0&quot;,&quot;iso&quot;:&quot;0&quot;,&quot;shutter_speed&quot;:&quot;0&quot;,&quot;title&quot;:&quot;&quot;,&quot;orientation&quot;:&quot;0&quot;}\" data-image-title=\"eleitheria-anna-fanigina-greece-athens\" data-image-description=\"\" data-medium-file=\"https:\/\/www.verba.lv\/wp-content\/uploads\/eleitheria-anna-fanigina-greece-athens-400x267.jpg\" data-large-file=\"https:\/\/www.verba.lv\/wp-content\/uploads\/eleitheria-anna-fanigina-greece-athens.jpg\" src=\"https:\/\/i0.wp.com\/www.verba.lv\/wp-content\/uploads\/eleitheria-anna-fanigina-greece-athens.jpg?w=162&#038;h=108&#038;ssl=1\" width=\"162\" height=\"108\" data-original-width=\"162\" data-original-height=\"108\" itemprop=\"http:\/\/schema.org\/image\" title=\"eleitheria-anna-fanigina-greece-athens\" alt=\"eleitheria-anna-fanigina-greece-athens\" style=\"width: 162px; height: 108px;\" \/> <div class=\"tiled-gallery-caption\" itemprop=\"caption description\"> Silver earrings with smoky quartzes and laser engraving \u2019\u0395\u03bb\u03b5\u1f50\u03b8\u03c5\u03b9\u03b1 LIBERA \/ Free <\/div> <\/div> <\/div> <!-- close group --> <\/div> <!-- close row --> <div class=\"gallery-row\" style=\"width: 500px; height: 112px;\" data-original-width=\"500\" data-original-height=\"112\" > <div class=\"gallery-group images-1\" style=\"width: 167px; height: 112px;\" data-original-width=\"167\" data-original-height=\"112\" > <div class=\"tiled-gallery-item tiled-gallery-item-small\" itemprop=\"associatedMedia\" itemscope itemtype=\"http:\/\/schema.org\/ImageObject\"> <meta itemprop=\"width\" content=\"163\"> <meta itemprop=\"height\" content=\"108\"> <img data-attachment-id=\"10911\" data-orig-file=\"https:\/\/www.verba.lv\/wp-content\/uploads\/Eleutheria-necklake.jpg\" data-orig-size=\"1000,667\" data-comments-opened=\"\" data-image-meta=\"{&quot;aperture&quot;:&quot;0&quot;,&quot;credit&quot;:&quot;&quot;,&quot;camera&quot;:&quot;&quot;,&quot;caption&quot;:&quot;&quot;,&quot;created_timestamp&quot;:&quot;0&quot;,&quot;copyright&quot;:&quot;&quot;,&quot;focal_length&quot;:&quot;0&quot;,&quot;iso&quot;:&quot;0&quot;,&quot;shutter_speed&quot;:&quot;0&quot;,&quot;title&quot;:&quot;&quot;,&quot;orientation&quot;:&quot;0&quot;}\" data-image-title=\"Eleutheria-necklake\" data-image-description=\"\" data-medium-file=\"https:\/\/www.verba.lv\/wp-content\/uploads\/Eleutheria-necklake-400x267.jpg\" data-large-file=\"https:\/\/www.verba.lv\/wp-content\/uploads\/Eleutheria-necklake.jpg\" src=\"https:\/\/i0.wp.com\/www.verba.lv\/wp-content\/uploads\/Eleutheria-necklake.jpg?w=163&#038;h=108&#038;ssl=1\" width=\"163\" height=\"108\" data-original-width=\"163\" data-original-height=\"108\" itemprop=\"http:\/\/schema.org\/image\" title=\"Eleutheria-necklake\" alt=\"Eleutheria-necklake\" style=\"width: 163px; height: 108px;\" \/> <div class=\"tiled-gallery-caption\" itemprop=\"caption description\"> Necklace from collection <\/div> <\/div> <\/div> <!-- close group --> <div class=\"gallery-group images-1\" style=\"width: 167px; height: 112px;\" data-original-width=\"167\" data-original-height=\"112\" > <div class=\"tiled-gallery-item tiled-gallery-item-small\" itemprop=\"associatedMedia\" itemscope itemtype=\"http:\/\/schema.org\/ImageObject\"> <meta itemprop=\"width\" content=\"163\"> <meta itemprop=\"height\" content=\"108\"> <img data-attachment-id=\"11007\" data-orig-file=\"https:\/\/www.verba.lv\/wp-content\/uploads\/eleutheria-to-go-where-you-wish.jpg\" data-orig-size=\"1000,667\" data-comments-opened=\"\" data-image-meta=\"{&quot;aperture&quot;:&quot;0&quot;,&quot;credit&quot;:&quot;&quot;,&quot;camera&quot;:&quot;&quot;,&quot;caption&quot;:&quot;&quot;,&quot;created_timestamp&quot;:&quot;0&quot;,&quot;copyright&quot;:&quot;&quot;,&quot;focal_length&quot;:&quot;0&quot;,&quot;iso&quot;:&quot;0&quot;,&quot;shutter_speed&quot;:&quot;0&quot;,&quot;title&quot;:&quot;&quot;,&quot;orientation&quot;:&quot;0&quot;}\" data-image-title=\"eleutheria-to-go-where-you-wish\" data-image-description=\"\" data-medium-file=\"https:\/\/www.verba.lv\/wp-content\/uploads\/eleutheria-to-go-where-you-wish-400x267.jpg\" data-large-file=\"https:\/\/www.verba.lv\/wp-content\/uploads\/eleutheria-to-go-where-you-wish.jpg\" src=\"https:\/\/i0.wp.com\/www.verba.lv\/wp-content\/uploads\/eleutheria-to-go-where-you-wish.jpg?w=163&#038;h=108&#038;ssl=1\" width=\"163\" height=\"108\" data-original-width=\"163\" data-original-height=\"108\" itemprop=\"http:\/\/schema.org\/image\" title=\"eleutheria-to-go-where-you-wish\" alt=\"eleutheria-to-go-where-you-wish\" style=\"width: 163px; height: 108px;\" \/> <div class=\"tiled-gallery-caption\" itemprop=\"caption description\"> Silver earrings with acrylic glass and gilding &#8220;\u03c0\u03b1\u03c1\u03ac \u03c4\u03cc \u1f10\u03bb\u03b5\u03cd\u03b8\u03b5\u03b9\u03bd \/ to go where you wish&#8221; <\/div> <\/div> <\/div> <!-- close group --> <div class=\"gallery-group images-1\" style=\"width: 166px; height: 112px;\" data-original-width=\"166\" data-original-height=\"112\" > <div class=\"tiled-gallery-item tiled-gallery-item-small\" itemprop=\"associatedMedia\" itemscope itemtype=\"http:\/\/schema.org\/ImageObject\"> <meta itemprop=\"width\" content=\"162\"> <meta itemprop=\"height\" content=\"108\"> <img data-attachment-id=\"11056\" data-orig-file=\"https:\/\/www.verba.lv\/wp-content\/uploads\/eleutheria-eleni-marneri-anna-fanigina.jpg\" data-orig-size=\"1000,667\" data-comments-opened=\"\" data-image-meta=\"{&quot;aperture&quot;:&quot;0&quot;,&quot;credit&quot;:&quot;&quot;,&quot;camera&quot;:&quot;&quot;,&quot;caption&quot;:&quot;&quot;,&quot;created_timestamp&quot;:&quot;0&quot;,&quot;copyright&quot;:&quot;&quot;,&quot;focal_length&quot;:&quot;0&quot;,&quot;iso&quot;:&quot;0&quot;,&quot;shutter_speed&quot;:&quot;0&quot;,&quot;title&quot;:&quot;&quot;,&quot;orientation&quot;:&quot;0&quot;}\" data-image-title=\"eleutheria-eleni-marneri-anna-fanigina\" data-image-description=\"\" data-medium-file=\"https:\/\/www.verba.lv\/wp-content\/uploads\/eleutheria-eleni-marneri-anna-fanigina-400x267.jpg\" data-large-file=\"https:\/\/www.verba.lv\/wp-content\/uploads\/eleutheria-eleni-marneri-anna-fanigina.jpg\" src=\"https:\/\/i0.wp.com\/www.verba.lv\/wp-content\/uploads\/eleutheria-eleni-marneri-anna-fanigina.jpg?w=162&#038;h=108&#038;ssl=1\" width=\"162\" height=\"108\" data-original-width=\"162\" data-original-height=\"108\" itemprop=\"http:\/\/schema.org\/image\" title=\"eleutheria-eleni-marneri-anna-fanigina\" alt=\"eleutheria-eleni-marneri-anna-fanigina\" style=\"width: 162px; height: 108px;\" \/> <div class=\"tiled-gallery-caption\" itemprop=\"caption description\"> Silver ring with topaz \u03b8\u03c1\u03ad\u03c8\u03b1\u03b9 \u03c4\u03b5 \u03b3\u03ac\u03c1, \u03c6\u03b7\u03c3\u03af\u03bd, \u1f31\u03ba\u03b1\u03bd\u1f74 \u03c4\u1f70 \u03c6\u03c1\u03bf\u03bd\u03ae\u03bc\u03b1\u03c4\u03b1 \u03c4\u1ff6\u03bd \u03bc\u03b5\u03b3\u03b1\u03bb\u03bf\u03c6\u03c1\u03cc\u03bd\u03c9\u03bd \u1f21 \u1f10\u03bb\u03b5\u03c5\u03b8\u03b5\u03c1\u03af\u03b1 \/ Freedom, they say, has the power to foster noble minds and to fill it with high hopes (Longinus, \u201cOn the Sublime\u201d) <\/div> <\/div> <\/div> <!-- close group --> <\/div> <!-- close row --> <div class=\"gallery-row\" style=\"width: 500px; height: 224px;\" data-original-width=\"500\" data-original-height=\"224\" > <div class=\"gallery-group images-2\" style=\"width: 166px; height: 224px;\" data-original-width=\"166\" data-original-height=\"224\" > <div class=\"tiled-gallery-item tiled-gallery-item-small\" itemprop=\"associatedMedia\" itemscope itemtype=\"http:\/\/schema.org\/ImageObject\"> <meta itemprop=\"width\" content=\"162\"> <meta itemprop=\"height\" content=\"108\"> <img data-attachment-id=\"11001\" data-orig-file=\"https:\/\/www.verba.lv\/wp-content\/uploads\/eleutheria-freedom-collection-anna-fanigina.jpg\" data-orig-size=\"1000,667\" data-comments-opened=\"\" data-image-meta=\"{&quot;aperture&quot;:&quot;0&quot;,&quot;credit&quot;:&quot;&quot;,&quot;camera&quot;:&quot;&quot;,&quot;caption&quot;:&quot;&quot;,&quot;created_timestamp&quot;:&quot;0&quot;,&quot;copyright&quot;:&quot;&quot;,&quot;focal_length&quot;:&quot;0&quot;,&quot;iso&quot;:&quot;0&quot;,&quot;shutter_speed&quot;:&quot;0&quot;,&quot;title&quot;:&quot;&quot;,&quot;orientation&quot;:&quot;0&quot;}\" data-image-title=\"eleutheria-freedom-collection-anna-fanigina\" data-image-description=\"\" data-medium-file=\"https:\/\/www.verba.lv\/wp-content\/uploads\/eleutheria-freedom-collection-anna-fanigina-400x267.jpg\" data-large-file=\"https:\/\/www.verba.lv\/wp-content\/uploads\/eleutheria-freedom-collection-anna-fanigina.jpg\" src=\"https:\/\/i0.wp.com\/www.verba.lv\/wp-content\/uploads\/eleutheria-freedom-collection-anna-fanigina.jpg?w=162&#038;h=108&#038;ssl=1\" width=\"162\" height=\"108\" data-original-width=\"162\" data-original-height=\"108\" itemprop=\"http:\/\/schema.org\/image\" title=\"eleutheria-freedom-collection-anna-fanigina\" alt=\"eleutheria-freedom-collection-anna-fanigina\" style=\"width: 162px; height: 108px;\" \/> <div class=\"tiled-gallery-caption\" itemprop=\"caption description\"> Silver ring with rose quartz \u1f10\u03bb\u03b5\u03c5\u03b8\u03b5\u03c1\u03b9\u03cc\u03c4\u03b7\u03c2 \/ free man state, free mind, nobility, generosity, honour (Plato, Aristotle). <\/div> <\/div> <div class=\"tiled-gallery-item tiled-gallery-item-small\" itemprop=\"associatedMedia\" itemscope itemtype=\"http:\/\/schema.org\/ImageObject\"> <meta itemprop=\"width\" content=\"162\"> <meta itemprop=\"height\" content=\"108\"> <img data-attachment-id=\"10968\" data-orig-file=\"https:\/\/www.verba.lv\/wp-content\/uploads\/eleutheria-ring-anna-fanigina.jpg\" data-orig-size=\"1000,666\" data-comments-opened=\"\" data-image-meta=\"{&quot;aperture&quot;:&quot;0&quot;,&quot;credit&quot;:&quot;&quot;,&quot;camera&quot;:&quot;&quot;,&quot;caption&quot;:&quot;&quot;,&quot;created_timestamp&quot;:&quot;0&quot;,&quot;copyright&quot;:&quot;&quot;,&quot;focal_length&quot;:&quot;0&quot;,&quot;iso&quot;:&quot;0&quot;,&quot;shutter_speed&quot;:&quot;0&quot;,&quot;title&quot;:&quot;&quot;,&quot;orientation&quot;:&quot;0&quot;}\" data-image-title=\"eleutheria-ring-anna-fanigina\" data-image-description=\"\" data-medium-file=\"https:\/\/www.verba.lv\/wp-content\/uploads\/eleutheria-ring-anna-fanigina-400x266.jpg\" data-large-file=\"https:\/\/www.verba.lv\/wp-content\/uploads\/eleutheria-ring-anna-fanigina.jpg\" src=\"https:\/\/i0.wp.com\/www.verba.lv\/wp-content\/uploads\/eleutheria-ring-anna-fanigina.jpg?w=162&#038;h=108&#038;ssl=1\" width=\"162\" height=\"108\" data-original-width=\"162\" data-original-height=\"108\" itemprop=\"http:\/\/schema.org\/image\" title=\"eleutheria-ring-anna-fanigina\" alt=\"eleutheria-ring-anna-fanigina\" style=\"width: 162px; height: 108px;\" \/> <div class=\"tiled-gallery-caption\" itemprop=\"caption description\"> Silver ring with brown acrylic glass QU\u0410 LIBET IRE VI\u0410 \/ go the way you want <\/div> <\/div> <\/div> <!-- close group --> <div class=\"gallery-group images-1\" style=\"width: 334px; height: 224px;\" data-original-width=\"334\" data-original-height=\"224\" > <div class=\"tiled-gallery-item tiled-gallery-item-large\" itemprop=\"associatedMedia\" itemscope itemtype=\"http:\/\/schema.org\/ImageObject\"> <meta itemprop=\"width\" content=\"330\"> <meta itemprop=\"height\" content=\"220\"> <img data-attachment-id=\"10634\" data-orig-file=\"https:\/\/www.verba.lv\/wp-content\/uploads\/freedom-vellamo-kotka-anna-fanigina.jpg\" data-orig-size=\"1000,667\" data-comments-opened=\"\" data-image-meta=\"{&quot;aperture&quot;:&quot;0&quot;,&quot;credit&quot;:&quot;&quot;,&quot;camera&quot;:&quot;&quot;,&quot;caption&quot;:&quot;&quot;,&quot;created_timestamp&quot;:&quot;0&quot;,&quot;copyright&quot;:&quot;&quot;,&quot;focal_length&quot;:&quot;0&quot;,&quot;iso&quot;:&quot;0&quot;,&quot;shutter_speed&quot;:&quot;0&quot;,&quot;title&quot;:&quot;&quot;,&quot;orientation&quot;:&quot;0&quot;}\" data-image-title=\"freedom-vellamo-kotka-anna-fanigina\" data-image-description=\"\" data-medium-file=\"https:\/\/www.verba.lv\/wp-content\/uploads\/freedom-vellamo-kotka-anna-fanigina-400x267.jpg\" data-large-file=\"https:\/\/www.verba.lv\/wp-content\/uploads\/freedom-vellamo-kotka-anna-fanigina.jpg\" src=\"https:\/\/i0.wp.com\/www.verba.lv\/wp-content\/uploads\/freedom-vellamo-kotka-anna-fanigina.jpg?w=330&#038;h=220&#038;ssl=1\" width=\"330\" height=\"220\" data-original-width=\"330\" data-original-height=\"220\" itemprop=\"http:\/\/schema.org\/image\" title=\"freedom-vellamo-kotka-anna-fanigina\" alt=\"freedom-vellamo-kotka-anna-fanigina\" style=\"width: 330px; height: 220px;\" \/> <div class=\"tiled-gallery-caption\" itemprop=\"caption description\"> \u0395\u039b\u0395\u03a5\u0398\u0395\u03a1\u0399\u0391 \/ Freedom <\/div> <\/div> <\/div> <!-- close group --> <\/div> <!-- close row --> <div class=\"gallery-row\" style=\"width: 500px; height: 401px;\" data-original-width=\"500\" data-original-height=\"401\" > <div class=\"gallery-group images-3\" style=\"width: 198px; height: 401px;\" data-original-width=\"198\" data-original-height=\"401\" > <div class=\"tiled-gallery-item tiled-gallery-item-small\" itemprop=\"associatedMedia\" itemscope itemtype=\"http:\/\/schema.org\/ImageObject\"> <meta itemprop=\"width\" content=\"194\"> <meta itemprop=\"height\" content=\"129\"> <img data-attachment-id=\"10652\" data-orig-file=\"https:\/\/www.verba.lv\/wp-content\/uploads\/verba-anna-fanigina-vellamo-kotka.jpg\" data-orig-size=\"1000,666\" data-comments-opened=\"\" data-image-meta=\"{&quot;aperture&quot;:&quot;0&quot;,&quot;credit&quot;:&quot;&quot;,&quot;camera&quot;:&quot;&quot;,&quot;caption&quot;:&quot;&quot;,&quot;created_timestamp&quot;:&quot;0&quot;,&quot;copyright&quot;:&quot;&quot;,&quot;focal_length&quot;:&quot;0&quot;,&quot;iso&quot;:&quot;0&quot;,&quot;shutter_speed&quot;:&quot;0&quot;,&quot;title&quot;:&quot;&quot;,&quot;orientation&quot;:&quot;0&quot;}\" data-image-title=\"verba-anna-fanigina-vellamo-kotka\" data-image-description=\"\" data-medium-file=\"https:\/\/www.verba.lv\/wp-content\/uploads\/verba-anna-fanigina-vellamo-kotka-400x266.jpg\" data-large-file=\"https:\/\/www.verba.lv\/wp-content\/uploads\/verba-anna-fanigina-vellamo-kotka.jpg\" src=\"https:\/\/i0.wp.com\/www.verba.lv\/wp-content\/uploads\/verba-anna-fanigina-vellamo-kotka.jpg?w=194&#038;h=129&#038;ssl=1\" width=\"194\" height=\"129\" data-original-width=\"194\" data-original-height=\"129\" itemprop=\"http:\/\/schema.org\/image\" title=\"verba-anna-fanigina-vellamo-kotka\" alt=\"verba-anna-fanigina-vellamo-kotka\" style=\"width: 194px; height: 129px;\" \/> <div class=\"tiled-gallery-caption\" itemprop=\"caption description\"> Each ring in this collection is like an ancient message from the Golden Age of Europe polished by the ocean itself. They are like accidentally found stones with their own secret \u201cwatermark\u201d \u2014 an engraved quotation by Ancient Greek authors that reminds us about such important and eternal things as freedom, peace and everlasting light. The stones are the main expressive element of the jewelry. Thanks to the special construction of the rings that keeps the silhouette and the natural beauty of the stones, transmitting the ideas of freedom and entirety even on the visual level. <\/div> <\/div> <div class=\"tiled-gallery-item tiled-gallery-item-small\" itemprop=\"associatedMedia\" itemscope itemtype=\"http:\/\/schema.org\/ImageObject\"> <meta itemprop=\"width\" content=\"194\"> <meta itemprop=\"height\" content=\"130\"> <img data-attachment-id=\"10637\" data-orig-file=\"https:\/\/www.verba.lv\/wp-content\/uploads\/kotka-freedom-anna-fanigina-vellami.jpg\" data-orig-size=\"1000,667\" data-comments-opened=\"\" data-image-meta=\"{&quot;aperture&quot;:&quot;0&quot;,&quot;credit&quot;:&quot;&quot;,&quot;camera&quot;:&quot;&quot;,&quot;caption&quot;:&quot;&quot;,&quot;created_timestamp&quot;:&quot;0&quot;,&quot;copyright&quot;:&quot;&quot;,&quot;focal_length&quot;:&quot;0&quot;,&quot;iso&quot;:&quot;0&quot;,&quot;shutter_speed&quot;:&quot;0&quot;,&quot;title&quot;:&quot;&quot;,&quot;orientation&quot;:&quot;0&quot;}\" data-image-title=\"kotka-freedom-anna-fanigina-vellami\" data-image-description=\"\" data-medium-file=\"https:\/\/www.verba.lv\/wp-content\/uploads\/kotka-freedom-anna-fanigina-vellami-400x267.jpg\" data-large-file=\"https:\/\/www.verba.lv\/wp-content\/uploads\/kotka-freedom-anna-fanigina-vellami.jpg\" src=\"https:\/\/i0.wp.com\/www.verba.lv\/wp-content\/uploads\/kotka-freedom-anna-fanigina-vellami.jpg?w=194&#038;h=130&#038;ssl=1\" width=\"194\" height=\"130\" data-original-width=\"194\" data-original-height=\"130\" itemprop=\"http:\/\/schema.org\/image\" title=\"kotka-freedom-anna-fanigina-vellami\" alt=\"kotka-freedom-anna-fanigina-vellami\" style=\"width: 194px; height: 130px;\" \/> <div class=\"tiled-gallery-caption\" itemprop=\"caption description\"> \u03b1\u1f50\u03c4\u03af\u03ba\u1fbd \u1f00\u03c0\u1fbd \u1f68\u03ba\u03b5\u03b1\u03bd\u03bf\u1fe6 \u03c7\u03c1\u03c5\u03c3\u03cc\u03b8\u03c1\u03bf\u03bd\u03bf\u03bd \u1f20\u03c1\u03b9\u03b3\u03ad\u03bd\u03b5\u03b9\u03b1\u03bd \u1f66\u03c1\u03c3\u03b5\u03bd, \u1f35\u03bd\u1fbd \u1f00\u03bd\u03b8\u03c1\u03ce\u03c0\u03bf\u03b9\u03c3\u03b9 \u03c6\u03cc\u03c9\u03c2 \u03c6\u03ad\u03c1\u03bf\u03b9 \/ straightway she roused from Oceanus golden-throned Dawn to bring light to men (Homer) <\/div> <\/div> <div class=\"tiled-gallery-item tiled-gallery-item-small\" itemprop=\"associatedMedia\" itemscope itemtype=\"http:\/\/schema.org\/ImageObject\"> <meta itemprop=\"width\" content=\"194\"> <meta itemprop=\"height\" content=\"130\"> <img data-attachment-id=\"10640\" data-orig-file=\"https:\/\/www.verba.lv\/wp-content\/uploads\/vellamo-kotka-anna-fanigina-freedom.jpg\" data-orig-size=\"1000,667\" data-comments-opened=\"\" data-image-meta=\"{&quot;aperture&quot;:&quot;0&quot;,&quot;credit&quot;:&quot;&quot;,&quot;camera&quot;:&quot;&quot;,&quot;caption&quot;:&quot;&quot;,&quot;created_timestamp&quot;:&quot;0&quot;,&quot;copyright&quot;:&quot;&quot;,&quot;focal_length&quot;:&quot;0&quot;,&quot;iso&quot;:&quot;0&quot;,&quot;shutter_speed&quot;:&quot;0&quot;,&quot;title&quot;:&quot;&quot;,&quot;orientation&quot;:&quot;0&quot;}\" data-image-title=\"vellamo-kotka-anna-fanigina-freedom\" data-image-description=\"\" data-medium-file=\"https:\/\/www.verba.lv\/wp-content\/uploads\/vellamo-kotka-anna-fanigina-freedom-400x267.jpg\" data-large-file=\"https:\/\/www.verba.lv\/wp-content\/uploads\/vellamo-kotka-anna-fanigina-freedom.jpg\" src=\"https:\/\/i0.wp.com\/www.verba.lv\/wp-content\/uploads\/vellamo-kotka-anna-fanigina-freedom.jpg?w=194&#038;h=130&#038;ssl=1\" width=\"194\" height=\"130\" data-original-width=\"194\" data-original-height=\"130\" itemprop=\"http:\/\/schema.org\/image\" title=\"vellamo-kotka-anna-fanigina-freedom\" alt=\"vellamo-kotka-anna-fanigina-freedom\" style=\"width: 194px; height: 130px;\" \/> <div class=\"tiled-gallery-caption\" itemprop=\"caption description\"> \u2019\u0395\u03bb\u03b5\u03c5\u03b8\u03b5\u03c1\u03af\u03b1 \u0394\u03b9\u1f78\u03c2 \u1f44\u03bb\u03b2\u03b9\u03bf\u03bd \u03c4\u03ad\u03ba\u03bf\u03c2 \/ Oh, freedom, the happy daughter of Zeus (Sofocle fr. 927 B LJ) <\/div> <\/div> <\/div> <!-- close group --> <div class=\"gallery-group images-1\" style=\"width: 302px; height: 401px;\" data-original-width=\"302\" data-original-height=\"401\" > <div class=\"tiled-gallery-item tiled-gallery-item-large\" itemprop=\"associatedMedia\" itemscope itemtype=\"http:\/\/schema.org\/ImageObject\"> <meta itemprop=\"width\" content=\"298\"> <meta itemprop=\"height\" content=\"397\"> <img data-attachment-id=\"10884\" data-orig-file=\"https:\/\/www.verba.lv\/wp-content\/uploads\/eleni-marneri-gallery-athens.jpg\" data-orig-size=\"750,1000\" data-comments-opened=\"\" data-image-meta=\"{&quot;aperture&quot;:&quot;0&quot;,&quot;credit&quot;:&quot;&quot;,&quot;camera&quot;:&quot;&quot;,&quot;caption&quot;:&quot;&quot;,&quot;created_timestamp&quot;:&quot;0&quot;,&quot;copyright&quot;:&quot;&quot;,&quot;focal_length&quot;:&quot;0&quot;,&quot;iso&quot;:&quot;0&quot;,&quot;shutter_speed&quot;:&quot;0&quot;,&quot;title&quot;:&quot;&quot;,&quot;orientation&quot;:&quot;0&quot;}\" data-image-title=\"eleni-marneri-gallery-athens\" data-image-description=\"\" data-medium-file=\"https:\/\/www.verba.lv\/wp-content\/uploads\/eleni-marneri-gallery-athens-300x400.jpg\" data-large-file=\"https:\/\/www.verba.lv\/wp-content\/uploads\/eleni-marneri-gallery-athens.jpg\" src=\"https:\/\/i0.wp.com\/www.verba.lv\/wp-content\/uploads\/eleni-marneri-gallery-athens.jpg?w=298&#038;h=397&#038;ssl=1\" width=\"298\" height=\"397\" data-original-width=\"298\" data-original-height=\"397\" itemprop=\"http:\/\/schema.org\/image\" title=\"eleni-marneri-gallery-athens\" alt=\"eleni-marneri-gallery-athens\" style=\"width: 298px; height: 397px;\" \/> <div class=\"tiled-gallery-caption\" itemprop=\"caption description\"> ELENI MARNERI Gallery <\/div> <\/div> <\/div> <!-- close group --> <\/div> <!-- close row --> <div class=\"gallery-row\" style=\"width: 500px; height: 223px;\" data-original-width=\"500\" data-original-height=\"223\" > <div class=\"gallery-group images-1\" style=\"width: 168px; height: 223px;\" data-original-width=\"168\" data-original-height=\"223\" > <div class=\"tiled-gallery-item tiled-gallery-item-small\" itemprop=\"associatedMedia\" itemscope itemtype=\"http:\/\/schema.org\/ImageObject\"> <meta itemprop=\"width\" content=\"164\"> <meta itemprop=\"height\" content=\"219\"> <img data-attachment-id=\"10902\" data-orig-file=\"https:\/\/www.verba.lv\/wp-content\/uploads\/eleutheria-freedom-collection.jpg\" data-orig-size=\"750,1000\" data-comments-opened=\"\" data-image-meta=\"{&quot;aperture&quot;:&quot;0&quot;,&quot;credit&quot;:&quot;&quot;,&quot;camera&quot;:&quot;&quot;,&quot;caption&quot;:&quot;&quot;,&quot;created_timestamp&quot;:&quot;0&quot;,&quot;copyright&quot;:&quot;&quot;,&quot;focal_length&quot;:&quot;0&quot;,&quot;iso&quot;:&quot;0&quot;,&quot;shutter_speed&quot;:&quot;0&quot;,&quot;title&quot;:&quot;&quot;,&quot;orientation&quot;:&quot;0&quot;}\" data-image-title=\"eleutheria-freedom-collection\" data-image-description=\"\" data-medium-file=\"https:\/\/www.verba.lv\/wp-content\/uploads\/eleutheria-freedom-collection-300x400.jpg\" data-large-file=\"https:\/\/www.verba.lv\/wp-content\/uploads\/eleutheria-freedom-collection.jpg\" src=\"https:\/\/i0.wp.com\/www.verba.lv\/wp-content\/uploads\/eleutheria-freedom-collection.jpg?w=164&#038;h=219&#038;ssl=1\" width=\"164\" height=\"219\" data-original-width=\"164\" data-original-height=\"219\" itemprop=\"http:\/\/schema.org\/image\" title=\"eleutheria-freedom-collection\" alt=\"eleutheria-freedom-collection\" style=\"width: 164px; height: 219px;\" \/> <div class=\"tiled-gallery-caption\" itemprop=\"caption description\"> Collection \u0395\u039b\u0395\u03a5\u0398\u0395\u03a1\u0399\u0391 (Eleutheria) \/ Freedom presentation event at Eleni Marneri Gallery in Athens, Greece. <\/div> <\/div> <\/div> <!-- close group --> <div class=\"gallery-group images-1\" style=\"width: 332px; height: 223px;\" data-original-width=\"332\" data-original-height=\"223\" > <div class=\"tiled-gallery-item tiled-gallery-item-large\" itemprop=\"associatedMedia\" itemscope itemtype=\"http:\/\/schema.org\/ImageObject\"> <meta itemprop=\"width\" content=\"328\"> <meta itemprop=\"height\" content=\"219\"> <img data-attachment-id=\"10863\" data-orig-file=\"https:\/\/www.verba.lv\/wp-content\/uploads\/anna-fanigina-eleni-marneri-galerie.jpg\" data-orig-size=\"1000,666\" data-comments-opened=\"\" data-image-meta=\"{&quot;aperture&quot;:&quot;0&quot;,&quot;credit&quot;:&quot;&quot;,&quot;camera&quot;:&quot;&quot;,&quot;caption&quot;:&quot;&quot;,&quot;created_timestamp&quot;:&quot;0&quot;,&quot;copyright&quot;:&quot;&quot;,&quot;focal_length&quot;:&quot;0&quot;,&quot;iso&quot;:&quot;0&quot;,&quot;shutter_speed&quot;:&quot;0&quot;,&quot;title&quot;:&quot;&quot;,&quot;orientation&quot;:&quot;0&quot;}\" data-image-title=\"anna-fanigina-eleni-marneri-galerie\" data-image-description=\"\" data-medium-file=\"https:\/\/www.verba.lv\/wp-content\/uploads\/anna-fanigina-eleni-marneri-galerie-400x266.jpg\" data-large-file=\"https:\/\/www.verba.lv\/wp-content\/uploads\/anna-fanigina-eleni-marneri-galerie.jpg\" src=\"https:\/\/i0.wp.com\/www.verba.lv\/wp-content\/uploads\/anna-fanigina-eleni-marneri-galerie.jpg?w=328&#038;h=219&#038;ssl=1\" width=\"328\" height=\"219\" data-original-width=\"328\" data-original-height=\"219\" itemprop=\"http:\/\/schema.org\/image\" title=\"anna-fanigina-eleni-marneri-galerie\" alt=\"anna-fanigina-eleni-marneri-galerie\" style=\"width: 328px; height: 219px;\" \/> <div class=\"tiled-gallery-caption\" itemprop=\"caption description\"> VERBA designer Anna Fanigina in the collection \u0395\u039b\u0395\u03a5\u0398\u0395\u03a1\u0399\u0391 (Eleutheria) \/ Freedom presentation event at Eleni Marneri Gallery in Athens, Greece. <\/div> <\/div> <\/div> <!-- close group --> <\/div> <!-- close row --> <div class=\"gallery-row\" style=\"width: 500px; height: 231px;\" data-original-width=\"500\" data-original-height=\"231\" > <div class=\"gallery-group images-1\" style=\"width: 174px; height: 231px;\" data-original-width=\"174\" data-original-height=\"231\" > <div class=\"tiled-gallery-item tiled-gallery-item-small\" itemprop=\"associatedMedia\" itemscope itemtype=\"http:\/\/schema.org\/ImageObject\"> <meta itemprop=\"width\" content=\"170\"> <meta itemprop=\"height\" content=\"227\"> <img data-attachment-id=\"10914\" data-orig-file=\"https:\/\/www.verba.lv\/wp-content\/uploads\/eleutheria-verba-eleni-marneri.jpg\" data-orig-size=\"750,1000\" data-comments-opened=\"\" data-image-meta=\"{&quot;aperture&quot;:&quot;0&quot;,&quot;credit&quot;:&quot;&quot;,&quot;camera&quot;:&quot;&quot;,&quot;caption&quot;:&quot;&quot;,&quot;created_timestamp&quot;:&quot;0&quot;,&quot;copyright&quot;:&quot;&quot;,&quot;focal_length&quot;:&quot;0&quot;,&quot;iso&quot;:&quot;0&quot;,&quot;shutter_speed&quot;:&quot;0&quot;,&quot;title&quot;:&quot;&quot;,&quot;orientation&quot;:&quot;0&quot;}\" data-image-title=\"eleutheria-verba-eleni-marneri\" data-image-description=\"\" data-medium-file=\"https:\/\/www.verba.lv\/wp-content\/uploads\/eleutheria-verba-eleni-marneri-300x400.jpg\" data-large-file=\"https:\/\/www.verba.lv\/wp-content\/uploads\/eleutheria-verba-eleni-marneri.jpg\" src=\"https:\/\/i0.wp.com\/www.verba.lv\/wp-content\/uploads\/eleutheria-verba-eleni-marneri.jpg?w=170&#038;h=227&#038;ssl=1\" width=\"170\" height=\"227\" data-original-width=\"170\" data-original-height=\"227\" itemprop=\"http:\/\/schema.org\/image\" title=\"eleutheria-verba-eleni-marneri\" alt=\"eleutheria-verba-eleni-marneri\" style=\"width: 170px; height: 227px;\" \/> <div class=\"tiled-gallery-caption\" itemprop=\"caption description\"> VERBA designer Anna Fanigina with director and owner of the ELENI MARNERI Gallery. <\/div> <\/div> <\/div> <!-- close group --> <div class=\"gallery-group images-2\" style=\"width: 171px; height: 231px;\" data-original-width=\"171\" data-original-height=\"231\" > <div class=\"tiled-gallery-item tiled-gallery-item-small\" itemprop=\"associatedMedia\" itemscope itemtype=\"http:\/\/schema.org\/ImageObject\"> <meta itemprop=\"width\" content=\"167\"> <meta itemprop=\"height\" content=\"112\"> <img data-attachment-id=\"10860\" data-orig-file=\"https:\/\/www.verba.lv\/wp-content\/uploads\/ambassador-greece-eleni-marneri-athens.jpg\" data-orig-size=\"1000,666\" data-comments-opened=\"\" data-image-meta=\"{&quot;aperture&quot;:&quot;0&quot;,&quot;credit&quot;:&quot;&quot;,&quot;camera&quot;:&quot;&quot;,&quot;caption&quot;:&quot;&quot;,&quot;created_timestamp&quot;:&quot;0&quot;,&quot;copyright&quot;:&quot;&quot;,&quot;focal_length&quot;:&quot;0&quot;,&quot;iso&quot;:&quot;0&quot;,&quot;shutter_speed&quot;:&quot;0&quot;,&quot;title&quot;:&quot;&quot;,&quot;orientation&quot;:&quot;0&quot;}\" data-image-title=\"ambassador-greece-eleni-marneri-athens\" data-image-description=\"\" data-medium-file=\"https:\/\/www.verba.lv\/wp-content\/uploads\/ambassador-greece-eleni-marneri-athens-400x266.jpg\" data-large-file=\"https:\/\/www.verba.lv\/wp-content\/uploads\/ambassador-greece-eleni-marneri-athens.jpg\" src=\"https:\/\/i0.wp.com\/www.verba.lv\/wp-content\/uploads\/ambassador-greece-eleni-marneri-athens.jpg?w=167&#038;h=112&#038;ssl=1\" width=\"167\" height=\"112\" data-original-width=\"167\" data-original-height=\"112\" itemprop=\"http:\/\/schema.org\/image\" title=\"ambassador-greece-eleni-marneri-athens\" alt=\"VERBA designer Anna Fanigina with Ambassador of Latvia in Greece Ieva Briede.\" style=\"width: 167px; height: 112px;\" \/> <div class=\"tiled-gallery-caption\" itemprop=\"caption description\"> VERBA designer Anna Fanigina with Ambassador of Latvia in Greece Ieva Briede. <\/div> <\/div> <div class=\"tiled-gallery-item tiled-gallery-item-small\" itemprop=\"associatedMedia\" itemscope itemtype=\"http:\/\/schema.org\/ImageObject\"> <meta itemprop=\"width\" content=\"167\"> <meta itemprop=\"height\" content=\"111\"> <img data-attachment-id=\"10857\" data-orig-file=\"https:\/\/www.verba.lv\/wp-content\/uploads\/ambassador-greece-athens.jpg\" data-orig-size=\"1000,666\" data-comments-opened=\"\" data-image-meta=\"{&quot;aperture&quot;:&quot;0&quot;,&quot;credit&quot;:&quot;&quot;,&quot;camera&quot;:&quot;&quot;,&quot;caption&quot;:&quot;&quot;,&quot;created_timestamp&quot;:&quot;0&quot;,&quot;copyright&quot;:&quot;&quot;,&quot;focal_length&quot;:&quot;0&quot;,&quot;iso&quot;:&quot;0&quot;,&quot;shutter_speed&quot;:&quot;0&quot;,&quot;title&quot;:&quot;&quot;,&quot;orientation&quot;:&quot;0&quot;}\" data-image-title=\"ambassador-greece-athens\" data-image-description=\"\" data-medium-file=\"https:\/\/www.verba.lv\/wp-content\/uploads\/ambassador-greece-athens-400x266.jpg\" data-large-file=\"https:\/\/www.verba.lv\/wp-content\/uploads\/ambassador-greece-athens.jpg\" src=\"https:\/\/i0.wp.com\/www.verba.lv\/wp-content\/uploads\/ambassador-greece-athens.jpg?w=167&#038;h=111&#038;ssl=1\" width=\"167\" height=\"111\" data-original-width=\"167\" data-original-height=\"111\" itemprop=\"http:\/\/schema.org\/image\" title=\"ambassador-greece-athens\" alt=\"Ambassador of Latvia in Greece Ieva Briede at the\" style=\"width: 167px; height: 111px;\" \/> <div class=\"tiled-gallery-caption\" itemprop=\"caption description\"> Ambassador of Latvia in Greece Ieva Briede at the <\/div> <\/div> <\/div> <!-- close group --> <div class=\"gallery-group images-1\" style=\"width: 155px; height: 231px;\" data-original-width=\"155\" data-original-height=\"231\" > <div class=\"tiled-gallery-item tiled-gallery-item-small\" itemprop=\"associatedMedia\" itemscope itemtype=\"http:\/\/schema.org\/ImageObject\"> <meta itemprop=\"width\" content=\"151\"> <meta itemprop=\"height\" content=\"227\"> <img data-attachment-id=\"10878\" data-orig-file=\"https:\/\/www.verba.lv\/wp-content\/uploads\/byron-ilias-lalaounis-jewelry.jpg\" data-orig-size=\"666,1000\" data-comments-opened=\"\" data-image-meta=\"{&quot;aperture&quot;:&quot;0&quot;,&quot;credit&quot;:&quot;&quot;,&quot;camera&quot;:&quot;&quot;,&quot;caption&quot;:&quot;&quot;,&quot;created_timestamp&quot;:&quot;0&quot;,&quot;copyright&quot;:&quot;&quot;,&quot;focal_length&quot;:&quot;0&quot;,&quot;iso&quot;:&quot;0&quot;,&quot;shutter_speed&quot;:&quot;0&quot;,&quot;title&quot;:&quot;&quot;,&quot;orientation&quot;:&quot;0&quot;}\" data-image-title=\"byron-ilias-lalaounis-jewelry\" data-image-description=\"\" data-medium-file=\"https:\/\/www.verba.lv\/wp-content\/uploads\/byron-ilias-lalaounis-jewelry-266x400.jpg\" data-large-file=\"https:\/\/www.verba.lv\/wp-content\/uploads\/byron-ilias-lalaounis-jewelry.jpg\" src=\"https:\/\/i0.wp.com\/www.verba.lv\/wp-content\/uploads\/byron-ilias-lalaounis-jewelry.jpg?w=151&#038;h=227&#038;ssl=1\" width=\"151\" height=\"227\" data-original-width=\"151\" data-original-height=\"227\" itemprop=\"http:\/\/schema.org\/image\" title=\"byron-ilias-lalaounis-jewelry\" alt=\"VERBA designer Anna Fanigina with curator from Ilias Lalaounis Jewelry Museum Byron Vafeiadis. Collection \u0395\u039b\u0395\u03a5\u0398\u0395\u03a1\u0399\u0391 (Eleutheria) \/ Freedom presentation event at Eleni Marneri Gallery in Athens, Greece.\" style=\"width: 151px; height: 227px;\" \/> <div class=\"tiled-gallery-caption\" itemprop=\"caption description\"> VERBA designer Anna Fanigina with curator from Ilias Lalaounis Jewelry Museum Byron Vafeiadis. Collection \u0395\u039b\u0395\u03a5\u0398\u0395\u03a1\u0399\u0391 (Eleutheria) \/ Freedom presentation event at Eleni Marneri Gallery in Athens, Greece. <\/div> <\/div> <\/div> <!-- close group --> <\/div> <!-- close row --> <div class=\"gallery-row\" style=\"width: 500px; height: 365px;\" data-original-width=\"500\" data-original-height=\"365\" > <div class=\"gallery-group images-1\" style=\"width: 244px; height: 365px;\" data-original-width=\"244\" data-original-height=\"365\" > <div class=\"tiled-gallery-item tiled-gallery-item-small\" itemprop=\"associatedMedia\" itemscope itemtype=\"http:\/\/schema.org\/ImageObject\"> <meta itemprop=\"width\" content=\"240\"> <meta itemprop=\"height\" content=\"361\"> <img data-attachment-id=\"10908\" data-orig-file=\"https:\/\/www.verba.lv\/wp-content\/uploads\/eleutheria-freedom.jpg\" data-orig-size=\"666,1000\" data-comments-opened=\"\" data-image-meta=\"{&quot;aperture&quot;:&quot;0&quot;,&quot;credit&quot;:&quot;&quot;,&quot;camera&quot;:&quot;&quot;,&quot;caption&quot;:&quot;&quot;,&quot;created_timestamp&quot;:&quot;0&quot;,&quot;copyright&quot;:&quot;&quot;,&quot;focal_length&quot;:&quot;0&quot;,&quot;iso&quot;:&quot;0&quot;,&quot;shutter_speed&quot;:&quot;0&quot;,&quot;title&quot;:&quot;&quot;,&quot;orientation&quot;:&quot;0&quot;}\" data-image-title=\"eleutheria-freedom\" data-image-description=\"\" data-medium-file=\"https:\/\/www.verba.lv\/wp-content\/uploads\/eleutheria-freedom-266x400.jpg\" data-large-file=\"https:\/\/www.verba.lv\/wp-content\/uploads\/eleutheria-freedom.jpg\" src=\"https:\/\/i0.wp.com\/www.verba.lv\/wp-content\/uploads\/eleutheria-freedom.jpg?w=240&#038;h=361&#038;ssl=1\" width=\"240\" height=\"361\" data-original-width=\"240\" data-original-height=\"361\" itemprop=\"http:\/\/schema.org\/image\" title=\"eleutheria-freedom\" alt=\"eleutheria-freedom\" style=\"width: 240px; height: 361px;\" \/> <div class=\"tiled-gallery-caption\" itemprop=\"caption description\"> Collection \u0395\u039b\u0395\u03a5\u0398\u0395\u03a1\u0399\u0391 (Eleutheria) \/ Freedom jewelry at the presentation event at ELENI MARNERI Gallery. <\/div> <\/div> <\/div> <!-- close group --> <div class=\"gallery-group images-2\" style=\"width: 256px; height: 365px;\" data-original-width=\"256\" data-original-height=\"365\" > <div class=\"tiled-gallery-item tiled-gallery-item-large\" itemprop=\"associatedMedia\" itemscope itemtype=\"http:\/\/schema.org\/ImageObject\"> <meta itemprop=\"width\" content=\"252\"> <meta itemprop=\"height\" content=\"168\"> <img data-attachment-id=\"10881\" data-orig-file=\"https:\/\/www.verba.lv\/wp-content\/uploads\/eleni-marneri-eleutheria-freedom.jpg\" data-orig-size=\"1000,666\" data-comments-opened=\"\" data-image-meta=\"{&quot;aperture&quot;:&quot;0&quot;,&quot;credit&quot;:&quot;&quot;,&quot;camera&quot;:&quot;&quot;,&quot;caption&quot;:&quot;&quot;,&quot;created_timestamp&quot;:&quot;0&quot;,&quot;copyright&quot;:&quot;&quot;,&quot;focal_length&quot;:&quot;0&quot;,&quot;iso&quot;:&quot;0&quot;,&quot;shutter_speed&quot;:&quot;0&quot;,&quot;title&quot;:&quot;&quot;,&quot;orientation&quot;:&quot;0&quot;}\" data-image-title=\"eleni-marneri-eleutheria-freedom\" data-image-description=\"\" data-medium-file=\"https:\/\/www.verba.lv\/wp-content\/uploads\/eleni-marneri-eleutheria-freedom-400x266.jpg\" data-large-file=\"https:\/\/www.verba.lv\/wp-content\/uploads\/eleni-marneri-eleutheria-freedom.jpg\" src=\"https:\/\/i0.wp.com\/www.verba.lv\/wp-content\/uploads\/eleni-marneri-eleutheria-freedom.jpg?w=252&#038;h=168&#038;ssl=1\" width=\"252\" height=\"168\" data-original-width=\"252\" data-original-height=\"168\" itemprop=\"http:\/\/schema.org\/image\" title=\"eleni-marneri-eleutheria-freedom\" alt=\"eleni-marneri-eleutheria-freedom\" style=\"width: 252px; height: 168px;\" \/> <div class=\"tiled-gallery-caption\" itemprop=\"caption description\"> Collection \u0395\u039b\u0395\u03a5\u0398\u0395\u03a1\u0399\u0391 (Eleutheria) \/ Freedom presentation event at Eleni Marneri Gallery in Athens, Greece. <\/div> <\/div> <div class=\"tiled-gallery-item tiled-gallery-item-large\" itemprop=\"associatedMedia\" itemscope itemtype=\"http:\/\/schema.org\/ImageObject\"> <meta itemprop=\"width\" content=\"252\"> <meta itemprop=\"height\" content=\"189\"> <img data-attachment-id=\"10905\" data-orig-file=\"https:\/\/www.verba.lv\/wp-content\/uploads\/eleutheria-freedom-eleni-marneri.jpg\" data-orig-size=\"1000,750\" data-comments-opened=\"\" data-image-meta=\"{&quot;aperture&quot;:&quot;0&quot;,&quot;credit&quot;:&quot;&quot;,&quot;camera&quot;:&quot;&quot;,&quot;caption&quot;:&quot;&quot;,&quot;created_timestamp&quot;:&quot;0&quot;,&quot;copyright&quot;:&quot;&quot;,&quot;focal_length&quot;:&quot;0&quot;,&quot;iso&quot;:&quot;0&quot;,&quot;shutter_speed&quot;:&quot;0&quot;,&quot;title&quot;:&quot;&quot;,&quot;orientation&quot;:&quot;0&quot;}\" data-image-title=\"eleutheria-freedom-eleni-marneri\" data-image-description=\"\" data-medium-file=\"https:\/\/www.verba.lv\/wp-content\/uploads\/eleutheria-freedom-eleni-marneri-400x300.jpg\" data-large-file=\"https:\/\/www.verba.lv\/wp-content\/uploads\/eleutheria-freedom-eleni-marneri.jpg\" src=\"https:\/\/i0.wp.com\/www.verba.lv\/wp-content\/uploads\/eleutheria-freedom-eleni-marneri.jpg?w=252&#038;h=189&#038;ssl=1\" width=\"252\" height=\"189\" data-original-width=\"252\" data-original-height=\"189\" itemprop=\"http:\/\/schema.org\/image\" title=\"eleutheria-freedom-eleni-marneri\" alt=\"eleutheria-freedom-eleni-marneri\" style=\"width: 252px; height: 189px;\" \/> <div class=\"tiled-gallery-caption\" itemprop=\"caption description\"> Mono earring from collection \u0395\u039b\u0395\u03a5\u0398\u0395\u03a1\u0399\u0391 (Eleutheria) \/ Freedom. <\/div> <\/div> <\/div> <!-- close group --> <\/div> <!-- close row --> <div class=\"gallery-row\" style=\"width: 500px; height: 346px;\" data-original-width=\"500\" data-original-height=\"346\" > <div class=\"gallery-group images-1\" style=\"width: 261px; height: 346px;\" data-original-width=\"261\" data-original-height=\"346\" > <div class=\"tiled-gallery-item tiled-gallery-item-large\" itemprop=\"associatedMedia\" itemscope itemtype=\"http:\/\/schema.org\/ImageObject\"> <meta itemprop=\"width\" content=\"257\"> <meta itemprop=\"height\" content=\"342\"> <img data-attachment-id=\"10917\" data-orig-file=\"https:\/\/www.verba.lv\/wp-content\/uploads\/fanigina-anna-eleutheria.jpg\" data-orig-size=\"750,1000\" data-comments-opened=\"\" data-image-meta=\"{&quot;aperture&quot;:&quot;0&quot;,&quot;credit&quot;:&quot;&quot;,&quot;camera&quot;:&quot;&quot;,&quot;caption&quot;:&quot;&quot;,&quot;created_timestamp&quot;:&quot;0&quot;,&quot;copyright&quot;:&quot;&quot;,&quot;focal_length&quot;:&quot;0&quot;,&quot;iso&quot;:&quot;0&quot;,&quot;shutter_speed&quot;:&quot;0&quot;,&quot;title&quot;:&quot;&quot;,&quot;orientation&quot;:&quot;0&quot;}\" data-image-title=\"fanigina-anna-eleutheria\" data-image-description=\"\" data-medium-file=\"https:\/\/www.verba.lv\/wp-content\/uploads\/fanigina-anna-eleutheria-300x400.jpg\" data-large-file=\"https:\/\/www.verba.lv\/wp-content\/uploads\/fanigina-anna-eleutheria.jpg\" src=\"https:\/\/i0.wp.com\/www.verba.lv\/wp-content\/uploads\/fanigina-anna-eleutheria.jpg?w=257&#038;h=342&#038;ssl=1\" width=\"257\" height=\"342\" data-original-width=\"257\" data-original-height=\"342\" itemprop=\"http:\/\/schema.org\/image\" title=\"fanigina-anna-eleutheria\" alt=\"fanigina-anna-eleutheria\" style=\"width: 257px; height: 342px;\" \/> <div class=\"tiled-gallery-caption\" itemprop=\"caption description\"> Mono earrings from collection <\/div> <\/div> <\/div> <!-- close group --> <div class=\"gallery-group images-1\" style=\"width: 239px; height: 346px;\" data-original-width=\"239\" data-original-height=\"346\" > <div class=\"tiled-gallery-item tiled-gallery-item-small\" itemprop=\"associatedMedia\" itemscope itemtype=\"http:\/\/schema.org\/ImageObject\"> <meta itemprop=\"width\" content=\"235\"> <meta itemprop=\"height\" content=\"342\"> <img data-attachment-id=\"10869\" data-orig-file=\"https:\/\/www.verba.lv\/wp-content\/uploads\/anna-fanigina-eleutheria.jpg\" data-orig-size=\"688,1000\" data-comments-opened=\"\" data-image-meta=\"{&quot;aperture&quot;:&quot;0&quot;,&quot;credit&quot;:&quot;&quot;,&quot;camera&quot;:&quot;&quot;,&quot;caption&quot;:&quot;&quot;,&quot;created_timestamp&quot;:&quot;0&quot;,&quot;copyright&quot;:&quot;&quot;,&quot;focal_length&quot;:&quot;0&quot;,&quot;iso&quot;:&quot;0&quot;,&quot;shutter_speed&quot;:&quot;0&quot;,&quot;title&quot;:&quot;&quot;,&quot;orientation&quot;:&quot;0&quot;}\" data-image-title=\"anna-fanigina-eleutheria\" data-image-description=\"\" data-medium-file=\"https:\/\/www.verba.lv\/wp-content\/uploads\/anna-fanigina-eleutheria-275x400.jpg\" data-large-file=\"https:\/\/www.verba.lv\/wp-content\/uploads\/anna-fanigina-eleutheria.jpg\" src=\"https:\/\/i0.wp.com\/www.verba.lv\/wp-content\/uploads\/anna-fanigina-eleutheria.jpg?w=235&#038;h=342&#038;ssl=1\" width=\"235\" height=\"342\" data-original-width=\"235\" data-original-height=\"342\" itemprop=\"http:\/\/schema.org\/image\" title=\"anna-fanigina-eleutheria\" alt=\"anna-fanigina-eleutheria\" style=\"width: 235px; height: 342px;\" \/> <div class=\"tiled-gallery-caption\" itemprop=\"caption description\"> Collection \u0395\u039b\u0395\u03a5\u0398\u0395\u03a1\u0399\u0391 (Eleutheria) \/ Freedom jewelry at the presentation event at ELENI MARNERI Gallery. <\/div> <\/div> <\/div> <!-- close group --> <\/div> <!-- close row --> <div class=\"gallery-row\" style=\"width: 500px; height: 231px;\" data-original-width=\"500\" data-original-height=\"231\" > <div class=\"gallery-group images-1\" style=\"width: 345px; height: 231px;\" data-original-width=\"345\" data-original-height=\"231\" > <div class=\"tiled-gallery-item tiled-gallery-item-large\" itemprop=\"associatedMedia\" itemscope itemtype=\"http:\/\/schema.org\/ImageObject\"> <meta itemprop=\"width\" content=\"341\"> <meta itemprop=\"height\" content=\"227\"> <img data-attachment-id=\"10890\" data-orig-file=\"https:\/\/www.verba.lv\/wp-content\/uploads\/eleutheria-anna-fanigina-verba.jpg\" data-orig-size=\"1000,666\" data-comments-opened=\"\" data-image-meta=\"{&quot;aperture&quot;:&quot;0&quot;,&quot;credit&quot;:&quot;&quot;,&quot;camera&quot;:&quot;&quot;,&quot;caption&quot;:&quot;&quot;,&quot;created_timestamp&quot;:&quot;0&quot;,&quot;copyright&quot;:&quot;&quot;,&quot;focal_length&quot;:&quot;0&quot;,&quot;iso&quot;:&quot;0&quot;,&quot;shutter_speed&quot;:&quot;0&quot;,&quot;title&quot;:&quot;&quot;,&quot;orientation&quot;:&quot;0&quot;}\" data-image-title=\"eleutheria-anna-fanigina-verba\" data-image-description=\"\" data-medium-file=\"https:\/\/www.verba.lv\/wp-content\/uploads\/eleutheria-anna-fanigina-verba-400x266.jpg\" data-large-file=\"https:\/\/www.verba.lv\/wp-content\/uploads\/eleutheria-anna-fanigina-verba.jpg\" src=\"https:\/\/i0.wp.com\/www.verba.lv\/wp-content\/uploads\/eleutheria-anna-fanigina-verba.jpg?w=341&#038;h=227&#038;ssl=1\" width=\"341\" height=\"227\" data-original-width=\"341\" data-original-height=\"227\" itemprop=\"http:\/\/schema.org\/image\" title=\"eleutheria-anna-fanigina-verba\" alt=\"eleutheria-anna-fanigina-verba\" style=\"width: 341px; height: 227px;\" \/> <div class=\"tiled-gallery-caption\" itemprop=\"caption description\"> Collection \u0395\u039b\u0395\u03a5\u0398\u0395\u03a1\u0399\u0391 (Eleutheria) \/ Freedom presentation event at Eleni Marneri Gallery in Athens, Greece. <\/div> <\/div> <\/div> <!-- close group --> <div class=\"gallery-group images-1\" style=\"width: 155px; height: 231px;\" data-original-width=\"155\" data-original-height=\"231\" > <div class=\"tiled-gallery-item tiled-gallery-item-small\" itemprop=\"associatedMedia\" itemscope itemtype=\"http:\/\/schema.org\/ImageObject\"> <meta itemprop=\"width\" content=\"151\"> <meta itemprop=\"height\" content=\"227\"> <img data-attachment-id=\"10929\" data-orig-file=\"https:\/\/www.verba.lv\/wp-content\/uploads\/verba-anna-fanigina-presentation.jpg\" data-orig-size=\"666,1000\" data-comments-opened=\"\" data-image-meta=\"{&quot;aperture&quot;:&quot;0&quot;,&quot;credit&quot;:&quot;&quot;,&quot;camera&quot;:&quot;&quot;,&quot;caption&quot;:&quot;&quot;,&quot;created_timestamp&quot;:&quot;0&quot;,&quot;copyright&quot;:&quot;&quot;,&quot;focal_length&quot;:&quot;0&quot;,&quot;iso&quot;:&quot;0&quot;,&quot;shutter_speed&quot;:&quot;0&quot;,&quot;title&quot;:&quot;&quot;,&quot;orientation&quot;:&quot;0&quot;}\" data-image-title=\"verba-anna-fanigina-presentation\" data-image-description=\"\" data-medium-file=\"https:\/\/www.verba.lv\/wp-content\/uploads\/verba-anna-fanigina-presentation-266x400.jpg\" data-large-file=\"https:\/\/www.verba.lv\/wp-content\/uploads\/verba-anna-fanigina-presentation.jpg\" src=\"https:\/\/i0.wp.com\/www.verba.lv\/wp-content\/uploads\/verba-anna-fanigina-presentation.jpg?w=151&#038;h=227&#038;ssl=1\" width=\"151\" height=\"227\" data-original-width=\"151\" data-original-height=\"227\" itemprop=\"http:\/\/schema.org\/image\" title=\"verba-anna-fanigina-presentation\" alt=\"verba-anna-fanigina-presentation\" style=\"width: 151px; height: 227px;\" \/> <div class=\"tiled-gallery-caption\" itemprop=\"caption description\"> Collection \u0395\u039b\u0395\u03a5\u0398\u0395\u03a1\u0399\u0391 (Eleutheria) \/ Freedom presentation event at Eleni Marneri Gallery in Athens, Greece. <\/div> <\/div> <\/div> <!-- close group --> <\/div> <!-- close row --> <div class=\"gallery-row\" style=\"width: 500px; height: 250px;\" data-original-width=\"500\" data-original-height=\"250\" > <div class=\"gallery-group images-1\" style=\"width: 332px; height: 250px;\" data-original-width=\"332\" data-original-height=\"250\" > <div class=\"tiled-gallery-item tiled-gallery-item-large\" itemprop=\"associatedMedia\" itemscope itemtype=\"http:\/\/schema.org\/ImageObject\"> <meta itemprop=\"width\" content=\"328\"> <meta itemprop=\"height\" content=\"246\"> <img data-attachment-id=\"10622\" data-orig-file=\"https:\/\/www.verba.lv\/wp-content\/uploads\/vellamo-kotka-anna-fanigina-verba-2022.jpg\" data-orig-size=\"1000,750\" data-comments-opened=\"\" data-image-meta=\"{&quot;aperture&quot;:&quot;0&quot;,&quot;credit&quot;:&quot;&quot;,&quot;camera&quot;:&quot;&quot;,&quot;caption&quot;:&quot;&quot;,&quot;created_timestamp&quot;:&quot;0&quot;,&quot;copyright&quot;:&quot;&quot;,&quot;focal_length&quot;:&quot;0&quot;,&quot;iso&quot;:&quot;0&quot;,&quot;shutter_speed&quot;:&quot;0&quot;,&quot;title&quot;:&quot;&quot;,&quot;orientation&quot;:&quot;0&quot;}\" data-image-title=\"vellamo-kotka-anna-fanigina-verba-2022\" data-image-description=\"\" data-medium-file=\"https:\/\/www.verba.lv\/wp-content\/uploads\/vellamo-kotka-anna-fanigina-verba-2022-400x300.jpg\" data-large-file=\"https:\/\/www.verba.lv\/wp-content\/uploads\/vellamo-kotka-anna-fanigina-verba-2022.jpg\" src=\"https:\/\/i0.wp.com\/www.verba.lv\/wp-content\/uploads\/vellamo-kotka-anna-fanigina-verba-2022.jpg?w=328&#038;h=246&#038;ssl=1\" width=\"328\" height=\"246\" data-original-width=\"328\" data-original-height=\"246\" itemprop=\"http:\/\/schema.org\/image\" title=\"vellamo-kotka-anna-fanigina-verba-2022\" alt=\"vellamo-kotka-anna-fanigina-verba-2022\" style=\"width: 328px; height: 246px;\" \/> <div class=\"tiled-gallery-caption\" itemprop=\"caption description\"> Maritime Centre Vellamo, Kotka, Finland <\/div> <\/div> <\/div> <!-- close group --> <div class=\"gallery-group images-1\" style=\"width: 168px; height: 250px;\" data-original-width=\"168\" data-original-height=\"250\" > <div class=\"tiled-gallery-item tiled-gallery-item-small\" itemprop=\"associatedMedia\" itemscope itemtype=\"http:\/\/schema.org\/ImageObject\"> <meta itemprop=\"width\" content=\"164\"> <meta itemprop=\"height\" content=\"246\"> <img data-attachment-id=\"10625\" data-orig-file=\"https:\/\/www.verba.lv\/wp-content\/uploads\/anna-fanigina-kotka-henrick-kuhlmann-vellamo-kotka.jpg\" data-orig-size=\"667,1000\" data-comments-opened=\"\" data-image-meta=\"{&quot;aperture&quot;:&quot;0&quot;,&quot;credit&quot;:&quot;&quot;,&quot;camera&quot;:&quot;&quot;,&quot;caption&quot;:&quot;&quot;,&quot;created_timestamp&quot;:&quot;0&quot;,&quot;copyright&quot;:&quot;&quot;,&quot;focal_length&quot;:&quot;0&quot;,&quot;iso&quot;:&quot;0&quot;,&quot;shutter_speed&quot;:&quot;0&quot;,&quot;title&quot;:&quot;&quot;,&quot;orientation&quot;:&quot;0&quot;}\" data-image-title=\"anna-fanigina-kotka-henrick-kuhlmann-vellamo-kotka\" data-image-description=\"\" data-medium-file=\"https:\/\/www.verba.lv\/wp-content\/uploads\/anna-fanigina-kotka-henrick-kuhlmann-vellamo-kotka-267x400.jpg\" data-large-file=\"https:\/\/www.verba.lv\/wp-content\/uploads\/anna-fanigina-kotka-henrick-kuhlmann-vellamo-kotka.jpg\" src=\"https:\/\/i0.wp.com\/www.verba.lv\/wp-content\/uploads\/anna-fanigina-kotka-henrick-kuhlmann-vellamo-kotka.jpg?w=164&#038;h=246&#038;ssl=1\" width=\"164\" height=\"246\" data-original-width=\"164\" data-original-height=\"246\" itemprop=\"http:\/\/schema.org\/image\" title=\"anna-fanigina-kotka-henrick-kuhlmann-vellamo-kotka\" alt=\"anna-fanigina-kotka-henrick-kuhlmann-vellamo-kotka\" style=\"width: 164px; height: 246px;\" \/> <div class=\"tiled-gallery-caption\" itemprop=\"caption description\"> VERBA designer Anna Fanigina and Henrik Kihlman <\/div> <\/div> <\/div> <!-- close group --> <\/div> <!-- close row --> <div class=\"gallery-row\" style=\"width: 500px; height: 426px;\" data-original-width=\"500\" data-original-height=\"426\" > <div class=\"gallery-group images-1\" style=\"width: 320px; height: 426px;\" data-original-width=\"320\" data-original-height=\"426\" > <div class=\"tiled-gallery-item tiled-gallery-item-large\" itemprop=\"associatedMedia\" itemscope itemtype=\"http:\/\/schema.org\/ImageObject\"> <meta itemprop=\"width\" content=\"316\"> <meta itemprop=\"height\" content=\"422\"> <img data-attachment-id=\"10628\" data-orig-file=\"https:\/\/www.verba.lv\/wp-content\/uploads\/Anna-Kotka-verba-vellamo.jpg\" data-orig-size=\"750,1000\" data-comments-opened=\"\" data-image-meta=\"{&quot;aperture&quot;:&quot;0&quot;,&quot;credit&quot;:&quot;&quot;,&quot;camera&quot;:&quot;&quot;,&quot;caption&quot;:&quot;&quot;,&quot;created_timestamp&quot;:&quot;0&quot;,&quot;copyright&quot;:&quot;&quot;,&quot;focal_length&quot;:&quot;0&quot;,&quot;iso&quot;:&quot;0&quot;,&quot;shutter_speed&quot;:&quot;0&quot;,&quot;title&quot;:&quot;&quot;,&quot;orientation&quot;:&quot;0&quot;}\" data-image-title=\"Anna-Kotka-verba-vellamo\" data-image-description=\"\" data-medium-file=\"https:\/\/www.verba.lv\/wp-content\/uploads\/Anna-Kotka-verba-vellamo-300x400.jpg\" data-large-file=\"https:\/\/www.verba.lv\/wp-content\/uploads\/Anna-Kotka-verba-vellamo.jpg\" src=\"https:\/\/i0.wp.com\/www.verba.lv\/wp-content\/uploads\/Anna-Kotka-verba-vellamo.jpg?w=316&#038;h=422&#038;ssl=1\" width=\"316\" height=\"422\" data-original-width=\"316\" data-original-height=\"422\" itemprop=\"http:\/\/schema.org\/image\" title=\"Anna-Kotka-verba-vellamo\" alt=\"Anna-Kotka-verba-vellamo\" style=\"width: 316px; height: 422px;\" \/> <div class=\"tiled-gallery-caption\" itemprop=\"caption description\"> VERBA designer Anna Fanigina <\/div> <\/div> <\/div> <!-- close group --> <div class=\"gallery-group images-3\" style=\"width: 180px; height: 426px;\" data-original-width=\"180\" data-original-height=\"426\" > <div class=\"tiled-gallery-item tiled-gallery-item-small\" itemprop=\"associatedMedia\" itemscope itemtype=\"http:\/\/schema.org\/ImageObject\"> <meta itemprop=\"width\" content=\"176\"> <meta itemprop=\"height\" content=\"132\"> <img data-attachment-id=\"10631\" data-orig-file=\"https:\/\/www.verba.lv\/wp-content\/uploads\/anna-verba-fanigina-kotka-vellamo.jpg\" data-orig-size=\"1000,750\" data-comments-opened=\"\" data-image-meta=\"{&quot;aperture&quot;:&quot;0&quot;,&quot;credit&quot;:&quot;&quot;,&quot;camera&quot;:&quot;&quot;,&quot;caption&quot;:&quot;&quot;,&quot;created_timestamp&quot;:&quot;0&quot;,&quot;copyright&quot;:&quot;&quot;,&quot;focal_length&quot;:&quot;0&quot;,&quot;iso&quot;:&quot;0&quot;,&quot;shutter_speed&quot;:&quot;0&quot;,&quot;title&quot;:&quot;&quot;,&quot;orientation&quot;:&quot;0&quot;}\" data-image-title=\"anna-verba-fanigina-kotka-vellamo\" data-image-description=\"\" data-medium-file=\"https:\/\/www.verba.lv\/wp-content\/uploads\/anna-verba-fanigina-kotka-vellamo-400x300.jpg\" data-large-file=\"https:\/\/www.verba.lv\/wp-content\/uploads\/anna-verba-fanigina-kotka-vellamo.jpg\" src=\"https:\/\/i0.wp.com\/www.verba.lv\/wp-content\/uploads\/anna-verba-fanigina-kotka-vellamo.jpg?w=176&#038;h=132&#038;ssl=1\" width=\"176\" height=\"132\" data-original-width=\"176\" data-original-height=\"132\" itemprop=\"http:\/\/schema.org\/image\" title=\"anna-verba-fanigina-kotka-vellamo\" alt=\"anna-verba-fanigina-kotka-vellamo\" style=\"width: 176px; height: 132px;\" \/> <div class=\"tiled-gallery-caption\" itemprop=\"caption description\"> Exhibition &#8220;Message from the sea&#8221; at the Maritime Centre Vellamo, Kotka, Finland <\/div> <\/div> <div class=\"tiled-gallery-item tiled-gallery-item-small\" itemprop=\"associatedMedia\" itemscope itemtype=\"http:\/\/schema.org\/ImageObject\"> <meta itemprop=\"width\" content=\"176\"> <meta itemprop=\"height\" content=\"112\"> <img data-attachment-id=\"10646\" data-orig-file=\"https:\/\/www.verba.lv\/wp-content\/uploads\/vellamo-kotka-anna-fanigina-verba.jpg\" data-orig-size=\"1000,637\" data-comments-opened=\"\" data-image-meta=\"{&quot;aperture&quot;:&quot;0&quot;,&quot;credit&quot;:&quot;&quot;,&quot;camera&quot;:&quot;&quot;,&quot;caption&quot;:&quot;&quot;,&quot;created_timestamp&quot;:&quot;0&quot;,&quot;copyright&quot;:&quot;&quot;,&quot;focal_length&quot;:&quot;0&quot;,&quot;iso&quot;:&quot;0&quot;,&quot;shutter_speed&quot;:&quot;0&quot;,&quot;title&quot;:&quot;&quot;,&quot;orientation&quot;:&quot;0&quot;}\" data-image-title=\"vellamo-kotka-anna-fanigina-verba\" data-image-description=\"\" data-medium-file=\"https:\/\/www.verba.lv\/wp-content\/uploads\/vellamo-kotka-anna-fanigina-verba-400x255.jpg\" data-large-file=\"https:\/\/www.verba.lv\/wp-content\/uploads\/vellamo-kotka-anna-fanigina-verba.jpg\" src=\"https:\/\/i0.wp.com\/www.verba.lv\/wp-content\/uploads\/vellamo-kotka-anna-fanigina-verba.jpg?w=176&#038;h=112&#038;ssl=1\" width=\"176\" height=\"112\" data-original-width=\"176\" data-original-height=\"112\" itemprop=\"http:\/\/schema.org\/image\" title=\"vellamo-kotka-anna-fanigina-verba\" alt=\"vellamo-kotka-anna-fanigina-verba\" style=\"width: 176px; height: 112px;\" \/> <div class=\"tiled-gallery-caption\" itemprop=\"caption description\"> Maritime Centre Vellamo, Kotka, Finland <\/div> <\/div> <div class=\"tiled-gallery-item tiled-gallery-item-small\" itemprop=\"associatedMedia\" itemscope itemtype=\"http:\/\/schema.org\/ImageObject\"> <meta itemprop=\"width\" content=\"176\"> <meta itemprop=\"height\" content=\"170\"> <img data-attachment-id=\"10649\" data-orig-file=\"https:\/\/www.verba.lv\/wp-content\/uploads\/verba-anna-fanigina-kotka.jpg\" data-orig-size=\"1000,966\" data-comments-opened=\"\" data-image-meta=\"{&quot;aperture&quot;:&quot;0&quot;,&quot;credit&quot;:&quot;&quot;,&quot;camera&quot;:&quot;&quot;,&quot;caption&quot;:&quot;&quot;,&quot;created_timestamp&quot;:&quot;0&quot;,&quot;copyright&quot;:&quot;&quot;,&quot;focal_length&quot;:&quot;0&quot;,&quot;iso&quot;:&quot;0&quot;,&quot;shutter_speed&quot;:&quot;0&quot;,&quot;title&quot;:&quot;&quot;,&quot;orientation&quot;:&quot;0&quot;}\" data-image-title=\"verba-anna-fanigina-kotka\" data-image-description=\"\" data-medium-file=\"https:\/\/www.verba.lv\/wp-content\/uploads\/verba-anna-fanigina-kotka-400x386.jpg\" data-large-file=\"https:\/\/www.verba.lv\/wp-content\/uploads\/verba-anna-fanigina-kotka.jpg\" src=\"https:\/\/i0.wp.com\/www.verba.lv\/wp-content\/uploads\/verba-anna-fanigina-kotka.jpg?w=176&#038;h=170&#038;ssl=1\" width=\"176\" height=\"170\" data-original-width=\"176\" data-original-height=\"170\" itemprop=\"http:\/\/schema.org\/image\" title=\"verba-anna-fanigina-kotka\" alt=\"verba-anna-fanigina-kotka\" style=\"width: 176px; height: 170px;\" \/> <div class=\"tiled-gallery-caption\" itemprop=\"caption description\"> Exhibition &#8220;Message from the sea&#8221; paricipants at the Maritime Centre Vellamo, Kotka, Finland <\/div> <\/div> <\/div> <!-- close group --> <\/div> <!-- close row --> <\/div>\n","protected":false},"excerpt":{"rendered":"<p>\u0395\u039b\u0395\u03a5\u0398\u0395\u03a1\u0399\u0391 2022-2023 Kolekcijas \u0395\u039b\u0395\u03a5\u0398\u0395\u03a1\u0399\u0391 \/ &#8220;Br\u012bv\u012bba&#8221;\u00a0pamat\u0101 ir sp\u0113les un spontanit\u0101tes ideja, kas cie\u0161i saist\u012bta ar br\u012bv\u012bbas j\u0113dzienu. Rotas k\u0101 pasaules oke\u0101na krast\u0101 izskaloti caursp\u012bd\u012bgi akme\u0146i un \u016bdens nopul\u0113ti stikli, kur katrs nes v\u0113st\u012bjumu, savu slepeno \u201c\u016bdens z\u012bmi\u201d, ar seno autoru cit\u0101tiem, kas atg\u0101dina par br\u012bv\u012bbu, augstu lidojumu, nez\u016bdo\u0161u gaismu. Saska\u0146\u0101 ar vienu no versij\u0101m, sengrie\u0137u [&hellip;]<\/p>\n","protected":false},"author":4,"featured_media":0,"parent":0,"menu_order":0,"comment_status":"closed","ping_status":"closed","template":"","meta":{"jetpack_post_was_ever_published":false},"aioseo_notices":[],"jetpack_shortlink":"https:\/\/wp.me\/P41l5H-2LT","jetpack_sharing_enabled":true,"jetpack_likes_enabled":true,"_links":{"self":[{"href":"https:\/\/www.verba.lv\/lv\/wp-json\/wp\/v2\/pages\/10657"}],"collection":[{"href":"https:\/\/www.verba.lv\/lv\/wp-json\/wp\/v2\/pages"}],"about":[{"href":"https:\/\/www.verba.lv\/lv\/wp-json\/wp\/v2\/types\/page"}],"author":[{"embeddable":true,"href":"https:\/\/www.verba.lv\/lv\/wp-json\/wp\/v2\/users\/4"}],"replies":[{"embeddable":true,"href":"https:\/\/www.verba.lv\/lv\/wp-json\/wp\/v2\/comments?post=10657"}],"version-history":[{"count":18,"href":"https:\/\/www.verba.lv\/lv\/wp-json\/wp\/v2\/pages\/10657\/revisions"}],"predecessor-version":[{"id":12430,"href":"https:\/\/www.verba.lv\/lv\/wp-json\/wp\/v2\/pages\/10657\/revisions\/12430"}],"wp:attachment":[{"href":"https:\/\/www.verba.lv\/lv\/wp-json\/wp\/v2\/media?parent=10657"}],"curies":[{"name":"wp","href":"https:\/\/api.w.org\/{rel}","templated":true}]}}