{"id":6700,"date":"2020-02-07T13:32:35","date_gmt":"2020-02-07T13:32:35","guid":{"rendered":"https:\/\/www.verba.lv\/%ce%bc%ce%b5%ce%bb%ce%b1%ce%b9%ce%bd%e1%bf%b6%ce%bd-%ce%bd%ce%b5%e1%bf%b6%ce%bd-%ce%ba%ce%b1%cf%84%ce%ac%ce%bb%ce%bf%ce%b3%ce%bf%cf%82-the-catalogue-of-black-ships-2020\/"},"modified":"2023-07-17T14:59:31","modified_gmt":"2023-07-17T14:59:31","slug":"%ce%bc%ce%b5%ce%bb%ce%b1%ce%b9%ce%bd%e1%bf%b6%ce%bd-%ce%bd%ce%b5%e1%bf%b6%ce%bd-%ce%ba%ce%b1%cf%84%ce%ac%ce%bb%ce%bf%ce%b3%ce%bf%cf%82-melno-kugu-saraksts-2020","status":"publish","type":"page","link":"https:\/\/www.verba.lv\/lv\/%ce%bc%ce%b5%ce%bb%ce%b1%ce%b9%ce%bd%e1%bf%b6%ce%bd-%ce%bd%ce%b5%e1%bf%b6%ce%bd-%ce%ba%ce%b1%cf%84%ce%ac%ce%bb%ce%bf%ce%b3%ce%bf%cf%82-melno-kugu-saraksts-2020\/","title":{"rendered":"\u03bc\u03b5\u03bb\u03b1\u03b9\u03bd\u1ff6\u03bd \u03bd\u03b5\u1ff6\u03bd \u03ba\u03b1\u03c4\u03ac\u03bb\u03bf\u03b3\u03bf\u03c2 (\u201cMelno ku\u0123u saraksts\u201d) 2020"},"content":{"rendered":"<p style=\"text-align: center;\"><strong>\u03bc\u03b5\u03bb\u03b1\u03b9\u03bd\u1ff6\u03bd \u03bd\u03b5\u1ff6\u03bd \u03ba\u03b1\u03c4\u03ac\u03bb\u03bf\u03b3\u03bf\u03c2<\/strong><\/p>\n<p style=\"text-align: justify;\">Dizaineres Annas Faniginas bro\u0161u kolekcija \u03bc\u03b5\u03bb\u03b1\u03b9\u03bd\u1ff6\u03bd \u03bd\u03b5\u1ff6\u03bd \u03ba\u03b1\u03c4\u03ac\u03bb\u03bf\u03b3\u03bf\u03c2 (\u201c<strong>Melno ku\u0123u saraksts\u201d<\/strong> sengrie\u0137u valod\u0101) tika rad\u012bta speci\u0101li projektam GOODWOOD. T\u0101 jaun\u0101k\u0101 izst\u0101de tiks atkl\u0101ta Sanktp\u0113terburg\u0101 7.febru\u0101r\u012b galerij\u0101 &#8220;\u0410\u043c\u0431\u0430\u0440 \u0411\u0443\u0440\u0436\u0443\u0430&#8221;. \u0160eit nav nejau\u0161u l\u012bniju \u2014\u00a0\u00a0aiz katra izliekuma ir matem\u0101tiska formula, katr\u0101 l\u012bkn\u0113 ergonomikas un \u016bdens kust\u012bbas likumi. Koka fragmenti, kas tiek izmantoti rot\u0101s, ir ku\u0123u b\u016bv\u0113tav\u0101 \u012bpa\u0161i atlas\u012bti c\u0113lkoku atgriezumi (goba, \u0137irsis, klin\u0161u ozols), ko izmanto gondolu b\u016bvniec\u012bb\u0101 Ven\u0113cij\u0101. Katr\u0101 no t\u0101m, k\u0101 maz\u0101 \u016bdens l\u0101s\u0113, atspogu\u013cojas \u0123eometrija un \u0161o laivu elegance. Kolekcijas nosaukums ir atsauce uz Hom\u0113ra eposa \u2018\u2019Ili\u0101da\u2019\u2019 otru da\u013cu. Hom\u0113ra darvotie ku\u0123i bija melni, un melnas joproj\u0101m ir Ven\u0113cijas gondolas. Koku papildina sarkans organiskais stikls un zili akvamar\u012bni \u2014 viens no izteiksm\u012bg\u0101kajiem un dizaineres m\u012b\u013c\u0101kajiem kr\u0101su kontrastiem, ko var paman\u012bt Ven\u0113cijas laivu rega\u0161u laik\u0101. \u0160\u012b kolekcija sav\u0101 zi\u0146\u0101 ir simbolisks Ven\u0113cijas sveiciens &#8220;Zieme\u013cu Ven\u0113cijai&#8221; \u2014 Sanktp\u0113terburgai, jo dizaineres \u0123eogr\u0101fisk\u0101 p\u0101rvieto\u0161an\u0101s bie\u017ei ir tie\u0161i uz ass starp \u0161\u012bm div\u0101m pils\u0113t\u0101m. Un v\u0113l, t\u0101 ir turpin\u0101jums \u016bdens un kust\u012bbas t\u0113mas izp\u0113tei, \u0161oreiz ar koka pal\u012bdz\u012bbu.<\/p>\n<p>\u0160\u012b ce\u013cojo\u0161\u0101 izst\u0101de, kas notiek starptautisk\u0101 projekta GOODWOOD ietvaros, jau tikusi izst\u0101d\u012bta Sanktp\u0113terburg\u0101, galerij\u0101 &#8221;Ambar Bourjois&#8221;. 2021.gada septembr\u012b t\u0101 ce\u013cos un Ka\u013ci\u0146ingradas dzintara muzeju un v\u0113l\u0101k tai pa\u0161\u0101 gad\u0101 ar\u012b uz Maskavu.<\/p>\n<p>Izst\u0101des:<br \/>\n2021.gada 10.novembris l\u012bdz 2022.gada 27.marts, muzejs-mui\u017ea &#8220;Caricino&#8221;, Maskava, Krievija<br \/>\n2021.gada 10.septembris l\u012bdz 24.oktobris, Dzintara Muzejs, Ka\u013ci\u0146ingrada, Krievija<br \/>\n2020.gada 8.febru\u0101ris l\u012bdz 8.marts, galerija &#8220;Ambar Burzhua&#8221;, Sankt-P\u0113terburga, \u041arievija<\/p>\n<p>&nbsp;<\/p>\n<div class=\"tiled-gallery type-rectangular tiled-gallery-unresized\" data-original-width=\"500\" data-carousel-extra='{&quot;blog_id&quot;:1,&quot;permalink&quot;:&quot;https:\\\/\\\/www.verba.lv\\\/lv\\\/%ce%bc%ce%b5%ce%bb%ce%b1%ce%b9%ce%bd%e1%bf%b6%ce%bd-%ce%bd%ce%b5%e1%bf%b6%ce%bd-%ce%ba%ce%b1%cf%84%ce%ac%ce%bb%ce%bf%ce%b3%ce%bf%cf%82-melno-kugu-saraksts-2020\\\/&quot;,&quot;likes_blog_id&quot;:59424749}' itemscope itemtype=\"http:\/\/schema.org\/ImageGallery\" > <div class=\"gallery-row\" style=\"width: 500px; height: 224px;\" data-original-width=\"500\" data-original-height=\"224\" > <div class=\"gallery-group images-1\" style=\"width: 334px; height: 224px;\" data-original-width=\"334\" data-original-height=\"224\" > <div class=\"tiled-gallery-item tiled-gallery-item-large\" itemprop=\"associatedMedia\" itemscope itemtype=\"http:\/\/schema.org\/ImageObject\"> <meta itemprop=\"width\" content=\"330\"> <meta itemprop=\"height\" content=\"220\"> <img data-attachment-id=\"6428\" data-orig-file=\"https:\/\/www.verba.lv\/wp-content\/uploads\/verba-goodwood-gondola-wooden-brooch3.jpg\" data-orig-size=\"1000,667\" data-comments-opened=\"\" data-image-meta=\"{&quot;aperture&quot;:&quot;5.6&quot;,&quot;credit&quot;:&quot;Vladimir Svetlov&quot;,&quot;camera&quot;:&quot;Canon EOS 5D Mark III&quot;,&quot;caption&quot;:&quot;&quot;,&quot;created_timestamp&quot;:&quot;1579822452&quot;,&quot;copyright&quot;:&quot;&quot;,&quot;focal_length&quot;:&quot;100&quot;,&quot;iso&quot;:&quot;125&quot;,&quot;shutter_speed&quot;:&quot;0.00625&quot;,&quot;title&quot;:&quot;&quot;,&quot;orientation&quot;:&quot;1&quot;}\" data-image-title=\"\" data-image-description=\"\" data-medium-file=\"https:\/\/www.verba.lv\/wp-content\/uploads\/verba-goodwood-gondola-wooden-brooch3-400x267.jpg\" data-large-file=\"https:\/\/www.verba.lv\/wp-content\/uploads\/verba-goodwood-gondola-wooden-brooch3.jpg\" src=\"https:\/\/i0.wp.com\/www.verba.lv\/wp-content\/uploads\/verba-goodwood-gondola-wooden-brooch3.jpg?w=330&#038;h=220&#038;ssl=1\" width=\"330\" height=\"220\" data-original-width=\"330\" data-original-height=\"220\" itemprop=\"http:\/\/schema.org\/image\" title=\"\" alt=\"verba-goodwood-gondola-wooden-brooch\" style=\"width: 330px; height: 220px;\" \/> <div class=\"tiled-gallery-caption\" itemprop=\"caption description\"> Brooch Nr 1 from \u201cThe Catalogue of Black Ships\u201d (cherry tree, sterling silver, plexiglass, aquamarine) <\/div> <\/div> <\/div> <!-- close group --> <div class=\"gallery-group images-2\" style=\"width: 166px; height: 224px;\" data-original-width=\"166\" data-original-height=\"224\" > <div class=\"tiled-gallery-item tiled-gallery-item-small\" itemprop=\"associatedMedia\" itemscope itemtype=\"http:\/\/schema.org\/ImageObject\"> <meta itemprop=\"width\" content=\"162\"> <meta itemprop=\"height\" content=\"108\"> <img data-attachment-id=\"6426\" data-orig-file=\"https:\/\/www.verba.lv\/wp-content\/uploads\/verba-goodwood-gondola-wooden-brooch2.jpg\" data-orig-size=\"1000,667\" data-comments-opened=\"\" data-image-meta=\"{&quot;aperture&quot;:&quot;0&quot;,&quot;credit&quot;:&quot;Vladimir Svetlov&quot;,&quot;camera&quot;:&quot;&quot;,&quot;caption&quot;:&quot;&quot;,&quot;created_timestamp&quot;:&quot;0&quot;,&quot;copyright&quot;:&quot;&quot;,&quot;focal_length&quot;:&quot;0&quot;,&quot;iso&quot;:&quot;0&quot;,&quot;shutter_speed&quot;:&quot;0&quot;,&quot;title&quot;:&quot;&quot;,&quot;orientation&quot;:&quot;0&quot;}\" data-image-title=\"\" data-image-description=\"\" data-medium-file=\"https:\/\/www.verba.lv\/wp-content\/uploads\/verba-goodwood-gondola-wooden-brooch2-400x267.jpg\" data-large-file=\"https:\/\/www.verba.lv\/wp-content\/uploads\/verba-goodwood-gondola-wooden-brooch2.jpg\" src=\"https:\/\/i0.wp.com\/www.verba.lv\/wp-content\/uploads\/verba-goodwood-gondola-wooden-brooch2.jpg?w=162&#038;h=108&#038;ssl=1\" width=\"162\" height=\"108\" data-original-width=\"162\" data-original-height=\"108\" itemprop=\"http:\/\/schema.org\/image\" title=\"\" alt=\"verba-goodwood-gondola-wooden-brooch\" style=\"width: 162px; height: 108px;\" \/> <div class=\"tiled-gallery-caption\" itemprop=\"caption description\"> Brooch Nr 2 from \u201cThe Catalogue of Black Ships\u201d (oak, sterling silver, plexiglass, aquamarine) <\/div> <\/div> <div class=\"tiled-gallery-item tiled-gallery-item-small\" itemprop=\"associatedMedia\" itemscope itemtype=\"http:\/\/schema.org\/ImageObject\"> <meta itemprop=\"width\" content=\"162\"> <meta itemprop=\"height\" content=\"108\"> <img data-attachment-id=\"6424\" data-orig-file=\"https:\/\/www.verba.lv\/wp-content\/uploads\/verba-goodwood-gondola-wooden-brooch1.jpg\" data-orig-size=\"1000,667\" data-comments-opened=\"\" data-image-meta=\"{&quot;aperture&quot;:&quot;0&quot;,&quot;credit&quot;:&quot;Vladimir Svetlov&quot;,&quot;camera&quot;:&quot;&quot;,&quot;caption&quot;:&quot;&quot;,&quot;created_timestamp&quot;:&quot;0&quot;,&quot;copyright&quot;:&quot;&quot;,&quot;focal_length&quot;:&quot;0&quot;,&quot;iso&quot;:&quot;0&quot;,&quot;shutter_speed&quot;:&quot;0&quot;,&quot;title&quot;:&quot;&quot;,&quot;orientation&quot;:&quot;0&quot;}\" data-image-title=\"\" data-image-description=\"\" data-medium-file=\"https:\/\/www.verba.lv\/wp-content\/uploads\/verba-goodwood-gondola-wooden-brooch1-400x267.jpg\" data-large-file=\"https:\/\/www.verba.lv\/wp-content\/uploads\/verba-goodwood-gondola-wooden-brooch1.jpg\" src=\"https:\/\/i0.wp.com\/www.verba.lv\/wp-content\/uploads\/verba-goodwood-gondola-wooden-brooch1.jpg?w=162&#038;h=108&#038;ssl=1\" width=\"162\" height=\"108\" data-original-width=\"162\" data-original-height=\"108\" itemprop=\"http:\/\/schema.org\/image\" title=\"\" alt=\"verba-goodwood-gondola-wooden-brooch\" style=\"width: 162px; height: 108px;\" \/> <div class=\"tiled-gallery-caption\" itemprop=\"caption description\"> Brooch Nr 3 from \u201cThe Catalogue of Black Ships\u201d (elm, sterling silver, plexiglass, aquamarine) <\/div> <\/div> <\/div> <!-- close group --> <\/div> <!-- close row --> <div class=\"gallery-row\" style=\"width: 500px; height: 186px;\" data-original-width=\"500\" data-original-height=\"186\" > <div class=\"gallery-group images-1\" style=\"width: 277px; height: 186px;\" data-original-width=\"277\" data-original-height=\"186\" > <div class=\"tiled-gallery-item tiled-gallery-item-large\" itemprop=\"associatedMedia\" itemscope itemtype=\"http:\/\/schema.org\/ImageObject\"> <meta itemprop=\"width\" content=\"273\"> <meta itemprop=\"height\" content=\"182\"> <img data-attachment-id=\"9023\" data-orig-file=\"https:\/\/www.verba.lv\/wp-content\/uploads\/goodwood-exhibition-anna-fanigina-brooch-ships.jpg\" data-orig-size=\"1000,666\" data-comments-opened=\"\" data-image-meta=\"{&quot;aperture&quot;:&quot;0&quot;,&quot;credit&quot;:&quot;&quot;,&quot;camera&quot;:&quot;&quot;,&quot;caption&quot;:&quot;&quot;,&quot;created_timestamp&quot;:&quot;0&quot;,&quot;copyright&quot;:&quot;&quot;,&quot;focal_length&quot;:&quot;0&quot;,&quot;iso&quot;:&quot;0&quot;,&quot;shutter_speed&quot;:&quot;0&quot;,&quot;title&quot;:&quot;&quot;,&quot;orientation&quot;:&quot;0&quot;}\" data-image-title=\"\" data-image-description=\"\" data-medium-file=\"https:\/\/www.verba.lv\/wp-content\/uploads\/goodwood-exhibition-anna-fanigina-brooch-ships-400x266.jpg\" data-large-file=\"https:\/\/www.verba.lv\/wp-content\/uploads\/goodwood-exhibition-anna-fanigina-brooch-ships.jpg\" src=\"https:\/\/i0.wp.com\/www.verba.lv\/wp-content\/uploads\/goodwood-exhibition-anna-fanigina-brooch-ships.jpg?w=273&#038;h=182&#038;ssl=1\" width=\"273\" height=\"182\" data-original-width=\"273\" data-original-height=\"182\" itemprop=\"http:\/\/schema.org\/image\" title=\"\" alt=\"goodwood-exhibition-anna-fanigina-brooch-ships\" style=\"width: 273px; height: 182px;\" \/> <div class=\"tiled-gallery-caption\" itemprop=\"caption description\"> Brooch Nr 4 from \u201cThe Catalogue of Black Ships\u201d (oak, sterling silver, plexiglass, aquamarine) <\/div> <\/div> <\/div> <!-- close group --> <div class=\"gallery-group images-1\" style=\"width: 223px; height: 186px;\" data-original-width=\"223\" data-original-height=\"186\" > <div class=\"tiled-gallery-item tiled-gallery-item-small\" itemprop=\"associatedMedia\" itemscope itemtype=\"http:\/\/schema.org\/ImageObject\"> <meta itemprop=\"width\" content=\"219\"> <meta itemprop=\"height\" content=\"182\"> <img data-attachment-id=\"8902\" data-orig-file=\"https:\/\/www.verba.lv\/wp-content\/uploads\/goodwood-exhibition-amber-museum-anna-fanigina.gif\" data-orig-size=\"1000,831\" data-comments-opened=\"\" data-image-meta=\"{&quot;aperture&quot;:&quot;0&quot;,&quot;credit&quot;:&quot;&quot;,&quot;camera&quot;:&quot;&quot;,&quot;caption&quot;:&quot;&quot;,&quot;created_timestamp&quot;:&quot;0&quot;,&quot;copyright&quot;:&quot;&quot;,&quot;focal_length&quot;:&quot;0&quot;,&quot;iso&quot;:&quot;0&quot;,&quot;shutter_speed&quot;:&quot;0&quot;,&quot;title&quot;:&quot;&quot;,&quot;orientation&quot;:&quot;0&quot;}\" data-image-title=\"\" data-image-description=\"\" data-medium-file=\"https:\/\/www.verba.lv\/wp-content\/uploads\/goodwood-exhibition-amber-museum-anna-fanigina-400x332.gif\" data-large-file=\"https:\/\/www.verba.lv\/wp-content\/uploads\/goodwood-exhibition-amber-museum-anna-fanigina.gif\" src=\"https:\/\/i0.wp.com\/www.verba.lv\/wp-content\/uploads\/goodwood-exhibition-amber-museum-anna-fanigina.gif?w=219&#038;h=182&#038;ssl=1\" width=\"219\" height=\"182\" data-original-width=\"219\" data-original-height=\"182\" itemprop=\"http:\/\/schema.org\/image\" title=\"\" alt=\"\" style=\"width: 219px; height: 182px;\" \/> <\/div> <\/div> <!-- close group --> <\/div> <!-- close row --> <div class=\"gallery-row\" style=\"width: 500px; height: 80px;\" data-original-width=\"500\" data-original-height=\"80\" > <div class=\"gallery-group images-1\" style=\"width: 146px; height: 80px;\" data-original-width=\"146\" data-original-height=\"80\" > <div class=\"tiled-gallery-item tiled-gallery-item-small\" itemprop=\"associatedMedia\" itemscope itemtype=\"http:\/\/schema.org\/ImageObject\"> <meta itemprop=\"width\" content=\"142\"> <meta itemprop=\"height\" content=\"76\"> <img data-attachment-id=\"6430\" data-orig-file=\"https:\/\/www.verba.lv\/wp-content\/uploads\/GOODWOOD-afisha.jpg\" data-orig-size=\"1000,533\" data-comments-opened=\"\" data-image-meta=\"{&quot;aperture&quot;:&quot;0&quot;,&quot;credit&quot;:&quot;&quot;,&quot;camera&quot;:&quot;&quot;,&quot;caption&quot;:&quot;&quot;,&quot;created_timestamp&quot;:&quot;0&quot;,&quot;copyright&quot;:&quot;&quot;,&quot;focal_length&quot;:&quot;0&quot;,&quot;iso&quot;:&quot;0&quot;,&quot;shutter_speed&quot;:&quot;0&quot;,&quot;title&quot;:&quot;&quot;,&quot;orientation&quot;:&quot;1&quot;}\" data-image-title=\"\" data-image-description=\"\" data-medium-file=\"https:\/\/www.verba.lv\/wp-content\/uploads\/GOODWOOD-afisha-400x213.jpg\" data-large-file=\"https:\/\/www.verba.lv\/wp-content\/uploads\/GOODWOOD-afisha.jpg\" src=\"https:\/\/i0.wp.com\/www.verba.lv\/wp-content\/uploads\/GOODWOOD-afisha.jpg?w=142&#038;h=76&#038;ssl=1\" width=\"142\" height=\"76\" data-original-width=\"142\" data-original-height=\"76\" itemprop=\"http:\/\/schema.org\/image\" title=\"\" alt=\"verba-goodwood-exhibition-poster\" style=\"width: 142px; height: 76px;\" \/> <div class=\"tiled-gallery-caption\" itemprop=\"caption description\"> The GOODWOOD exhibition is an international project that shows works of art and design made from wood. <\/div> <\/div> <\/div> <!-- close group --> <div class=\"gallery-group images-1\" style=\"width: 118px; height: 80px;\" data-original-width=\"118\" data-original-height=\"80\" > <div class=\"tiled-gallery-item tiled-gallery-item-small\" itemprop=\"associatedMedia\" itemscope itemtype=\"http:\/\/schema.org\/ImageObject\"> <meta itemprop=\"width\" content=\"114\"> <meta itemprop=\"height\" content=\"76\"> <img data-attachment-id=\"6476\" data-orig-file=\"https:\/\/www.verba.lv\/wp-content\/uploads\/verba-goodwood-anna-fanigina-exhibition.gif\" data-orig-size=\"1000,667\" data-comments-opened=\"\" data-image-meta=\"{&quot;aperture&quot;:&quot;0&quot;,&quot;credit&quot;:&quot;&quot;,&quot;camera&quot;:&quot;&quot;,&quot;caption&quot;:&quot;&quot;,&quot;created_timestamp&quot;:&quot;0&quot;,&quot;copyright&quot;:&quot;&quot;,&quot;focal_length&quot;:&quot;0&quot;,&quot;iso&quot;:&quot;0&quot;,&quot;shutter_speed&quot;:&quot;0&quot;,&quot;title&quot;:&quot;&quot;,&quot;orientation&quot;:&quot;0&quot;}\" data-image-title=\"\" data-image-description=\"\" data-medium-file=\"https:\/\/www.verba.lv\/wp-content\/uploads\/verba-goodwood-anna-fanigina-exhibition-400x267.gif\" data-large-file=\"https:\/\/www.verba.lv\/wp-content\/uploads\/verba-goodwood-anna-fanigina-exhibition.gif\" src=\"https:\/\/i0.wp.com\/www.verba.lv\/wp-content\/uploads\/verba-goodwood-anna-fanigina-exhibition.gif?w=114&#038;h=76&#038;ssl=1\" width=\"114\" height=\"76\" data-original-width=\"114\" data-original-height=\"76\" itemprop=\"http:\/\/schema.org\/image\" title=\"\" alt=\"verba-goodwood-anna-fanigina-exhibition\" style=\"width: 114px; height: 76px;\" \/> <div class=\"tiled-gallery-caption\" itemprop=\"caption description\"> Anna Fanigina at the GOODWOOD exhibition opening <\/div> <\/div> <\/div> <!-- close group --> <div class=\"gallery-group images-1\" style=\"width: 118px; height: 80px;\" data-original-width=\"118\" data-original-height=\"80\" > <div class=\"tiled-gallery-item tiled-gallery-item-small\" itemprop=\"associatedMedia\" itemscope itemtype=\"http:\/\/schema.org\/ImageObject\"> <meta itemprop=\"width\" content=\"114\"> <meta itemprop=\"height\" content=\"76\"> <img data-attachment-id=\"6478\" data-orig-file=\"https:\/\/www.verba.lv\/wp-content\/uploads\/verba-goodwood-exhibition-anna-fanigina.gif\" data-orig-size=\"1000,667\" data-comments-opened=\"\" data-image-meta=\"{&quot;aperture&quot;:&quot;0&quot;,&quot;credit&quot;:&quot;&quot;,&quot;camera&quot;:&quot;&quot;,&quot;caption&quot;:&quot;&quot;,&quot;created_timestamp&quot;:&quot;0&quot;,&quot;copyright&quot;:&quot;&quot;,&quot;focal_length&quot;:&quot;0&quot;,&quot;iso&quot;:&quot;0&quot;,&quot;shutter_speed&quot;:&quot;0&quot;,&quot;title&quot;:&quot;&quot;,&quot;orientation&quot;:&quot;0&quot;}\" data-image-title=\"\" data-image-description=\"\" data-medium-file=\"https:\/\/www.verba.lv\/wp-content\/uploads\/verba-goodwood-exhibition-anna-fanigina-400x267.gif\" data-large-file=\"https:\/\/www.verba.lv\/wp-content\/uploads\/verba-goodwood-exhibition-anna-fanigina.gif\" src=\"https:\/\/i0.wp.com\/www.verba.lv\/wp-content\/uploads\/verba-goodwood-exhibition-anna-fanigina.gif?w=114&#038;h=76&#038;ssl=1\" width=\"114\" height=\"76\" data-original-width=\"114\" data-original-height=\"76\" itemprop=\"http:\/\/schema.org\/image\" title=\"\" alt=\" verba-goodwood-exhibition-anna-fanigina\" style=\"width: 114px; height: 76px;\" \/> <div class=\"tiled-gallery-caption\" itemprop=\"caption description\"> GOODWOOD exhibition opening <\/div> <\/div> <\/div> <!-- close group --> <div class=\"gallery-group images-1\" style=\"width: 118px; height: 80px;\" data-original-width=\"118\" data-original-height=\"80\" > <div class=\"tiled-gallery-item tiled-gallery-item-small\" itemprop=\"associatedMedia\" itemscope itemtype=\"http:\/\/schema.org\/ImageObject\"> <meta itemprop=\"width\" content=\"114\"> <meta itemprop=\"height\" content=\"76\"> <img data-attachment-id=\"6480\" data-orig-file=\"https:\/\/www.verba.lv\/wp-content\/uploads\/verba-goodwood-exhibition.gif\" data-orig-size=\"1000,667\" data-comments-opened=\"\" data-image-meta=\"{&quot;aperture&quot;:&quot;0&quot;,&quot;credit&quot;:&quot;&quot;,&quot;camera&quot;:&quot;&quot;,&quot;caption&quot;:&quot;&quot;,&quot;created_timestamp&quot;:&quot;0&quot;,&quot;copyright&quot;:&quot;&quot;,&quot;focal_length&quot;:&quot;0&quot;,&quot;iso&quot;:&quot;0&quot;,&quot;shutter_speed&quot;:&quot;0&quot;,&quot;title&quot;:&quot;&quot;,&quot;orientation&quot;:&quot;0&quot;}\" data-image-title=\"\" data-image-description=\"\" data-medium-file=\"https:\/\/www.verba.lv\/wp-content\/uploads\/verba-goodwood-exhibition-400x267.gif\" data-large-file=\"https:\/\/www.verba.lv\/wp-content\/uploads\/verba-goodwood-exhibition.gif\" src=\"https:\/\/i0.wp.com\/www.verba.lv\/wp-content\/uploads\/verba-goodwood-exhibition.gif?w=114&#038;h=76&#038;ssl=1\" width=\"114\" height=\"76\" data-original-width=\"114\" data-original-height=\"76\" itemprop=\"http:\/\/schema.org\/image\" title=\"\" alt=\" verba-goodwood-exhibition\" style=\"width: 114px; height: 76px;\" \/> <div class=\"tiled-gallery-caption\" itemprop=\"caption description\"> GOODWOOD exhibition opening <\/div> <\/div> <\/div> <!-- close group --> <\/div> <!-- close row --> <\/div>\n","protected":false},"excerpt":{"rendered":"<p>\u03bc\u03b5\u03bb\u03b1\u03b9\u03bd\u1ff6\u03bd \u03bd\u03b5\u1ff6\u03bd \u03ba\u03b1\u03c4\u03ac\u03bb\u03bf\u03b3\u03bf\u03c2 Dizaineres Annas Faniginas bro\u0161u kolekcija \u03bc\u03b5\u03bb\u03b1\u03b9\u03bd\u1ff6\u03bd \u03bd\u03b5\u1ff6\u03bd \u03ba\u03b1\u03c4\u03ac\u03bb\u03bf\u03b3\u03bf\u03c2 (\u201cMelno ku\u0123u saraksts\u201d sengrie\u0137u valod\u0101) tika rad\u012bta speci\u0101li projektam GOODWOOD. T\u0101 jaun\u0101k\u0101 izst\u0101de tiks atkl\u0101ta Sanktp\u0113terburg\u0101 7.febru\u0101r\u012b galerij\u0101 &#8220;\u0410\u043c\u0431\u0430\u0440 \u0411\u0443\u0440\u0436\u0443\u0430&#8221;. \u0160eit nav nejau\u0161u l\u012bniju \u2014\u00a0\u00a0aiz katra izliekuma ir matem\u0101tiska formula, katr\u0101 l\u012bkn\u0113 ergonomikas un \u016bdens kust\u012bbas likumi. Koka fragmenti, kas tiek izmantoti rot\u0101s, ir [&hellip;]<\/p>\n","protected":false},"author":4,"featured_media":0,"parent":0,"menu_order":0,"comment_status":"closed","ping_status":"closed","template":"","meta":{"jetpack_post_was_ever_published":false},"aioseo_notices":[],"jetpack_shortlink":"https:\/\/wp.me\/P41l5H-1K4","jetpack_sharing_enabled":true,"jetpack_likes_enabled":true,"_links":{"self":[{"href":"https:\/\/www.verba.lv\/lv\/wp-json\/wp\/v2\/pages\/6700"}],"collection":[{"href":"https:\/\/www.verba.lv\/lv\/wp-json\/wp\/v2\/pages"}],"about":[{"href":"https:\/\/www.verba.lv\/lv\/wp-json\/wp\/v2\/types\/page"}],"author":[{"embeddable":true,"href":"https:\/\/www.verba.lv\/lv\/wp-json\/wp\/v2\/users\/4"}],"replies":[{"embeddable":true,"href":"https:\/\/www.verba.lv\/lv\/wp-json\/wp\/v2\/comments?post=6700"}],"version-history":[{"count":18,"href":"https:\/\/www.verba.lv\/lv\/wp-json\/wp\/v2\/pages\/6700\/revisions"}],"predecessor-version":[{"id":10993,"href":"https:\/\/www.verba.lv\/lv\/wp-json\/wp\/v2\/pages\/6700\/revisions\/10993"}],"wp:attachment":[{"href":"https:\/\/www.verba.lv\/lv\/wp-json\/wp\/v2\/media?parent=6700"}],"curies":[{"name":"wp","href":"https:\/\/api.w.org\/{rel}","templated":true}]}}