{"id":6771,"date":"2018-10-23T14:10:34","date_gmt":"2018-10-23T14:10:34","guid":{"rendered":"https:\/\/www.verba.lv\/exhibitions\/%ce%bd%ce%b5%e1%bf%b6%ce%bd-%ce%ba%ce%b1%cf%84%ce%ac%ce%bb%ce%bf%ce%b3%ce%bf%cf%82-in-riga-september-2017\/"},"modified":"2021-02-26T14:11:15","modified_gmt":"2021-02-26T14:11:15","slug":"%ce%bd%ce%b5%e1%bf%b6%ce%bd-%ce%ba%ce%b1%cf%84%ce%ac%ce%bb%ce%bf%ce%b3%ce%bf%cf%82-riga-2017","status":"publish","type":"page","link":"https:\/\/www.verba.lv\/lv\/izstades\/%ce%bd%ce%b5%e1%bf%b6%ce%bd-%ce%ba%ce%b1%cf%84%ce%ac%ce%bb%ce%bf%ce%b3%ce%bf%cf%82-riga-2017\/","title":{"rendered":"\u03bd\u03b5\u1ff6\u03bd \u03ba\u03b1\u03c4\u03ac\u03bb\u03bf\u03b3\u03bf\u03c2 R\u012aG\u0100 2017"},"content":{"rendered":"<p style=\"text-align: center;\"><strong>\u03bd\u03b5\u1ff6\u03bd \u03ba\u03b1\u03c4\u03ac\u03bb\u03bf\u03b3\u03bf\u03c2, 2017<\/strong><\/p>\n<p style=\"text-align: justify;\">Kolekcija \u03bd\u03b5\u1ff6\u03bd \u03ba\u03b1\u03c4\u03ac\u03bb\u03bf\u03b3\u03bf\u03c2<strong>* <\/strong>(\u2019\u2019<strong>ku\u0123u saraksts<\/strong>&#8221; sengrie\u0137u valod\u0101\u2019) sast\u0101v no sudraba un electra (zelta un sudraba sakaus\u0113jums) gredzeniem, no kuriem katrs nes \u012bpa\u0161u v\u0113st\u012bjumu sengrie\u0137u valod\u0101, par cilv\u0113cei vienm\u0113r aktu\u0101l\u0101m t\u0113m\u0101m\u00a0 \u2013 m\u012blest\u012bbu, prieku, draudz\u012bbu, ce\u013cav\u0113ju piln\u0101s bur\u0101s un nemit\u012bgu virz\u012bbu uz priek\u0161u. Kolekcija tika izst\u0101d\u012bta Eiropas Savien\u012bbas m\u0101jas izst\u0101\u017eu z\u0101l\u0113 R\u012bg\u0101 2017. gada septembr\u012b.<\/p>\n<p>Paklaus\u012bties sengrie\u0137u tekstur, kas ir uz gredzeniem, var \u0161eit:<strong> <span style=\"color: #339966;\"><a style=\"color: #339966;\" href=\"http:\/\/greek.verba.lv\" target=\"_blank\" rel=\"noopener noreferrer\">http:\/\/greek.verba.lv<\/a><\/span><\/strong><\/p>\n<p style=\"text-align: justify;\"><strong>*<\/strong> \u201eKu\u0123u saraksts\u201d \u2013 Hom\u0113ra \u201e\u012aliadas\u201d II dzied\u0101juma nosaukums.<\/p>\n<p>&nbsp;<\/p>\n<div class=\"tiled-gallery type-rectangular tiled-gallery-unresized\" data-original-width=\"500\" data-carousel-extra='{&quot;blog_id&quot;:1,&quot;permalink&quot;:&quot;https:\\\/\\\/www.verba.lv\\\/lv\\\/izstades\\\/%ce%bd%ce%b5%e1%bf%b6%ce%bd-%ce%ba%ce%b1%cf%84%ce%ac%ce%bb%ce%bf%ce%b3%ce%bf%cf%82-riga-2017\\\/&quot;,&quot;likes_blog_id&quot;:59424749}' itemscope itemtype=\"http:\/\/schema.org\/ImageGallery\" > <div class=\"gallery-row\" style=\"width: 500px; height: 429px;\" data-original-width=\"500\" data-original-height=\"429\" > <div class=\"gallery-group images-3\" style=\"width: 212px; height: 429px;\" data-original-width=\"212\" data-original-height=\"429\" > <div class=\"tiled-gallery-item tiled-gallery-item-small\" itemprop=\"associatedMedia\" itemscope itemtype=\"http:\/\/schema.org\/ImageObject\"> <meta itemprop=\"width\" content=\"208\"> <meta itemprop=\"height\" content=\"139\"> <img data-attachment-id=\"5541\" data-orig-file=\"https:\/\/www.verba.lv\/wp-content\/uploads\/VERBA_1000x667.jpg\" data-orig-size=\"1000,667\" data-comments-opened=\"\" data-image-meta=\"{&quot;aperture&quot;:&quot;0&quot;,&quot;credit&quot;:&quot;&quot;,&quot;camera&quot;:&quot;&quot;,&quot;caption&quot;:&quot;&quot;,&quot;created_timestamp&quot;:&quot;0&quot;,&quot;copyright&quot;:&quot;&quot;,&quot;focal_length&quot;:&quot;0&quot;,&quot;iso&quot;:&quot;0&quot;,&quot;shutter_speed&quot;:&quot;0&quot;,&quot;title&quot;:&quot;&quot;,&quot;orientation&quot;:&quot;0&quot;}\" data-image-title=\"\" data-image-description=\"&lt;p&gt;VERBA designer&#8217;s Anna Fanigina&#8217;s exhibition \u03bd\u03b5\u1ff6\u03bd \u03ba\u03b1\u03c4\u03ac\u03bb\u03bf\u03b3\u03bf\u03c2 (&#8220;The Catalogue of Ships&#8221;) exhibited in Riga, European Union house, September 2017&lt;\/p&gt; \" data-medium-file=\"https:\/\/www.verba.lv\/wp-content\/uploads\/VERBA_1000x667-400x267.jpg\" data-large-file=\"https:\/\/www.verba.lv\/wp-content\/uploads\/VERBA_1000x667.jpg\" src=\"https:\/\/i0.wp.com\/www.verba.lv\/wp-content\/uploads\/VERBA_1000x667.jpg?w=208&#038;h=139&#038;ssl=1\" width=\"208\" height=\"139\" data-original-width=\"208\" data-original-height=\"139\" itemprop=\"http:\/\/schema.org\/image\" title=\"\" alt=\"verba-catalogue-of-ships-exhibition-riga\" style=\"width: 208px; height: 139px;\" \/> <\/div> <div class=\"tiled-gallery-item tiled-gallery-item-small\" itemprop=\"associatedMedia\" itemscope itemtype=\"http:\/\/schema.org\/ImageObject\"> <meta itemprop=\"width\" content=\"208\"> <meta itemprop=\"height\" content=\"139\"> <img data-attachment-id=\"5977\" data-orig-file=\"https:\/\/www.verba.lv\/wp-content\/uploads\/17.gif\" data-orig-size=\"1000,667\" data-comments-opened=\"\" data-image-meta=\"{&quot;aperture&quot;:&quot;0&quot;,&quot;credit&quot;:&quot;&quot;,&quot;camera&quot;:&quot;&quot;,&quot;caption&quot;:&quot;&quot;,&quot;created_timestamp&quot;:&quot;0&quot;,&quot;copyright&quot;:&quot;&quot;,&quot;focal_length&quot;:&quot;0&quot;,&quot;iso&quot;:&quot;0&quot;,&quot;shutter_speed&quot;:&quot;0&quot;,&quot;title&quot;:&quot;&quot;,&quot;orientation&quot;:&quot;0&quot;}\" data-image-title=\"\" data-image-description=\"&lt;p&gt;VERBA designer&#8217;s Anna Fanigina&#8217;s exhibition \u03bd\u03b5\u1ff6\u03bd \u03ba\u03b1\u03c4\u03ac\u03bb\u03bf\u03b3\u03bf\u03c2 (&#8220;The Catalogue of Ships&#8221;) exhibited in Riga, European Union house, September 2017&lt;\/p&gt; \" data-medium-file=\"https:\/\/www.verba.lv\/wp-content\/uploads\/17-400x267.gif\" data-large-file=\"https:\/\/www.verba.lv\/wp-content\/uploads\/17.gif\" src=\"https:\/\/i0.wp.com\/www.verba.lv\/wp-content\/uploads\/17.gif?w=208&#038;h=139&#038;ssl=1\" width=\"208\" height=\"139\" data-original-width=\"208\" data-original-height=\"139\" itemprop=\"http:\/\/schema.org\/image\" title=\"\" alt=\"verba-catalogue-of-ships-exhibition-riga\" style=\"width: 208px; height: 139px;\" \/> <\/div> <div class=\"tiled-gallery-item tiled-gallery-item-small\" itemprop=\"associatedMedia\" itemscope itemtype=\"http:\/\/schema.org\/ImageObject\"> <meta itemprop=\"width\" content=\"208\"> <meta itemprop=\"height\" content=\"139\"> <img data-attachment-id=\"5945\" data-orig-file=\"https:\/\/www.verba.lv\/wp-content\/uploads\/1.gif\" data-orig-size=\"1000,667\" data-comments-opened=\"\" data-image-meta=\"{&quot;aperture&quot;:&quot;0&quot;,&quot;credit&quot;:&quot;&quot;,&quot;camera&quot;:&quot;&quot;,&quot;caption&quot;:&quot;&quot;,&quot;created_timestamp&quot;:&quot;0&quot;,&quot;copyright&quot;:&quot;&quot;,&quot;focal_length&quot;:&quot;0&quot;,&quot;iso&quot;:&quot;0&quot;,&quot;shutter_speed&quot;:&quot;0&quot;,&quot;title&quot;:&quot;&quot;,&quot;orientation&quot;:&quot;0&quot;}\" data-image-title=\"\" data-image-description=\"&lt;p&gt;VERBA designer&#8217;s Anna Fanigina&#8217;s exhibition \u03bd\u03b5\u1ff6\u03bd \u03ba\u03b1\u03c4\u03ac\u03bb\u03bf\u03b3\u03bf\u03c2 (&#8220;The Catalogue of Ships&#8221;) exhibited in Riga, European Union house, September 2017&lt;\/p&gt; \" data-medium-file=\"https:\/\/www.verba.lv\/wp-content\/uploads\/1-400x267.gif\" data-large-file=\"https:\/\/www.verba.lv\/wp-content\/uploads\/1.gif\" src=\"https:\/\/i0.wp.com\/www.verba.lv\/wp-content\/uploads\/1.gif?w=208&#038;h=139&#038;ssl=1\" width=\"208\" height=\"139\" data-original-width=\"208\" data-original-height=\"139\" itemprop=\"http:\/\/schema.org\/image\" title=\"\" alt=\"verba-catalogue-of-ships-exhibition-riga\" style=\"width: 208px; height: 139px;\" \/> <\/div> <\/div> <!-- close group --> <div class=\"gallery-group images-1\" style=\"width: 288px; height: 429px;\" data-original-width=\"288\" data-original-height=\"429\" > <div class=\"tiled-gallery-item tiled-gallery-item-large\" itemprop=\"associatedMedia\" itemscope itemtype=\"http:\/\/schema.org\/ImageObject\"> <meta itemprop=\"width\" content=\"284\"> <meta itemprop=\"height\" content=\"425\"> <img data-attachment-id=\"5947\" data-orig-file=\"https:\/\/www.verba.lv\/wp-content\/uploads\/2.gif\" data-orig-size=\"667,1000\" data-comments-opened=\"\" data-image-meta=\"{&quot;aperture&quot;:&quot;0&quot;,&quot;credit&quot;:&quot;&quot;,&quot;camera&quot;:&quot;&quot;,&quot;caption&quot;:&quot;&quot;,&quot;created_timestamp&quot;:&quot;0&quot;,&quot;copyright&quot;:&quot;&quot;,&quot;focal_length&quot;:&quot;0&quot;,&quot;iso&quot;:&quot;0&quot;,&quot;shutter_speed&quot;:&quot;0&quot;,&quot;title&quot;:&quot;&quot;,&quot;orientation&quot;:&quot;0&quot;}\" data-image-title=\"\" data-image-description=\"&lt;p&gt;VERBA designer&#8217;s Anna Fanigina&#8217;s exhibition \u03bd\u03b5\u1ff6\u03bd \u03ba\u03b1\u03c4\u03ac\u03bb\u03bf\u03b3\u03bf\u03c2 (&#8220;The Catalogue of Ships&#8221;) exhibited in Riga, European Union house, September 2017&lt;\/p&gt; \" data-medium-file=\"https:\/\/www.verba.lv\/wp-content\/uploads\/2-267x400.gif\" data-large-file=\"https:\/\/www.verba.lv\/wp-content\/uploads\/2.gif\" src=\"https:\/\/i0.wp.com\/www.verba.lv\/wp-content\/uploads\/2.gif?w=284&#038;h=425&#038;ssl=1\" width=\"284\" height=\"425\" data-original-width=\"284\" data-original-height=\"425\" itemprop=\"http:\/\/schema.org\/image\" title=\"\" alt=\"verba-catalogue-of-ships-exhibition-riga\" style=\"width: 284px; height: 425px;\" \/> <\/div> <\/div> <!-- close group --> <\/div> <!-- close row --> <div class=\"gallery-row\" style=\"width: 500px; height: 137px;\" data-original-width=\"500\" data-original-height=\"137\" > <div class=\"gallery-group images-1\" style=\"width: 204px; height: 137px;\" data-original-width=\"204\" data-original-height=\"137\" > <div class=\"tiled-gallery-item tiled-gallery-item-small\" itemprop=\"associatedMedia\" itemscope itemtype=\"http:\/\/schema.org\/ImageObject\"> <meta itemprop=\"width\" content=\"200\"> <meta itemprop=\"height\" content=\"133\"> <img data-attachment-id=\"5963\" data-orig-file=\"https:\/\/www.verba.lv\/wp-content\/uploads\/10.gif\" data-orig-size=\"1000,667\" data-comments-opened=\"\" data-image-meta=\"{&quot;aperture&quot;:&quot;0&quot;,&quot;credit&quot;:&quot;&quot;,&quot;camera&quot;:&quot;&quot;,&quot;caption&quot;:&quot;&quot;,&quot;created_timestamp&quot;:&quot;0&quot;,&quot;copyright&quot;:&quot;&quot;,&quot;focal_length&quot;:&quot;0&quot;,&quot;iso&quot;:&quot;0&quot;,&quot;shutter_speed&quot;:&quot;0&quot;,&quot;title&quot;:&quot;&quot;,&quot;orientation&quot;:&quot;0&quot;}\" data-image-title=\"\" data-image-description=\"&lt;p&gt;VERBA designer&#8217;s Anna Fanigina&#8217;s exhibition \u03bd\u03b5\u1ff6\u03bd \u03ba\u03b1\u03c4\u03ac\u03bb\u03bf\u03b3\u03bf\u03c2 (&#8220;The Catalogue of Ships&#8221;) exhibited in Riga, European Union house, September 2017&lt;\/p&gt; \" data-medium-file=\"https:\/\/www.verba.lv\/wp-content\/uploads\/10-400x267.gif\" data-large-file=\"https:\/\/www.verba.lv\/wp-content\/uploads\/10.gif\" src=\"https:\/\/i0.wp.com\/www.verba.lv\/wp-content\/uploads\/10.gif?w=200&#038;h=133&#038;ssl=1\" width=\"200\" height=\"133\" data-original-width=\"200\" data-original-height=\"133\" itemprop=\"http:\/\/schema.org\/image\" title=\"\" alt=\"verba-catalogue-of-ships-exhibition-riga\" style=\"width: 200px; height: 133px;\" \/> <\/div> <\/div> <!-- close group --> <div class=\"gallery-group images-1\" style=\"width: 93px; height: 137px;\" data-original-width=\"93\" data-original-height=\"137\" > <div class=\"tiled-gallery-item tiled-gallery-item-small\" itemprop=\"associatedMedia\" itemscope itemtype=\"http:\/\/schema.org\/ImageObject\"> <meta itemprop=\"width\" content=\"89\"> <meta itemprop=\"height\" content=\"133\"> <img data-attachment-id=\"5961\" data-orig-file=\"https:\/\/www.verba.lv\/wp-content\/uploads\/9.gif\" data-orig-size=\"667,1000\" data-comments-opened=\"\" data-image-meta=\"{&quot;aperture&quot;:&quot;0&quot;,&quot;credit&quot;:&quot;&quot;,&quot;camera&quot;:&quot;&quot;,&quot;caption&quot;:&quot;&quot;,&quot;created_timestamp&quot;:&quot;0&quot;,&quot;copyright&quot;:&quot;&quot;,&quot;focal_length&quot;:&quot;0&quot;,&quot;iso&quot;:&quot;0&quot;,&quot;shutter_speed&quot;:&quot;0&quot;,&quot;title&quot;:&quot;&quot;,&quot;orientation&quot;:&quot;0&quot;}\" data-image-title=\"\" data-image-description=\"&lt;p&gt;VERBA designer&#8217;s Anna Fanigina&#8217;s exhibition \u03bd\u03b5\u1ff6\u03bd \u03ba\u03b1\u03c4\u03ac\u03bb\u03bf\u03b3\u03bf\u03c2 (&#8220;The Catalogue of Ships&#8221;) exhibited in Riga, European Union house, September 2017&lt;\/p&gt; \" data-medium-file=\"https:\/\/www.verba.lv\/wp-content\/uploads\/9-267x400.gif\" data-large-file=\"https:\/\/www.verba.lv\/wp-content\/uploads\/9.gif\" src=\"https:\/\/i0.wp.com\/www.verba.lv\/wp-content\/uploads\/9.gif?w=89&#038;h=133&#038;ssl=1\" width=\"89\" height=\"133\" data-original-width=\"89\" data-original-height=\"133\" itemprop=\"http:\/\/schema.org\/image\" title=\"\" alt=\"verba-catalogue-of-ships-exhibition-riga\" style=\"width: 89px; height: 133px;\" \/> <\/div> <\/div> <!-- close group --> <div class=\"gallery-group images-1\" style=\"width: 203px; height: 137px;\" data-original-width=\"203\" data-original-height=\"137\" > <div class=\"tiled-gallery-item tiled-gallery-item-small\" itemprop=\"associatedMedia\" itemscope itemtype=\"http:\/\/schema.org\/ImageObject\"> <meta itemprop=\"width\" content=\"199\"> <meta itemprop=\"height\" content=\"133\"> <img data-attachment-id=\"5973\" data-orig-file=\"https:\/\/www.verba.lv\/wp-content\/uploads\/15.gif\" data-orig-size=\"1000,667\" data-comments-opened=\"\" data-image-meta=\"{&quot;aperture&quot;:&quot;0&quot;,&quot;credit&quot;:&quot;&quot;,&quot;camera&quot;:&quot;&quot;,&quot;caption&quot;:&quot;&quot;,&quot;created_timestamp&quot;:&quot;0&quot;,&quot;copyright&quot;:&quot;&quot;,&quot;focal_length&quot;:&quot;0&quot;,&quot;iso&quot;:&quot;0&quot;,&quot;shutter_speed&quot;:&quot;0&quot;,&quot;title&quot;:&quot;&quot;,&quot;orientation&quot;:&quot;0&quot;}\" data-image-title=\"\" data-image-description=\"&lt;p&gt;VERBA designer&#8217;s Anna Fanigina&#8217;s exhibition \u03bd\u03b5\u1ff6\u03bd \u03ba\u03b1\u03c4\u03ac\u03bb\u03bf\u03b3\u03bf\u03c2 (&#8220;The Catalogue of Ships&#8221;) exhibited in Riga, European Union house, September 2017&lt;\/p&gt; \" data-medium-file=\"https:\/\/www.verba.lv\/wp-content\/uploads\/15-400x267.gif\" data-large-file=\"https:\/\/www.verba.lv\/wp-content\/uploads\/15.gif\" src=\"https:\/\/i0.wp.com\/www.verba.lv\/wp-content\/uploads\/15.gif?w=199&#038;h=133&#038;ssl=1\" width=\"199\" height=\"133\" data-original-width=\"199\" data-original-height=\"133\" itemprop=\"http:\/\/schema.org\/image\" title=\"\" alt=\"verba-catalogue-of-ships-exhibition-riga\" style=\"width: 199px; height: 133px;\" \/> <\/div> <\/div> <!-- close group --> <\/div> <!-- close row --> <div class=\"gallery-row\" style=\"width: 500px; height: 373px;\" data-original-width=\"500\" data-original-height=\"373\" > <div class=\"gallery-group images-1\" style=\"width: 250px; height: 373px;\" data-original-width=\"250\" data-original-height=\"373\" > <div class=\"tiled-gallery-item tiled-gallery-item-small\" itemprop=\"associatedMedia\" itemscope itemtype=\"http:\/\/schema.org\/ImageObject\"> <meta itemprop=\"width\" content=\"246\"> <meta itemprop=\"height\" content=\"369\"> <img data-attachment-id=\"5959\" data-orig-file=\"https:\/\/www.verba.lv\/wp-content\/uploads\/8.gif\" data-orig-size=\"667,1000\" data-comments-opened=\"\" data-image-meta=\"{&quot;aperture&quot;:&quot;0&quot;,&quot;credit&quot;:&quot;&quot;,&quot;camera&quot;:&quot;&quot;,&quot;caption&quot;:&quot;&quot;,&quot;created_timestamp&quot;:&quot;0&quot;,&quot;copyright&quot;:&quot;&quot;,&quot;focal_length&quot;:&quot;0&quot;,&quot;iso&quot;:&quot;0&quot;,&quot;shutter_speed&quot;:&quot;0&quot;,&quot;title&quot;:&quot;&quot;,&quot;orientation&quot;:&quot;0&quot;}\" data-image-title=\"\" data-image-description=\"&lt;p&gt;VERBA designer&#8217;s Anna Fanigina&#8217;s exhibition \u03bd\u03b5\u1ff6\u03bd \u03ba\u03b1\u03c4\u03ac\u03bb\u03bf\u03b3\u03bf\u03c2 (&#8220;The Catalogue of Ships&#8221;) exhibited in Riga, European Union house, September 2017&lt;\/p&gt; \" data-medium-file=\"https:\/\/www.verba.lv\/wp-content\/uploads\/8-267x400.gif\" data-large-file=\"https:\/\/www.verba.lv\/wp-content\/uploads\/8.gif\" src=\"https:\/\/i0.wp.com\/www.verba.lv\/wp-content\/uploads\/8.gif?w=246&#038;h=369&#038;ssl=1\" width=\"246\" height=\"369\" data-original-width=\"246\" data-original-height=\"369\" itemprop=\"http:\/\/schema.org\/image\" title=\"\" alt=\"verba-catalogue-of-ships-exhibition-riga\" style=\"width: 246px; height: 369px;\" \/> <\/div> <\/div> <!-- close group --> <div class=\"gallery-group images-1\" style=\"width: 250px; height: 373px;\" data-original-width=\"250\" data-original-height=\"373\" > <div class=\"tiled-gallery-item tiled-gallery-item-small\" itemprop=\"associatedMedia\" itemscope itemtype=\"http:\/\/schema.org\/ImageObject\"> <meta itemprop=\"width\" content=\"246\"> <meta itemprop=\"height\" content=\"369\"> <img data-attachment-id=\"5955\" data-orig-file=\"https:\/\/www.verba.lv\/wp-content\/uploads\/6.gif\" data-orig-size=\"667,1000\" data-comments-opened=\"\" data-image-meta=\"{&quot;aperture&quot;:&quot;0&quot;,&quot;credit&quot;:&quot;&quot;,&quot;camera&quot;:&quot;&quot;,&quot;caption&quot;:&quot;&quot;,&quot;created_timestamp&quot;:&quot;0&quot;,&quot;copyright&quot;:&quot;&quot;,&quot;focal_length&quot;:&quot;0&quot;,&quot;iso&quot;:&quot;0&quot;,&quot;shutter_speed&quot;:&quot;0&quot;,&quot;title&quot;:&quot;&quot;,&quot;orientation&quot;:&quot;0&quot;}\" data-image-title=\"\" data-image-description=\"&lt;p&gt;VERBA designer&#8217;s Anna Fanigina&#8217;s exhibition \u03bd\u03b5\u1ff6\u03bd \u03ba\u03b1\u03c4\u03ac\u03bb\u03bf\u03b3\u03bf\u03c2 (&#8220;The Catalogue of Ships&#8221;) exhibited in Riga, European Union house, September 2017&lt;\/p&gt; \" data-medium-file=\"https:\/\/www.verba.lv\/wp-content\/uploads\/6-267x400.gif\" data-large-file=\"https:\/\/www.verba.lv\/wp-content\/uploads\/6.gif\" src=\"https:\/\/i0.wp.com\/www.verba.lv\/wp-content\/uploads\/6.gif?w=246&#038;h=369&#038;ssl=1\" width=\"246\" height=\"369\" data-original-width=\"246\" data-original-height=\"369\" itemprop=\"http:\/\/schema.org\/image\" title=\"\" alt=\"verba-catalogue-of-ships-exhibition-riga\" style=\"width: 246px; height: 369px;\" \/> <\/div> <\/div> <!-- close group --> <\/div> <!-- close row --> <div class=\"gallery-row\" style=\"width: 500px; height: 240px;\" data-original-width=\"500\" data-original-height=\"240\" > <div class=\"gallery-group images-1\" style=\"width: 161px; height: 240px;\" data-original-width=\"161\" data-original-height=\"240\" > <div class=\"tiled-gallery-item tiled-gallery-item-small\" itemprop=\"associatedMedia\" itemscope itemtype=\"http:\/\/schema.org\/ImageObject\"> <meta itemprop=\"width\" content=\"157\"> <meta itemprop=\"height\" content=\"236\"> <img data-attachment-id=\"5949\" data-orig-file=\"https:\/\/www.verba.lv\/wp-content\/uploads\/3.gif\" data-orig-size=\"667,1000\" data-comments-opened=\"\" data-image-meta=\"{&quot;aperture&quot;:&quot;0&quot;,&quot;credit&quot;:&quot;&quot;,&quot;camera&quot;:&quot;&quot;,&quot;caption&quot;:&quot;&quot;,&quot;created_timestamp&quot;:&quot;0&quot;,&quot;copyright&quot;:&quot;&quot;,&quot;focal_length&quot;:&quot;0&quot;,&quot;iso&quot;:&quot;0&quot;,&quot;shutter_speed&quot;:&quot;0&quot;,&quot;title&quot;:&quot;&quot;,&quot;orientation&quot;:&quot;0&quot;}\" data-image-title=\"\" data-image-description=\"&lt;p&gt;VERBA designer&#8217;s Anna Fanigina&#8217;s exhibition \u03bd\u03b5\u1ff6\u03bd \u03ba\u03b1\u03c4\u03ac\u03bb\u03bf\u03b3\u03bf\u03c2 (&#8220;The Catalogue of Ships&#8221;) exhibited in Riga, European Union house, September 2017&lt;\/p&gt; \" data-medium-file=\"https:\/\/www.verba.lv\/wp-content\/uploads\/3-267x400.gif\" data-large-file=\"https:\/\/www.verba.lv\/wp-content\/uploads\/3.gif\" src=\"https:\/\/i0.wp.com\/www.verba.lv\/wp-content\/uploads\/3.gif?w=157&#038;h=236&#038;ssl=1\" width=\"157\" height=\"236\" data-original-width=\"157\" data-original-height=\"236\" itemprop=\"http:\/\/schema.org\/image\" title=\"\" alt=\"verba-catalogue-of-ships-exhibition-riga\" style=\"width: 157px; height: 236px;\" \/> <\/div> <\/div> <!-- close group --> <div class=\"gallery-group images-2\" style=\"width: 178px; height: 240px;\" data-original-width=\"178\" data-original-height=\"240\" > <div class=\"tiled-gallery-item tiled-gallery-item-small\" itemprop=\"associatedMedia\" itemscope itemtype=\"http:\/\/schema.org\/ImageObject\"> <meta itemprop=\"width\" content=\"174\"> <meta itemprop=\"height\" content=\"116\"> <img data-attachment-id=\"5969\" data-orig-file=\"https:\/\/www.verba.lv\/wp-content\/uploads\/13.gif\" data-orig-size=\"1000,667\" data-comments-opened=\"\" data-image-meta=\"{&quot;aperture&quot;:&quot;0&quot;,&quot;credit&quot;:&quot;&quot;,&quot;camera&quot;:&quot;&quot;,&quot;caption&quot;:&quot;&quot;,&quot;created_timestamp&quot;:&quot;0&quot;,&quot;copyright&quot;:&quot;&quot;,&quot;focal_length&quot;:&quot;0&quot;,&quot;iso&quot;:&quot;0&quot;,&quot;shutter_speed&quot;:&quot;0&quot;,&quot;title&quot;:&quot;&quot;,&quot;orientation&quot;:&quot;0&quot;}\" data-image-title=\"\" data-image-description=\"&lt;p&gt;VERBA designer&#8217;s Anna Fanigina&#8217;s exhibition \u03bd\u03b5\u1ff6\u03bd \u03ba\u03b1\u03c4\u03ac\u03bb\u03bf\u03b3\u03bf\u03c2 (&#8220;The Catalogue of Ships&#8221;) exhibited in Riga, European Union house, September 2017&lt;\/p&gt; \" data-medium-file=\"https:\/\/www.verba.lv\/wp-content\/uploads\/13-400x267.gif\" data-large-file=\"https:\/\/www.verba.lv\/wp-content\/uploads\/13.gif\" src=\"https:\/\/i0.wp.com\/www.verba.lv\/wp-content\/uploads\/13.gif?w=174&#038;h=116&#038;ssl=1\" width=\"174\" height=\"116\" data-original-width=\"174\" data-original-height=\"116\" itemprop=\"http:\/\/schema.org\/image\" title=\"\" alt=\"verba-catalogue-of-ships-exhibition-riga\" style=\"width: 174px; height: 116px;\" \/> <\/div> <div class=\"tiled-gallery-item tiled-gallery-item-small\" itemprop=\"associatedMedia\" itemscope itemtype=\"http:\/\/schema.org\/ImageObject\"> <meta itemprop=\"width\" content=\"174\"> <meta itemprop=\"height\" content=\"116\"> <img data-attachment-id=\"5971\" data-orig-file=\"https:\/\/www.verba.lv\/wp-content\/uploads\/14.gif\" data-orig-size=\"1000,667\" data-comments-opened=\"\" data-image-meta=\"{&quot;aperture&quot;:&quot;0&quot;,&quot;credit&quot;:&quot;&quot;,&quot;camera&quot;:&quot;&quot;,&quot;caption&quot;:&quot;&quot;,&quot;created_timestamp&quot;:&quot;0&quot;,&quot;copyright&quot;:&quot;&quot;,&quot;focal_length&quot;:&quot;0&quot;,&quot;iso&quot;:&quot;0&quot;,&quot;shutter_speed&quot;:&quot;0&quot;,&quot;title&quot;:&quot;&quot;,&quot;orientation&quot;:&quot;0&quot;}\" data-image-title=\"\" data-image-description=\"&lt;p&gt;VERBA designer&#8217;s Anna Fanigina&#8217;s exhibition \u03bd\u03b5\u1ff6\u03bd \u03ba\u03b1\u03c4\u03ac\u03bb\u03bf\u03b3\u03bf\u03c2 (&#8220;The Catalogue of Ships&#8221;) exhibited in Riga, European Union house, September 2017&lt;\/p&gt; \" data-medium-file=\"https:\/\/www.verba.lv\/wp-content\/uploads\/14-400x267.gif\" data-large-file=\"https:\/\/www.verba.lv\/wp-content\/uploads\/14.gif\" src=\"https:\/\/i0.wp.com\/www.verba.lv\/wp-content\/uploads\/14.gif?w=174&#038;h=116&#038;ssl=1\" width=\"174\" height=\"116\" data-original-width=\"174\" data-original-height=\"116\" itemprop=\"http:\/\/schema.org\/image\" title=\"\" alt=\"verba-catalogue-of-ships-exhibition-riga\" style=\"width: 174px; height: 116px;\" \/> <\/div> <\/div> <!-- close group --> <div class=\"gallery-group images-1\" style=\"width: 161px; height: 240px;\" data-original-width=\"161\" data-original-height=\"240\" > <div class=\"tiled-gallery-item tiled-gallery-item-small\" itemprop=\"associatedMedia\" itemscope itemtype=\"http:\/\/schema.org\/ImageObject\"> <meta itemprop=\"width\" content=\"157\"> <meta itemprop=\"height\" content=\"236\"> <img data-attachment-id=\"5975\" data-orig-file=\"https:\/\/www.verba.lv\/wp-content\/uploads\/16.gif\" data-orig-size=\"667,1000\" data-comments-opened=\"\" data-image-meta=\"{&quot;aperture&quot;:&quot;0&quot;,&quot;credit&quot;:&quot;&quot;,&quot;camera&quot;:&quot;&quot;,&quot;caption&quot;:&quot;&quot;,&quot;created_timestamp&quot;:&quot;0&quot;,&quot;copyright&quot;:&quot;&quot;,&quot;focal_length&quot;:&quot;0&quot;,&quot;iso&quot;:&quot;0&quot;,&quot;shutter_speed&quot;:&quot;0&quot;,&quot;title&quot;:&quot;&quot;,&quot;orientation&quot;:&quot;0&quot;}\" data-image-title=\"\" data-image-description=\"&lt;p&gt;VERBA designer&#8217;s Anna Fanigina&#8217;s exhibition \u03bd\u03b5\u1ff6\u03bd \u03ba\u03b1\u03c4\u03ac\u03bb\u03bf\u03b3\u03bf\u03c2 (&#8220;The Catalogue of Ships&#8221;) exhibited in Riga, European Union house, September 2017&lt;\/p&gt; \" data-medium-file=\"https:\/\/www.verba.lv\/wp-content\/uploads\/16-267x400.gif\" data-large-file=\"https:\/\/www.verba.lv\/wp-content\/uploads\/16.gif\" src=\"https:\/\/i0.wp.com\/www.verba.lv\/wp-content\/uploads\/16.gif?w=157&#038;h=236&#038;ssl=1\" width=\"157\" height=\"236\" data-original-width=\"157\" data-original-height=\"236\" itemprop=\"http:\/\/schema.org\/image\" title=\"\" alt=\"verba-catalogue-of-ships-exhibition-riga\" style=\"width: 157px; height: 236px;\" \/> <\/div> <\/div> <!-- close group --> <\/div> <!-- close row --> <div class=\"gallery-row\" style=\"width: 500px; height: 353px;\" data-original-width=\"500\" data-original-height=\"353\" > <div class=\"gallery-group images-2\" style=\"width: 263px; height: 353px;\" data-original-width=\"263\" data-original-height=\"353\" > <div class=\"tiled-gallery-item tiled-gallery-item-large\" itemprop=\"associatedMedia\" itemscope itemtype=\"http:\/\/schema.org\/ImageObject\"> <meta itemprop=\"width\" content=\"259\"> <meta itemprop=\"height\" content=\"173\"> <img data-attachment-id=\"5951\" data-orig-file=\"https:\/\/www.verba.lv\/wp-content\/uploads\/4.gif\" data-orig-size=\"1000,667\" data-comments-opened=\"\" data-image-meta=\"{&quot;aperture&quot;:&quot;0&quot;,&quot;credit&quot;:&quot;&quot;,&quot;camera&quot;:&quot;&quot;,&quot;caption&quot;:&quot;&quot;,&quot;created_timestamp&quot;:&quot;0&quot;,&quot;copyright&quot;:&quot;&quot;,&quot;focal_length&quot;:&quot;0&quot;,&quot;iso&quot;:&quot;0&quot;,&quot;shutter_speed&quot;:&quot;0&quot;,&quot;title&quot;:&quot;&quot;,&quot;orientation&quot;:&quot;0&quot;}\" data-image-title=\"\" data-image-description=\"&lt;p&gt;VERBA designer&#8217;s Anna Fanigina&#8217;s exhibition \u03bd\u03b5\u1ff6\u03bd \u03ba\u03b1\u03c4\u03ac\u03bb\u03bf\u03b3\u03bf\u03c2 (&#8220;The Catalogue of Ships&#8221;) exhibited in Riga, European Union house, September 2017&lt;\/p&gt; \" data-medium-file=\"https:\/\/www.verba.lv\/wp-content\/uploads\/4-400x267.gif\" data-large-file=\"https:\/\/www.verba.lv\/wp-content\/uploads\/4.gif\" src=\"https:\/\/i0.wp.com\/www.verba.lv\/wp-content\/uploads\/4.gif?w=259&#038;h=173&#038;ssl=1\" width=\"259\" height=\"173\" data-original-width=\"259\" data-original-height=\"173\" itemprop=\"http:\/\/schema.org\/image\" title=\"\" alt=\"verba-catalogue-of-ships-exhibition-riga\" style=\"width: 259px; height: 173px;\" \/> <\/div> <div class=\"tiled-gallery-item tiled-gallery-item-large\" itemprop=\"associatedMedia\" itemscope itemtype=\"http:\/\/schema.org\/ImageObject\"> <meta itemprop=\"width\" content=\"259\"> <meta itemprop=\"height\" content=\"172\"> <img data-attachment-id=\"5953\" data-orig-file=\"https:\/\/www.verba.lv\/wp-content\/uploads\/5.gif\" data-orig-size=\"1000,667\" data-comments-opened=\"\" data-image-meta=\"{&quot;aperture&quot;:&quot;0&quot;,&quot;credit&quot;:&quot;&quot;,&quot;camera&quot;:&quot;&quot;,&quot;caption&quot;:&quot;&quot;,&quot;created_timestamp&quot;:&quot;0&quot;,&quot;copyright&quot;:&quot;&quot;,&quot;focal_length&quot;:&quot;0&quot;,&quot;iso&quot;:&quot;0&quot;,&quot;shutter_speed&quot;:&quot;0&quot;,&quot;title&quot;:&quot;&quot;,&quot;orientation&quot;:&quot;0&quot;}\" data-image-title=\"\" data-image-description=\"&lt;p&gt;VERBA designer&#8217;s Anna Fanigina&#8217;s exhibition \u03bd\u03b5\u1ff6\u03bd \u03ba\u03b1\u03c4\u03ac\u03bb\u03bf\u03b3\u03bf\u03c2 (&#8220;The Catalogue of Ships&#8221;) exhibited in Riga, European Union house, September 2017&lt;\/p&gt; \" data-medium-file=\"https:\/\/www.verba.lv\/wp-content\/uploads\/5-400x267.gif\" data-large-file=\"https:\/\/www.verba.lv\/wp-content\/uploads\/5.gif\" src=\"https:\/\/i0.wp.com\/www.verba.lv\/wp-content\/uploads\/5.gif?w=259&#038;h=172&#038;ssl=1\" width=\"259\" height=\"172\" data-original-width=\"259\" data-original-height=\"172\" itemprop=\"http:\/\/schema.org\/image\" title=\"\" alt=\"verba-catalogue-of-ships-exhibition-riga\" style=\"width: 259px; height: 172px;\" \/> <\/div> <\/div> <!-- close group --> <div class=\"gallery-group images-1\" style=\"width: 237px; height: 353px;\" data-original-width=\"237\" data-original-height=\"353\" > <div class=\"tiled-gallery-item tiled-gallery-item-small\" itemprop=\"associatedMedia\" itemscope itemtype=\"http:\/\/schema.org\/ImageObject\"> <meta itemprop=\"width\" content=\"233\"> <meta itemprop=\"height\" content=\"349\"> <img data-attachment-id=\"5957\" data-orig-file=\"https:\/\/www.verba.lv\/wp-content\/uploads\/7.gif\" data-orig-size=\"667,1000\" data-comments-opened=\"\" data-image-meta=\"{&quot;aperture&quot;:&quot;0&quot;,&quot;credit&quot;:&quot;&quot;,&quot;camera&quot;:&quot;&quot;,&quot;caption&quot;:&quot;&quot;,&quot;created_timestamp&quot;:&quot;0&quot;,&quot;copyright&quot;:&quot;&quot;,&quot;focal_length&quot;:&quot;0&quot;,&quot;iso&quot;:&quot;0&quot;,&quot;shutter_speed&quot;:&quot;0&quot;,&quot;title&quot;:&quot;&quot;,&quot;orientation&quot;:&quot;0&quot;}\" data-image-title=\"\" data-image-description=\"&lt;p&gt;VERBA designer&#8217;s Anna Fanigina&#8217;s exhibition \u03bd\u03b5\u1ff6\u03bd \u03ba\u03b1\u03c4\u03ac\u03bb\u03bf\u03b3\u03bf\u03c2 (&#8220;The Catalogue of Ships&#8221;) exhibited in Riga, European Union house, September 2017&lt;\/p&gt; \" data-medium-file=\"https:\/\/www.verba.lv\/wp-content\/uploads\/7-267x400.gif\" data-large-file=\"https:\/\/www.verba.lv\/wp-content\/uploads\/7.gif\" src=\"https:\/\/i0.wp.com\/www.verba.lv\/wp-content\/uploads\/7.gif?w=233&#038;h=349&#038;ssl=1\" width=\"233\" height=\"349\" data-original-width=\"233\" data-original-height=\"349\" itemprop=\"http:\/\/schema.org\/image\" title=\"\" alt=\"verba-catalogue-of-ships-exhibition-riga\" style=\"width: 233px; height: 349px;\" \/> <\/div> <\/div> <!-- close group --> <\/div> <!-- close row --> <div class=\"gallery-row\" style=\"width: 500px; height: 168px;\" data-original-width=\"500\" data-original-height=\"168\" > <div class=\"gallery-group images-1\" style=\"width: 250px; height: 168px;\" data-original-width=\"250\" data-original-height=\"168\" > <div class=\"tiled-gallery-item tiled-gallery-item-small\" itemprop=\"associatedMedia\" itemscope itemtype=\"http:\/\/schema.org\/ImageObject\"> <meta itemprop=\"width\" content=\"246\"> <meta itemprop=\"height\" content=\"164\"> <img data-attachment-id=\"5965\" data-orig-file=\"https:\/\/www.verba.lv\/wp-content\/uploads\/11.gif\" data-orig-size=\"1000,667\" data-comments-opened=\"\" data-image-meta=\"{&quot;aperture&quot;:&quot;0&quot;,&quot;credit&quot;:&quot;&quot;,&quot;camera&quot;:&quot;&quot;,&quot;caption&quot;:&quot;&quot;,&quot;created_timestamp&quot;:&quot;0&quot;,&quot;copyright&quot;:&quot;&quot;,&quot;focal_length&quot;:&quot;0&quot;,&quot;iso&quot;:&quot;0&quot;,&quot;shutter_speed&quot;:&quot;0&quot;,&quot;title&quot;:&quot;&quot;,&quot;orientation&quot;:&quot;0&quot;}\" data-image-title=\"\" data-image-description=\"&lt;p&gt;VERBA designer&#8217;s Anna Fanigina&#8217;s exhibition \u03bd\u03b5\u1ff6\u03bd \u03ba\u03b1\u03c4\u03ac\u03bb\u03bf\u03b3\u03bf\u03c2 (&#8220;The Catalogue of Ships&#8221;) exhibited in Riga, European Union house, September 2017&lt;\/p&gt; \" data-medium-file=\"https:\/\/www.verba.lv\/wp-content\/uploads\/11-400x267.gif\" data-large-file=\"https:\/\/www.verba.lv\/wp-content\/uploads\/11.gif\" src=\"https:\/\/i0.wp.com\/www.verba.lv\/wp-content\/uploads\/11.gif?w=246&#038;h=164&#038;ssl=1\" width=\"246\" height=\"164\" data-original-width=\"246\" data-original-height=\"164\" itemprop=\"http:\/\/schema.org\/image\" title=\"\" alt=\"verba-catalogue-of-ships-exhibition-riga\" style=\"width: 246px; height: 164px;\" \/> <\/div> <\/div> <!-- close group --> <div class=\"gallery-group images-1\" style=\"width: 250px; height: 168px;\" data-original-width=\"250\" data-original-height=\"168\" > <div class=\"tiled-gallery-item tiled-gallery-item-small\" itemprop=\"associatedMedia\" itemscope itemtype=\"http:\/\/schema.org\/ImageObject\"> <meta itemprop=\"width\" content=\"246\"> <meta itemprop=\"height\" content=\"164\"> <img data-attachment-id=\"5967\" data-orig-file=\"https:\/\/www.verba.lv\/wp-content\/uploads\/12.gif\" data-orig-size=\"1000,667\" data-comments-opened=\"\" data-image-meta=\"{&quot;aperture&quot;:&quot;0&quot;,&quot;credit&quot;:&quot;&quot;,&quot;camera&quot;:&quot;&quot;,&quot;caption&quot;:&quot;&quot;,&quot;created_timestamp&quot;:&quot;0&quot;,&quot;copyright&quot;:&quot;&quot;,&quot;focal_length&quot;:&quot;0&quot;,&quot;iso&quot;:&quot;0&quot;,&quot;shutter_speed&quot;:&quot;0&quot;,&quot;title&quot;:&quot;&quot;,&quot;orientation&quot;:&quot;0&quot;}\" data-image-title=\"\" data-image-description=\"&lt;p&gt;VERBA designer&#8217;s Anna Fanigina&#8217;s exhibition \u03bd\u03b5\u1ff6\u03bd \u03ba\u03b1\u03c4\u03ac\u03bb\u03bf\u03b3\u03bf\u03c2 (&#8220;The Catalogue of Ships&#8221;) exhibited in Riga, European Union house, September 2017&lt;\/p&gt; \" data-medium-file=\"https:\/\/www.verba.lv\/wp-content\/uploads\/12-400x267.gif\" data-large-file=\"https:\/\/www.verba.lv\/wp-content\/uploads\/12.gif\" src=\"https:\/\/i0.wp.com\/www.verba.lv\/wp-content\/uploads\/12.gif?w=246&#038;h=164&#038;ssl=1\" width=\"246\" height=\"164\" data-original-width=\"246\" data-original-height=\"164\" itemprop=\"http:\/\/schema.org\/image\" title=\"\" alt=\"verba-catalogue-of-ships-exhibition-riga\" style=\"width: 246px; height: 164px;\" \/> <\/div> <\/div> <!-- close group --> <\/div> <!-- close row --> <\/div>\n","protected":false},"excerpt":{"rendered":"<p>\u03bd\u03b5\u1ff6\u03bd \u03ba\u03b1\u03c4\u03ac\u03bb\u03bf\u03b3\u03bf\u03c2, 2017 Kolekcija \u03bd\u03b5\u1ff6\u03bd \u03ba\u03b1\u03c4\u03ac\u03bb\u03bf\u03b3\u03bf\u03c2* (\u2019\u2019ku\u0123u saraksts&#8221; sengrie\u0137u valod\u0101\u2019) sast\u0101v no sudraba un electra (zelta un sudraba sakaus\u0113jums) gredzeniem, no kuriem katrs nes \u012bpa\u0161u v\u0113st\u012bjumu sengrie\u0137u valod\u0101, par cilv\u0113cei vienm\u0113r aktu\u0101l\u0101m t\u0113m\u0101m\u00a0 \u2013 m\u012blest\u012bbu, prieku, draudz\u012bbu, ce\u013cav\u0113ju piln\u0101s bur\u0101s un nemit\u012bgu virz\u012bbu uz priek\u0161u. Kolekcija tika izst\u0101d\u012bta Eiropas Savien\u012bbas m\u0101jas izst\u0101\u017eu z\u0101l\u0113 R\u012bg\u0101 2017. [&hellip;]<\/p>\n","protected":false},"author":4,"featured_media":0,"parent":6744,"menu_order":2,"comment_status":"closed","ping_status":"closed","template":"","meta":{"jetpack_post_was_ever_published":false},"aioseo_notices":[],"jetpack_shortlink":"https:\/\/wp.me\/P41l5H-1Ld","jetpack_sharing_enabled":true,"jetpack_likes_enabled":true,"_links":{"self":[{"href":"https:\/\/www.verba.lv\/lv\/wp-json\/wp\/v2\/pages\/6771"}],"collection":[{"href":"https:\/\/www.verba.lv\/lv\/wp-json\/wp\/v2\/pages"}],"about":[{"href":"https:\/\/www.verba.lv\/lv\/wp-json\/wp\/v2\/types\/page"}],"author":[{"embeddable":true,"href":"https:\/\/www.verba.lv\/lv\/wp-json\/wp\/v2\/users\/4"}],"replies":[{"embeddable":true,"href":"https:\/\/www.verba.lv\/lv\/wp-json\/wp\/v2\/comments?post=6771"}],"version-history":[{"count":6,"href":"https:\/\/www.verba.lv\/lv\/wp-json\/wp\/v2\/pages\/6771\/revisions"}],"predecessor-version":[{"id":7583,"href":"https:\/\/www.verba.lv\/lv\/wp-json\/wp\/v2\/pages\/6771\/revisions\/7583"}],"up":[{"embeddable":true,"href":"https:\/\/www.verba.lv\/lv\/wp-json\/wp\/v2\/pages\/6744"}],"wp:attachment":[{"href":"https:\/\/www.verba.lv\/lv\/wp-json\/wp\/v2\/media?parent=6771"}],"curies":[{"name":"wp","href":"https:\/\/api.w.org\/{rel}","templated":true}]}}