{"id":10552,"date":"2023-02-09T15:40:25","date_gmt":"2023-02-09T15:40:25","guid":{"rendered":"https:\/\/www.verba.lv\/%d0%b2%d1%8b%d1%81%d1%82%d0%b0%d0%b2%d0%ba%d0%b8\/pax-mundi-2022\/"},"modified":"2023-07-17T14:32:34","modified_gmt":"2023-07-17T14:32:34","slug":"pax-mundi-2022","status":"publish","type":"page","link":"https:\/\/www.verba.lv\/ru\/%d0%b2%d1%8b%d1%81%d1%82%d0%b0%d0%b2%d0%ba%d0%b8\/pax-mundi-2022\/","title":{"rendered":"PAX MUNDI \u0432 \u0420\u0418\u0413\u0415 2022"},"content":{"rendered":"<p style=\"text-align: center;\"><strong>PAX MUNDI, 2022<\/strong><\/p>\n<p>\u041a\u043e\u043b\u043b\u0435\u043a\u0446\u0438\u044f \u0441\u0435\u0440\u0435\u0433 PAX MUNDI \/ <strong>\u00ab\u041c\u0438\u0440 \u0432\u043e \u0432\u0441\u0435\u043c \u043c\u0438\u0440\u0435\u00bb<\/strong>. \u0424\u0440\u0430\u0437\u0430 PAX MUNDI \u0441\u0442\u0430\u043b\u0430 \u0437\u0430 \u043f\u043e\u0441\u043b\u0435\u0434\u043d\u0438\u0439 \u0433\u043e\u0434 \u0441\u0432\u043e\u0435\u043e\u0431\u0440\u0430\u0437\u043d\u043e\u0439 \u043c\u0430\u043d\u0442\u0440\u043e\u0439, \u043f\u0440\u0438\u0437\u044b\u0432\u0430\u044e\u0449\u0435\u0439 \u0432\u043e\u0441\u0441\u0442\u0430\u043d\u043e\u0432\u0438\u0442\u044c \u043f\u043e\u0448\u0430\u0442\u043d\u0443\u0432\u0448\u0435\u0435\u0441\u044f \u0440\u0430\u0432\u043d\u043e\u0432\u0435\u0441\u0438\u0435 \u043c\u0438\u0440\u0430. \u0411\u0435\u043b\u044b\u0435 \u0433\u043e\u043b\u0443\u0431\u0438 \u043c\u0438\u0440\u0430 \u043f\u0440\u0435\u0432\u0440\u0430\u0442\u0438\u043b\u0438\u0441\u044c \u0432 \u043b\u0435\u0442\u0430\u044e\u0449\u0438\u0435 \u0441\u0435\u0440\u044c\u0433\u0438, \u0438 \u043a\u0430\u0436\u0434\u044b\u0439, \u043a\u0442\u043e \u0438\u0445 \u043d\u043e\u0441\u0438\u0442, \u043c\u043e\u0436\u0435\u0442 \u0441\u0442\u0430\u0442\u044c \u0432\u0435\u0441\u0442\u043d\u0438\u043a\u043e\u043c \u043c\u0438\u0440\u0430, \u043f\u0443\u0441\u0442\u044c \u043f\u043e\u043a\u0430 \u043b\u0438\u0448\u044c \u0438\u043b\u043b\u044e\u0437\u043e\u0440\u043d\u043e\u0433\u043e, \u043d\u043e \u043e\u0442 \u044d\u0442\u043e\u0433\u043e \u043d\u0435 \u043c\u0435\u043d\u0435\u0435 \u0436\u0435\u043b\u0430\u043d\u043d\u043e\u0433\u043e. \u0412\u0441\u0435 \u0441\u0435\u0440\u044c\u0433\u0438 \u0441\u0434\u0435\u043b\u0430\u043d\u044b \u0438\u0437 \u0441\u0435\u0440\u0435\u0431\u0440\u0430, \u043f\u043b\u0430\u0441\u0442\u0438\u043a\u0430 \u0438 \u0436\u0435\u043c\u0447\u0443\u0433\u0430, \u0438 \u043d\u0430 \u043a\u0430\u0436\u0434\u043e\u0439 \u0432\u044b\u0433\u0440\u0430\u0432\u0438\u0440\u043e\u0432\u0430\u043d\u044b \u0441\u043b\u043e\u0432\u0430 PAX \u0438 MUNDI\u00bb.<\/p>\n<p>\u0412\u044b\u0441\u0442\u0430\u0432\u043a\u0438:<br \/>\n2022 \u0433\u043e\u0434, 29 \u0441\u0435\u043d\u0442\u044f\u0431\u0440\u044f \u00a0\u2014 30 \u043e\u043a\u0442\u044f\u0431\u0440\u044f, \u0410\u0433\u0435\u043d\u0441\u043a\u0430\u043b\u043d\u0441\u043a\u0438\u0439 \u0442\u0438\u0440\u0433\u0443\u0441, \u0420\u0438\u0433\u0430, \u041b\u0430\u0442\u0432\u0438\u044f<\/p>\n<div class=\"tiled-gallery type-rectangular tiled-gallery-unresized\" data-original-width=\"500\" data-carousel-extra='{&quot;blog_id&quot;:1,&quot;permalink&quot;:&quot;https:\\\/\\\/www.verba.lv\\\/ru\\\/%d0%b2%d1%8b%d1%81%d1%82%d0%b0%d0%b2%d0%ba%d0%b8\\\/pax-mundi-2022\\\/&quot;,&quot;likes_blog_id&quot;:59424749}' itemscope itemtype=\"http:\/\/schema.org\/ImageGallery\" > <div class=\"gallery-row\" style=\"width: 500px; height: 353px;\" data-original-width=\"500\" data-original-height=\"353\" > <div class=\"gallery-group images-2\" style=\"width: 263px; height: 353px;\" data-original-width=\"263\" data-original-height=\"353\" > <div class=\"tiled-gallery-item tiled-gallery-item-large\" itemprop=\"associatedMedia\" itemscope itemtype=\"http:\/\/schema.org\/ImageObject\"> <meta itemprop=\"width\" content=\"259\"> <meta itemprop=\"height\" content=\"173\"> <img data-attachment-id=\"10377\" data-orig-file=\"https:\/\/www.verba.lv\/wp-content\/uploads\/verba-pax-mundi-iztelojies-miers-agenskalna-tirgus-izstade-anna-fanigina-rotu-makslas-biedriba.jpg\" data-orig-size=\"1000,667\" data-comments-opened=\"\" data-image-meta=\"{&quot;aperture&quot;:&quot;0&quot;,&quot;credit&quot;:&quot;&quot;,&quot;camera&quot;:&quot;&quot;,&quot;caption&quot;:&quot;&quot;,&quot;created_timestamp&quot;:&quot;0&quot;,&quot;copyright&quot;:&quot;&quot;,&quot;focal_length&quot;:&quot;0&quot;,&quot;iso&quot;:&quot;0&quot;,&quot;shutter_speed&quot;:&quot;0&quot;,&quot;title&quot;:&quot;&quot;,&quot;orientation&quot;:&quot;0&quot;}\" data-image-title=\"verba-pax-mundi-iztelojies-miers-agenskalna-tirgus-izstade-anna-fanigina-rotu-makslas-biedriba\" data-image-description=\"\" data-medium-file=\"https:\/\/www.verba.lv\/wp-content\/uploads\/verba-pax-mundi-iztelojies-miers-agenskalna-tirgus-izstade-anna-fanigina-rotu-makslas-biedriba-400x267.jpg\" data-large-file=\"https:\/\/www.verba.lv\/wp-content\/uploads\/verba-pax-mundi-iztelojies-miers-agenskalna-tirgus-izstade-anna-fanigina-rotu-makslas-biedriba.jpg\" src=\"https:\/\/i0.wp.com\/www.verba.lv\/wp-content\/uploads\/verba-pax-mundi-iztelojies-miers-agenskalna-tirgus-izstade-anna-fanigina-rotu-makslas-biedriba.jpg?w=259&#038;h=173&#038;ssl=1\" width=\"259\" height=\"173\" data-original-width=\"259\" data-original-height=\"173\" itemprop=\"http:\/\/schema.org\/image\" title=\"verba-pax-mundi-iztelojies-miers-agenskalna-tirgus-izstade-anna-fanigina-rotu-makslas-biedriba\" alt=\"verba-pax-mundi-iztelojies-miers-agenskalna-tirgus-izstade-anna-fanigina-rotu-makslas-biedriba\" style=\"width: 259px; height: 173px;\" \/> <\/div> <div class=\"tiled-gallery-item tiled-gallery-item-large\" itemprop=\"associatedMedia\" itemscope itemtype=\"http:\/\/schema.org\/ImageObject\"> <meta itemprop=\"width\" content=\"259\"> <meta itemprop=\"height\" content=\"172\"> <img data-attachment-id=\"10516\" data-orig-file=\"https:\/\/www.verba.lv\/wp-content\/uploads\/pax-mundi-iztelojies-miers.jpg\" data-orig-size=\"1000,667\" data-comments-opened=\"\" data-image-meta=\"{&quot;aperture&quot;:&quot;0&quot;,&quot;credit&quot;:&quot;&quot;,&quot;camera&quot;:&quot;&quot;,&quot;caption&quot;:&quot;&quot;,&quot;created_timestamp&quot;:&quot;0&quot;,&quot;copyright&quot;:&quot;&quot;,&quot;focal_length&quot;:&quot;0&quot;,&quot;iso&quot;:&quot;0&quot;,&quot;shutter_speed&quot;:&quot;0&quot;,&quot;title&quot;:&quot;&quot;,&quot;orientation&quot;:&quot;0&quot;}\" data-image-title=\"pax-mundi-iztelojies-miers\" data-image-description=\"\" data-medium-file=\"https:\/\/www.verba.lv\/wp-content\/uploads\/pax-mundi-iztelojies-miers-400x267.jpg\" data-large-file=\"https:\/\/www.verba.lv\/wp-content\/uploads\/pax-mundi-iztelojies-miers.jpg\" src=\"https:\/\/i0.wp.com\/www.verba.lv\/wp-content\/uploads\/pax-mundi-iztelojies-miers.jpg?w=259&#038;h=172&#038;ssl=1\" width=\"259\" height=\"172\" data-original-width=\"259\" data-original-height=\"172\" itemprop=\"http:\/\/schema.org\/image\" title=\"pax-mundi-iztelojies-miers\" alt=\"pax-mundi-iztelojies-miers\" style=\"width: 259px; height: 172px;\" \/> <div class=\"tiled-gallery-caption\" itemprop=\"caption description\"> Izst\u0101des &#171;IZT\u0112LOJIES.Miers&#187; atkl\u0101\u0161ana \u0100genskalna tirg\u016b, 2022.gada, 29.septembr\u012b <\/div> <\/div> <\/div> <!-- close group --> <div class=\"gallery-group images-1\" style=\"width: 237px; height: 353px;\" data-original-width=\"237\" data-original-height=\"353\" > <div class=\"tiled-gallery-item tiled-gallery-item-small\" itemprop=\"associatedMedia\" itemscope itemtype=\"http:\/\/schema.org\/ImageObject\"> <meta itemprop=\"width\" content=\"233\"> <meta itemprop=\"height\" content=\"349\"> <img data-attachment-id=\"10537\" data-orig-file=\"https:\/\/www.verba.lv\/wp-content\/uploads\/rotu-makslas-biedriba-pax-mundi.jpg\" data-orig-size=\"667,1000\" data-comments-opened=\"\" data-image-meta=\"{&quot;aperture&quot;:&quot;0&quot;,&quot;credit&quot;:&quot;&quot;,&quot;camera&quot;:&quot;&quot;,&quot;caption&quot;:&quot;&quot;,&quot;created_timestamp&quot;:&quot;0&quot;,&quot;copyright&quot;:&quot;&quot;,&quot;focal_length&quot;:&quot;0&quot;,&quot;iso&quot;:&quot;0&quot;,&quot;shutter_speed&quot;:&quot;0&quot;,&quot;title&quot;:&quot;&quot;,&quot;orientation&quot;:&quot;0&quot;}\" data-image-title=\"rotu-makslas-biedriba-pax-mundi\" data-image-description=\"\" data-medium-file=\"https:\/\/www.verba.lv\/wp-content\/uploads\/rotu-makslas-biedriba-pax-mundi-267x400.jpg\" data-large-file=\"https:\/\/www.verba.lv\/wp-content\/uploads\/rotu-makslas-biedriba-pax-mundi.jpg\" src=\"https:\/\/i0.wp.com\/www.verba.lv\/wp-content\/uploads\/rotu-makslas-biedriba-pax-mundi.jpg?w=233&#038;h=349&#038;ssl=1\" width=\"233\" height=\"349\" data-original-width=\"233\" data-original-height=\"349\" itemprop=\"http:\/\/schema.org\/image\" title=\"rotu-makslas-biedriba-pax-mundi\" alt=\"rotu-makslas-biedriba-pax-mundi\" style=\"width: 233px; height: 349px;\" \/> <div class=\"tiled-gallery-caption\" itemprop=\"caption description\"> Izst\u0101des &#171;IZT\u0112LOJIES.Miers&#187; atkl\u0101\u0161ana \u0100genskalna tirg\u016b, 2022.gada, 29.septembr\u012b <\/div> <\/div> <\/div> <!-- close group --> <\/div> <!-- close row --> <div class=\"gallery-row\" style=\"width: 500px; height: 231px;\" data-original-width=\"500\" data-original-height=\"231\" > <div class=\"gallery-group images-1\" style=\"width: 345px; height: 231px;\" data-original-width=\"345\" data-original-height=\"231\" > <div class=\"tiled-gallery-item tiled-gallery-item-large\" itemprop=\"associatedMedia\" itemscope itemtype=\"http:\/\/schema.org\/ImageObject\"> <meta itemprop=\"width\" content=\"341\"> <meta itemprop=\"height\" content=\"227\"> <img data-attachment-id=\"10540\" data-orig-file=\"https:\/\/www.verba.lv\/wp-content\/uploads\/verba-pax-mundi-rotu-makslas-biedriba.jpg\" data-orig-size=\"1000,667\" data-comments-opened=\"\" data-image-meta=\"{&quot;aperture&quot;:&quot;0&quot;,&quot;credit&quot;:&quot;&quot;,&quot;camera&quot;:&quot;&quot;,&quot;caption&quot;:&quot;&quot;,&quot;created_timestamp&quot;:&quot;0&quot;,&quot;copyright&quot;:&quot;kasparsteilans@gmail.com&quot;,&quot;focal_length&quot;:&quot;0&quot;,&quot;iso&quot;:&quot;0&quot;,&quot;shutter_speed&quot;:&quot;0&quot;,&quot;title&quot;:&quot;&quot;,&quot;orientation&quot;:&quot;0&quot;}\" data-image-title=\"verba-pax-mundi-rotu-makslas-biedriba\" data-image-description=\"\" data-medium-file=\"https:\/\/www.verba.lv\/wp-content\/uploads\/verba-pax-mundi-rotu-makslas-biedriba-400x267.jpg\" data-large-file=\"https:\/\/www.verba.lv\/wp-content\/uploads\/verba-pax-mundi-rotu-makslas-biedriba.jpg\" src=\"https:\/\/i0.wp.com\/www.verba.lv\/wp-content\/uploads\/verba-pax-mundi-rotu-makslas-biedriba.jpg?w=341&#038;h=227&#038;ssl=1\" width=\"341\" height=\"227\" data-original-width=\"341\" data-original-height=\"227\" itemprop=\"http:\/\/schema.org\/image\" title=\"verba-pax-mundi-rotu-makslas-biedriba\" alt=\"verba-pax-mundi-rotu-makslas-biedriba\" style=\"width: 341px; height: 227px;\" \/> <div class=\"tiled-gallery-caption\" itemprop=\"caption description\"> Izst\u0101des &#171;IZT\u0112LOJIES.Miers&#187; atkl\u0101\u0161ana \u0100genskalna tirg\u016b, 2022.gada, 29.septembr\u012b. Foto: Kaspars Teil\u0101ns <\/div> <\/div> <\/div> <!-- close group --> <div class=\"gallery-group images-1\" style=\"width: 155px; height: 231px;\" data-original-width=\"155\" data-original-height=\"231\" > <div class=\"tiled-gallery-item tiled-gallery-item-small\" itemprop=\"associatedMedia\" itemscope itemtype=\"http:\/\/schema.org\/ImageObject\"> <meta itemprop=\"width\" content=\"151\"> <meta itemprop=\"height\" content=\"227\"> <img data-attachment-id=\"10519\" data-orig-file=\"https:\/\/www.verba.lv\/wp-content\/uploads\/pax-mundi-kolekcija-anna-fanigina-verba.jpg\" data-orig-size=\"667,1000\" data-comments-opened=\"\" data-image-meta=\"{&quot;aperture&quot;:&quot;0&quot;,&quot;credit&quot;:&quot;&quot;,&quot;camera&quot;:&quot;&quot;,&quot;caption&quot;:&quot;&quot;,&quot;created_timestamp&quot;:&quot;0&quot;,&quot;copyright&quot;:&quot;&quot;,&quot;focal_length&quot;:&quot;0&quot;,&quot;iso&quot;:&quot;0&quot;,&quot;shutter_speed&quot;:&quot;0&quot;,&quot;title&quot;:&quot;&quot;,&quot;orientation&quot;:&quot;0&quot;}\" data-image-title=\"pax-mundi-kolekcija-anna-fanigina-verba\" data-image-description=\"\" data-medium-file=\"https:\/\/www.verba.lv\/wp-content\/uploads\/pax-mundi-kolekcija-anna-fanigina-verba-267x400.jpg\" data-large-file=\"https:\/\/www.verba.lv\/wp-content\/uploads\/pax-mundi-kolekcija-anna-fanigina-verba.jpg\" src=\"https:\/\/i0.wp.com\/www.verba.lv\/wp-content\/uploads\/pax-mundi-kolekcija-anna-fanigina-verba.jpg?w=151&#038;h=227&#038;ssl=1\" width=\"151\" height=\"227\" data-original-width=\"151\" data-original-height=\"227\" itemprop=\"http:\/\/schema.org\/image\" title=\"pax-mundi-kolekcija-anna-fanigina-verba\" alt=\"pax-mundi-kolekcija-anna-fanigina-verba\" style=\"width: 151px; height: 227px;\" \/> <div class=\"tiled-gallery-caption\" itemprop=\"caption description\"> Izst\u0101des &#171;IZT\u0112LOJIES.Miers&#187; atkl\u0101\u0161ana \u0100genskalna tirg\u016b, 2022.gada, 29.septembr\u012b. Foto: Kaspars Teil\u0101ns <\/div> <\/div> <\/div> <!-- close group --> <\/div> <!-- close row --> <div class=\"gallery-row\" style=\"width: 500px; height: 429px;\" data-original-width=\"500\" data-original-height=\"429\" > <div class=\"gallery-group images-1\" style=\"width: 288px; height: 429px;\" data-original-width=\"288\" data-original-height=\"429\" > <div class=\"tiled-gallery-item tiled-gallery-item-large\" itemprop=\"associatedMedia\" itemscope itemtype=\"http:\/\/schema.org\/ImageObject\"> <meta itemprop=\"width\" content=\"284\"> <meta itemprop=\"height\" content=\"425\"> <img data-attachment-id=\"10534\" data-orig-file=\"https:\/\/www.verba.lv\/wp-content\/uploads\/pax-mundi.jpg\" data-orig-size=\"667,1000\" data-comments-opened=\"\" data-image-meta=\"{&quot;aperture&quot;:&quot;0&quot;,&quot;credit&quot;:&quot;&quot;,&quot;camera&quot;:&quot;&quot;,&quot;caption&quot;:&quot;&quot;,&quot;created_timestamp&quot;:&quot;0&quot;,&quot;copyright&quot;:&quot;&quot;,&quot;focal_length&quot;:&quot;0&quot;,&quot;iso&quot;:&quot;0&quot;,&quot;shutter_speed&quot;:&quot;0&quot;,&quot;title&quot;:&quot;&quot;,&quot;orientation&quot;:&quot;0&quot;}\" data-image-title=\"pax-mundi\" data-image-description=\"\" data-medium-file=\"https:\/\/www.verba.lv\/wp-content\/uploads\/pax-mundi-267x400.jpg\" data-large-file=\"https:\/\/www.verba.lv\/wp-content\/uploads\/pax-mundi.jpg\" src=\"https:\/\/i0.wp.com\/www.verba.lv\/wp-content\/uploads\/pax-mundi.jpg?w=284&#038;h=425&#038;ssl=1\" width=\"284\" height=\"425\" data-original-width=\"284\" data-original-height=\"425\" itemprop=\"http:\/\/schema.org\/image\" title=\"pax-mundi\" alt=\"pax-mundi\" style=\"width: 284px; height: 425px;\" \/> <div class=\"tiled-gallery-caption\" itemprop=\"caption description\"> Izst\u0101des &#171;IZT\u0112LOJIES.Miers&#187; atkl\u0101\u0161ana \u0100genskalna tirg\u016b, 2022.gada, 29.septembr\u012b. Foto: Kaspars Teil\u0101ns <\/div> <\/div> <\/div> <!-- close group --> <div class=\"gallery-group images-3\" style=\"width: 212px; height: 429px;\" data-original-width=\"212\" data-original-height=\"429\" > <div class=\"tiled-gallery-item tiled-gallery-item-small\" itemprop=\"associatedMedia\" itemscope itemtype=\"http:\/\/schema.org\/ImageObject\"> <meta itemprop=\"width\" content=\"208\"> <meta itemprop=\"height\" content=\"139\"> <img data-attachment-id=\"10528\" data-orig-file=\"https:\/\/www.verba.lv\/wp-content\/uploads\/pax-mundi-verba-iztelojies-miers.jpg\" data-orig-size=\"1000,667\" data-comments-opened=\"\" data-image-meta=\"{&quot;aperture&quot;:&quot;0&quot;,&quot;credit&quot;:&quot;&quot;,&quot;camera&quot;:&quot;&quot;,&quot;caption&quot;:&quot;&quot;,&quot;created_timestamp&quot;:&quot;0&quot;,&quot;copyright&quot;:&quot;&quot;,&quot;focal_length&quot;:&quot;0&quot;,&quot;iso&quot;:&quot;0&quot;,&quot;shutter_speed&quot;:&quot;0&quot;,&quot;title&quot;:&quot;&quot;,&quot;orientation&quot;:&quot;0&quot;}\" data-image-title=\"pax-mundi-verba-iztelojies-miers\" data-image-description=\"\" data-medium-file=\"https:\/\/www.verba.lv\/wp-content\/uploads\/pax-mundi-verba-iztelojies-miers-400x267.jpg\" data-large-file=\"https:\/\/www.verba.lv\/wp-content\/uploads\/pax-mundi-verba-iztelojies-miers.jpg\" src=\"https:\/\/i0.wp.com\/www.verba.lv\/wp-content\/uploads\/pax-mundi-verba-iztelojies-miers.jpg?w=208&#038;h=139&#038;ssl=1\" width=\"208\" height=\"139\" data-original-width=\"208\" data-original-height=\"139\" itemprop=\"http:\/\/schema.org\/image\" title=\"pax-mundi-verba-iztelojies-miers\" alt=\"pax-mundi-verba-iztelojies-miers\" style=\"width: 208px; height: 139px;\" \/> <div class=\"tiled-gallery-caption\" itemprop=\"caption description\"> Izst\u0101des &#171;IZT\u0112LOJIES.Miers&#187; atkl\u0101\u0161ana \u0100genskalna tirg\u016b, 2022.gada, 29.septembr\u012b. Foto: Kaspars Teil\u0101ns <\/div> <\/div> <div class=\"tiled-gallery-item tiled-gallery-item-small\" itemprop=\"associatedMedia\" itemscope itemtype=\"http:\/\/schema.org\/ImageObject\"> <meta itemprop=\"width\" content=\"208\"> <meta itemprop=\"height\" content=\"139\"> <img data-attachment-id=\"10531\" data-orig-file=\"https:\/\/www.verba.lv\/wp-content\/uploads\/pax-mundi-verba.jpg\" data-orig-size=\"1000,667\" data-comments-opened=\"\" data-image-meta=\"{&quot;aperture&quot;:&quot;0&quot;,&quot;credit&quot;:&quot;&quot;,&quot;camera&quot;:&quot;&quot;,&quot;caption&quot;:&quot;&quot;,&quot;created_timestamp&quot;:&quot;0&quot;,&quot;copyright&quot;:&quot;kasparsteilans@gmail.com&quot;,&quot;focal_length&quot;:&quot;0&quot;,&quot;iso&quot;:&quot;0&quot;,&quot;shutter_speed&quot;:&quot;0&quot;,&quot;title&quot;:&quot;&quot;,&quot;orientation&quot;:&quot;0&quot;}\" data-image-title=\"pax-mundi-verba\" data-image-description=\"&lt;p&gt;Izst\u0101des &#171;IZT\u0112LOJIES.Miers&#187; atkl\u0101\u0161ana \u0100genskalna tirg\u016b, 2022.gada, 29.septembr\u012b. Foto: Kaspars Teil\u0101ns&lt;\/p&gt; \" data-medium-file=\"https:\/\/www.verba.lv\/wp-content\/uploads\/pax-mundi-verba-400x267.jpg\" data-large-file=\"https:\/\/www.verba.lv\/wp-content\/uploads\/pax-mundi-verba.jpg\" src=\"https:\/\/i0.wp.com\/www.verba.lv\/wp-content\/uploads\/pax-mundi-verba.jpg?w=208&#038;h=139&#038;ssl=1\" width=\"208\" height=\"139\" data-original-width=\"208\" data-original-height=\"139\" itemprop=\"http:\/\/schema.org\/image\" title=\"pax-mundi-verba\" alt=\"pax-mundi-verba\" style=\"width: 208px; height: 139px;\" \/> <div class=\"tiled-gallery-caption\" itemprop=\"caption description\"> Izst\u0101des &#171;IZT\u0112LOJIES.Miers&#187; atkl\u0101\u0161ana \u0100genskalna tirg\u016b, 2022.gada, 29.septembr\u012b. Foto: Kaspars Teil\u0101ns <\/div> <\/div> <div class=\"tiled-gallery-item tiled-gallery-item-small\" itemprop=\"associatedMedia\" itemscope itemtype=\"http:\/\/schema.org\/ImageObject\"> <meta itemprop=\"width\" content=\"208\"> <meta itemprop=\"height\" content=\"139\"> <img data-attachment-id=\"10513\" data-orig-file=\"https:\/\/www.verba.lv\/wp-content\/uploads\/pax-mundi-iztelojies-miers-anna-fanigina-verba.jpg\" data-orig-size=\"1000,667\" data-comments-opened=\"\" data-image-meta=\"{&quot;aperture&quot;:&quot;0&quot;,&quot;credit&quot;:&quot;&quot;,&quot;camera&quot;:&quot;&quot;,&quot;caption&quot;:&quot;&quot;,&quot;created_timestamp&quot;:&quot;0&quot;,&quot;copyright&quot;:&quot;&quot;,&quot;focal_length&quot;:&quot;0&quot;,&quot;iso&quot;:&quot;0&quot;,&quot;shutter_speed&quot;:&quot;0&quot;,&quot;title&quot;:&quot;&quot;,&quot;orientation&quot;:&quot;0&quot;}\" data-image-title=\"pax-mundi-iztelojies-miers-anna-fanigina-verba\" data-image-description=\"\" data-medium-file=\"https:\/\/www.verba.lv\/wp-content\/uploads\/pax-mundi-iztelojies-miers-anna-fanigina-verba-400x267.jpg\" data-large-file=\"https:\/\/www.verba.lv\/wp-content\/uploads\/pax-mundi-iztelojies-miers-anna-fanigina-verba.jpg\" src=\"https:\/\/i0.wp.com\/www.verba.lv\/wp-content\/uploads\/pax-mundi-iztelojies-miers-anna-fanigina-verba.jpg?w=208&#038;h=139&#038;ssl=1\" width=\"208\" height=\"139\" data-original-width=\"208\" data-original-height=\"139\" itemprop=\"http:\/\/schema.org\/image\" title=\"pax-mundi-iztelojies-miers-anna-fanigina-verba\" alt=\"pax-mundi-iztelojies-miers-anna-fanigina-verba\" style=\"width: 208px; height: 139px;\" \/> <div class=\"tiled-gallery-caption\" itemprop=\"caption description\"> Izst\u0101des &#171;IZT\u0112LOJIES.Miers&#187; atkl\u0101\u0161ana \u0100genskalna tirg\u016b, 2022.gada, 29.septembr\u012b. Foto: Kaspars Teil\u0101ns <\/div> <\/div> <\/div> <!-- close group --> <\/div> <!-- close row --> <div class=\"gallery-row\" style=\"width: 500px; height: 116px;\" data-original-width=\"500\" data-original-height=\"116\" > <div class=\"gallery-group images-1\" style=\"width: 79px; height: 116px;\" data-original-width=\"79\" data-original-height=\"116\" > <div class=\"tiled-gallery-item tiled-gallery-item-small\" itemprop=\"associatedMedia\" itemscope itemtype=\"http:\/\/schema.org\/ImageObject\"> <meta itemprop=\"width\" content=\"75\"> <meta itemprop=\"height\" content=\"112\"> <img data-attachment-id=\"10522\" data-orig-file=\"https:\/\/www.verba.lv\/wp-content\/uploads\/pax-mundi-latvijas-rotu-makslas-biedriba.jpg\" data-orig-size=\"667,1000\" data-comments-opened=\"\" data-image-meta=\"{&quot;aperture&quot;:&quot;0&quot;,&quot;credit&quot;:&quot;&quot;,&quot;camera&quot;:&quot;&quot;,&quot;caption&quot;:&quot;&quot;,&quot;created_timestamp&quot;:&quot;0&quot;,&quot;copyright&quot;:&quot;&quot;,&quot;focal_length&quot;:&quot;0&quot;,&quot;iso&quot;:&quot;0&quot;,&quot;shutter_speed&quot;:&quot;0&quot;,&quot;title&quot;:&quot;&quot;,&quot;orientation&quot;:&quot;0&quot;}\" data-image-title=\"pax-mundi-latvijas-rotu-makslas-biedriba\" data-image-description=\"\" data-medium-file=\"https:\/\/www.verba.lv\/wp-content\/uploads\/pax-mundi-latvijas-rotu-makslas-biedriba-267x400.jpg\" data-large-file=\"https:\/\/www.verba.lv\/wp-content\/uploads\/pax-mundi-latvijas-rotu-makslas-biedriba.jpg\" src=\"https:\/\/i0.wp.com\/www.verba.lv\/wp-content\/uploads\/pax-mundi-latvijas-rotu-makslas-biedriba.jpg?w=75&#038;h=112&#038;ssl=1\" width=\"75\" height=\"112\" data-original-width=\"75\" data-original-height=\"112\" itemprop=\"http:\/\/schema.org\/image\" title=\"pax-mundi-latvijas-rotu-makslas-biedriba\" alt=\"pax-mundi-latvijas-rotu-makslas-biedriba\" style=\"width: 75px; height: 112px;\" \/> <div class=\"tiled-gallery-caption\" itemprop=\"caption description\"> Izst\u0101des &#171;IZT\u0112LOJIES.Miers&#187; atkl\u0101\u0161ana \u0100genskalna tirg\u016b, 2022.gada, 29.septembr\u012b. Foto: Kaspars Teil\u0101ns <\/div> <\/div> <\/div> <!-- close group --> <div class=\"gallery-group images-1\" style=\"width: 79px; height: 116px;\" data-original-width=\"79\" data-original-height=\"116\" > <div class=\"tiled-gallery-item tiled-gallery-item-small\" itemprop=\"associatedMedia\" itemscope itemtype=\"http:\/\/schema.org\/ImageObject\"> <meta itemprop=\"width\" content=\"75\"> <meta itemprop=\"height\" content=\"112\"> <img data-attachment-id=\"10525\" data-orig-file=\"https:\/\/www.verba.lv\/wp-content\/uploads\/pax-mundi-verba-anna-fanigina.jpg\" data-orig-size=\"667,1000\" data-comments-opened=\"\" data-image-meta=\"{&quot;aperture&quot;:&quot;0&quot;,&quot;credit&quot;:&quot;&quot;,&quot;camera&quot;:&quot;&quot;,&quot;caption&quot;:&quot;&quot;,&quot;created_timestamp&quot;:&quot;0&quot;,&quot;copyright&quot;:&quot;&quot;,&quot;focal_length&quot;:&quot;0&quot;,&quot;iso&quot;:&quot;0&quot;,&quot;shutter_speed&quot;:&quot;0&quot;,&quot;title&quot;:&quot;&quot;,&quot;orientation&quot;:&quot;0&quot;}\" data-image-title=\"pax-mundi-verba-anna-fanigina\" data-image-description=\"\" data-medium-file=\"https:\/\/www.verba.lv\/wp-content\/uploads\/pax-mundi-verba-anna-fanigina-267x400.jpg\" data-large-file=\"https:\/\/www.verba.lv\/wp-content\/uploads\/pax-mundi-verba-anna-fanigina.jpg\" src=\"https:\/\/i0.wp.com\/www.verba.lv\/wp-content\/uploads\/pax-mundi-verba-anna-fanigina.jpg?w=75&#038;h=112&#038;ssl=1\" width=\"75\" height=\"112\" data-original-width=\"75\" data-original-height=\"112\" itemprop=\"http:\/\/schema.org\/image\" title=\"pax-mundi-verba-anna-fanigina\" alt=\"pax-mundi-verba-anna-fanigina\" style=\"width: 75px; height: 112px;\" \/> <div class=\"tiled-gallery-caption\" itemprop=\"caption description\"> Izst\u0101des &#171;IZT\u0112LOJIES.Miers&#187; atkl\u0101\u0161ana \u0100genskalna tirg\u016b, 2022.gada, 29.septembr\u012b. Foto: Kaspars Teil\u0101ns <\/div> <\/div> <\/div> <!-- close group --> <div class=\"gallery-group images-1\" style=\"width: 171px; height: 116px;\" data-original-width=\"171\" data-original-height=\"116\" > <div class=\"tiled-gallery-item tiled-gallery-item-small\" itemprop=\"associatedMedia\" itemscope itemtype=\"http:\/\/schema.org\/ImageObject\"> <meta itemprop=\"width\" content=\"167\"> <meta itemprop=\"height\" content=\"112\"> <img data-attachment-id=\"10510\" data-orig-file=\"https:\/\/www.verba.lv\/wp-content\/uploads\/pax-mundi-anna-fanigina-verba.jpg\" data-orig-size=\"1000,667\" data-comments-opened=\"\" data-image-meta=\"{&quot;aperture&quot;:&quot;0&quot;,&quot;credit&quot;:&quot;&quot;,&quot;camera&quot;:&quot;&quot;,&quot;caption&quot;:&quot;&quot;,&quot;created_timestamp&quot;:&quot;0&quot;,&quot;copyright&quot;:&quot;&quot;,&quot;focal_length&quot;:&quot;0&quot;,&quot;iso&quot;:&quot;0&quot;,&quot;shutter_speed&quot;:&quot;0&quot;,&quot;title&quot;:&quot;&quot;,&quot;orientation&quot;:&quot;0&quot;}\" data-image-title=\"pax-mundi-anna-fanigina-verba\" data-image-description=\"\" data-medium-file=\"https:\/\/www.verba.lv\/wp-content\/uploads\/pax-mundi-anna-fanigina-verba-400x267.jpg\" data-large-file=\"https:\/\/www.verba.lv\/wp-content\/uploads\/pax-mundi-anna-fanigina-verba.jpg\" src=\"https:\/\/i0.wp.com\/www.verba.lv\/wp-content\/uploads\/pax-mundi-anna-fanigina-verba.jpg?w=167&#038;h=112&#038;ssl=1\" width=\"167\" height=\"112\" data-original-width=\"167\" data-original-height=\"112\" itemprop=\"http:\/\/schema.org\/image\" title=\"pax-mundi-anna-fanigina-verba\" alt=\"pax-mundi-anna-fanigina-verba\" style=\"width: 167px; height: 112px;\" \/> <div class=\"tiled-gallery-caption\" itemprop=\"caption description\"> Izst\u0101des &#171;IZT\u0112LOJIES.Miers&#187; atkl\u0101\u0161ana \u0100genskalna tirg\u016b, 2022.gada, 29.septembr\u012b. Foto: Kaspars Teil\u0101ns <\/div> <\/div> <\/div> <!-- close group --> <div class=\"gallery-group images-1\" style=\"width: 171px; height: 116px;\" data-original-width=\"171\" data-original-height=\"116\" > <div class=\"tiled-gallery-item tiled-gallery-item-small\" itemprop=\"associatedMedia\" itemscope itemtype=\"http:\/\/schema.org\/ImageObject\"> <meta itemprop=\"width\" content=\"167\"> <meta itemprop=\"height\" content=\"112\"> <img data-attachment-id=\"10507\" data-orig-file=\"https:\/\/www.verba.lv\/wp-content\/uploads\/pax-mundi-anna-fanigina-verba-agenskalna-tirgus.jpg\" data-orig-size=\"1000,667\" data-comments-opened=\"\" data-image-meta=\"{&quot;aperture&quot;:&quot;0&quot;,&quot;credit&quot;:&quot;&quot;,&quot;camera&quot;:&quot;&quot;,&quot;caption&quot;:&quot;&quot;,&quot;created_timestamp&quot;:&quot;0&quot;,&quot;copyright&quot;:&quot;&quot;,&quot;focal_length&quot;:&quot;0&quot;,&quot;iso&quot;:&quot;0&quot;,&quot;shutter_speed&quot;:&quot;0&quot;,&quot;title&quot;:&quot;&quot;,&quot;orientation&quot;:&quot;0&quot;}\" data-image-title=\"pax-mundi-anna-fanigina-verba-agenskalna-tirgus\" data-image-description=\"\" data-medium-file=\"https:\/\/www.verba.lv\/wp-content\/uploads\/pax-mundi-anna-fanigina-verba-agenskalna-tirgus-400x267.jpg\" data-large-file=\"https:\/\/www.verba.lv\/wp-content\/uploads\/pax-mundi-anna-fanigina-verba-agenskalna-tirgus.jpg\" src=\"https:\/\/i0.wp.com\/www.verba.lv\/wp-content\/uploads\/pax-mundi-anna-fanigina-verba-agenskalna-tirgus.jpg?w=167&#038;h=112&#038;ssl=1\" width=\"167\" height=\"112\" data-original-width=\"167\" data-original-height=\"112\" itemprop=\"http:\/\/schema.org\/image\" title=\"pax-mundi-anna-fanigina-verba-agenskalna-tirgus\" alt=\"pax-mundi-anna-fanigina-verba-agenskalna-tirgus\" style=\"width: 167px; height: 112px;\" \/> <div class=\"tiled-gallery-caption\" itemprop=\"caption description\"> Izst\u0101des &#171;IZT\u0112LOJIES.Miers&#187; atkl\u0101\u0161ana \u0100genskalna tirg\u016b, 2022.gada, 29.septembr\u012b. Foto: Kaspars Teil\u0101ns <\/div> <\/div> <\/div> <!-- close group --> <\/div> <!-- close row --> <\/div>\n","protected":false},"excerpt":{"rendered":"<p>PAX MUNDI, 2022 \u041a\u043e\u043b\u043b\u0435\u043a\u0446\u0438\u044f \u0441\u0435\u0440\u0435\u0433 PAX MUNDI \/ \u00ab\u041c\u0438\u0440 \u0432\u043e \u0432\u0441\u0435\u043c \u043c\u0438\u0440\u0435\u00bb. \u0424\u0440\u0430\u0437\u0430 PAX MUNDI \u0441\u0442\u0430\u043b\u0430 \u0437\u0430 \u043f\u043e\u0441\u043b\u0435\u0434\u043d\u0438\u0439 \u0433\u043e\u0434 \u0441\u0432\u043e\u0435\u043e\u0431\u0440\u0430\u0437\u043d\u043e\u0439 \u043c\u0430\u043d\u0442\u0440\u043e\u0439, \u043f\u0440\u0438\u0437\u044b\u0432\u0430\u044e\u0449\u0435\u0439 \u0432\u043e\u0441\u0441\u0442\u0430\u043d\u043e\u0432\u0438\u0442\u044c \u043f\u043e\u0448\u0430\u0442\u043d\u0443\u0432\u0448\u0435\u0435\u0441\u044f \u0440\u0430\u0432\u043d\u043e\u0432\u0435\u0441\u0438\u0435 \u043c\u0438\u0440\u0430. \u0411\u0435\u043b\u044b\u0435 \u0433\u043e\u043b\u0443\u0431\u0438 \u043c\u0438\u0440\u0430 \u043f\u0440\u0435\u0432\u0440\u0430\u0442\u0438\u043b\u0438\u0441\u044c \u0432 \u043b\u0435\u0442\u0430\u044e\u0449\u0438\u0435 \u0441\u0435\u0440\u044c\u0433\u0438, \u0438 \u043a\u0430\u0436\u0434\u044b\u0439, \u043a\u0442\u043e \u0438\u0445 \u043d\u043e\u0441\u0438\u0442, \u043c\u043e\u0436\u0435\u0442 \u0441\u0442\u0430\u0442\u044c \u0432\u0435\u0441\u0442\u043d\u0438\u043a\u043e\u043c \u043c\u0438\u0440\u0430, \u043f\u0443\u0441\u0442\u044c \u043f\u043e\u043a\u0430 \u043b\u0438\u0448\u044c \u0438\u043b\u043b\u044e\u0437\u043e\u0440\u043d\u043e\u0433\u043e, \u043d\u043e \u043e\u0442 \u044d\u0442\u043e\u0433\u043e \u043d\u0435 \u043c\u0435\u043d\u0435\u0435 \u0436\u0435\u043b\u0430\u043d\u043d\u043e\u0433\u043e. \u0412\u0441\u0435 \u0441\u0435\u0440\u044c\u0433\u0438 \u0441\u0434\u0435\u043b\u0430\u043d\u044b [&hellip;]<\/p>\n","protected":false},"author":4,"featured_media":0,"parent":6745,"menu_order":0,"comment_status":"closed","ping_status":"closed","template":"","meta":{"jetpack_post_was_ever_published":false},"aioseo_notices":[],"jetpack_shortlink":"https:\/\/wp.me\/P41l5H-2Kc","jetpack_sharing_enabled":true,"jetpack_likes_enabled":true,"_links":{"self":[{"href":"https:\/\/www.verba.lv\/ru\/wp-json\/wp\/v2\/pages\/10552"}],"collection":[{"href":"https:\/\/www.verba.lv\/ru\/wp-json\/wp\/v2\/pages"}],"about":[{"href":"https:\/\/www.verba.lv\/ru\/wp-json\/wp\/v2\/types\/page"}],"author":[{"embeddable":true,"href":"https:\/\/www.verba.lv\/ru\/wp-json\/wp\/v2\/users\/4"}],"replies":[{"embeddable":true,"href":"https:\/\/www.verba.lv\/ru\/wp-json\/wp\/v2\/comments?post=10552"}],"version-history":[{"count":4,"href":"https:\/\/www.verba.lv\/ru\/wp-json\/wp\/v2\/pages\/10552\/revisions"}],"predecessor-version":[{"id":10976,"href":"https:\/\/www.verba.lv\/ru\/wp-json\/wp\/v2\/pages\/10552\/revisions\/10976"}],"up":[{"embeddable":true,"href":"https:\/\/www.verba.lv\/ru\/wp-json\/wp\/v2\/pages\/6745"}],"wp:attachment":[{"href":"https:\/\/www.verba.lv\/ru\/wp-json\/wp\/v2\/media?parent=10552"}],"curies":[{"name":"wp","href":"https:\/\/api.w.org\/{rel}","templated":true}]}}