{"id":6755,"date":"2018-10-10T12:08:03","date_gmt":"2018-10-10T12:08:03","guid":{"rendered":"https:\/\/www.verba.lv\/exhibitions\/arcus\/"},"modified":"2023-11-14T22:04:33","modified_gmt":"2023-11-14T22:04:33","slug":"arcus","status":"publish","type":"page","link":"https:\/\/www.verba.lv\/ru\/%d0%b2%d1%8b%d1%81%d1%82%d0%b0%d0%b2%d0%ba%d0%b8\/arcus\/","title":{"rendered":"ARCUS \u041d\u0410 \u0412\u0415\u041d\u0415\u0426\u0418\u0410\u041d\u0421\u041a\u041e\u0419 \u041d\u0415\u0414\u0415\u041b\u0415 \u0414\u0418\u0417\u0410\u0419\u041d\u0410 2018"},"content":{"rendered":"<p style=\"text-align: center;\"><strong>ARCUS, 2018<\/strong><\/p>\n<p style=\"text-align: justify;\">\u041a\u043e\u043b\u043b\u0435\u043a\u0446\u0438\u044f ARCUS (\u0438\u0437 \u043b\u0430\u0442\u0438\u043d\u0441\u043a\u043e\u0433\u043e &#171;<strong>\u0440\u0430\u0434\u0443\u0433\u0430<\/strong>&#171;), \u0441\u043e\u0441\u0442\u043e\u044f\u0449\u0430\u044f \u0438\u0437 \u043a\u043e\u043b\u0435\u0446 \u0441 \u043a\u0430\u043c\u043d\u044f\u043c\u0438 \u0441\u0430\u043c\u044b\u0445 \u043d\u0435\u0436\u043d\u044b\u0445 \u043e\u0442\u0442\u0435\u043d\u043a\u043e\u0432 \u2014 \u044d\u0442\u043e \u043f\u043e\u043f\u044b\u0442\u043a\u0430 \u043d\u0435 \u0442\u043e\u043b\u044c\u043a\u043e \u0432\u043e\u043f\u043b\u043e\u0442\u0438\u0442\u044c \u043c\u0435\u0447\u0442\u0443 \u043f\u0440\u0438\u0431\u043b\u0438\u0437\u0438\u0442\u044c \u0440\u0430\u0434\u0443\u0433\u0443 \u0438 \u0434\u043e\u0442\u0440\u043e\u043d\u0443\u0442\u044c\u0441\u044f \u0434\u043e \u043d\u0435\u0435, \u043d\u043e \u0438 \u0432\u043e\u0437\u043c\u043e\u0436\u043d\u043e\u0441\u0442\u044c \u0441\u043e\u0445\u0440\u0430\u043d\u0438\u0442\u044c \u043b\u0443\u0447 \u0441\u0432\u0435\u0442\u0430 \u043b\u044e\u0431\u0438\u043c\u043e\u0433\u043e \u0446\u0432\u0435\u0442\u0430 \u0443 \u0441\u0435\u0431\u044f \u043d\u0430 \u0440\u0443\u043a\u0435. \u041b\u0435\u0433\u043a\u043e\u0441\u0442\u044c \u0438 \u0432\u043e\u0437\u0434\u0443\u0448\u043d\u043e\u0441\u0442\u044c \u043a\u043e\u043b\u043b\u0435\u043a\u0446\u0438\u0438 \u043e\u0431\u0443\u0441\u043b\u043e\u0432\u0438\u043b\u0438 \u0432\u044b\u0431\u043e\u0440 \u043c\u0430\u0442\u0435\u0440\u0438\u0430\u043b\u043e\u0432 \u2014 \u043e\u0440\u0433\u0441\u0442\u0435\u043a\u043b\u043e \u0438 \u043f\u0440\u043e\u0437\u0440\u0430\u0447\u043d\u044b\u0435 \u043d\u0430\u0442\u0443\u0440\u0430\u043b\u044c\u043d\u044b\u0435 \u043a\u0430\u043c\u043d\u0438, \u043f\u043e\u043b\u043d\u044b\u0439 \u043e\u0442\u043a\u0430\u0437 \u043e\u0442 \u043c\u0435\u0442\u0430\u043b\u043b\u0430 \u0432 \u0438\u0437\u0433\u043e\u0442\u043e\u0432\u043b\u0435\u043d\u0438\u0438 \u0443\u043a\u0440\u0430\u0448\u0435\u043d\u0438\u0439. \u041e\u0434\u043d\u0430\u043a\u043e \u0441\u043e\u0445\u0440\u0430\u043d\u0435\u043d\u0430 \u0442\u0440\u0430\u0434\u0438\u0446\u0438\u044f \u0434\u0438\u0437\u0430\u0439\u043d\u0435\u0440\u0430 \u043d\u0430\u0434\u0435\u043b\u044f\u0442\u044c \u043a\u0430\u0436\u0434\u043e\u0435 \u043a\u043e\u043b\u044c\u0446\u043e \u0444\u0440\u0430\u0437\u043e\u0439 \u0438\u043b\u0438 \u0441\u043b\u043e\u0432\u043e\u043c \u043d\u0430 \u0434\u0440\u0435\u0432\u043d\u0438\u0445 \u044f\u0437\u044b\u043a\u0430\u0445, \u043d\u0430 \u044d\u0442\u043e\u0442 \u0440\u0430\u0437 \u0432 \u0432\u0438\u0434\u0435 \u0433\u0440\u0430\u0432\u0438\u0440\u043e\u0432\u043e\u043a \u0438 \u043d\u0430 \u043b\u0430\u0442\u044b\u043d\u0438, \u0438 \u043d\u0430 \u0433\u0440\u0435\u0447\u0435\u0441\u043a\u043e\u043c.<\/p>\n<p style=\"text-align: justify;\">\u0420\u0430\u0434\u0443\u0433\u0430, \u0441\u043e\u0435\u0434\u0438\u043d\u044f\u044e\u0449\u0430\u044f \u043d\u0435\u0431\u043e \u0438 \u0437\u0435\u043c\u043b\u044e, \u043c\u0438\u0440 \u0432\u044b\u0441\u0448\u0438\u0439 \u0438 \u043c\u0438\u0440 \u0447\u0435\u043b\u043e\u0432\u0435\u0447\u0435\u0441\u043a\u0438\u0439, \u0432 \u0435\u0432\u0440\u043e\u043f\u0435\u0439\u0441\u043a\u0438\u0445 \u0432\u0435\u0440\u043e\u0432\u0430\u043d\u0438\u044f\u0445 \u0442\u0430\u043a\u0436\u0435 \u0447\u0430\u0441\u0442\u043e \u0441\u0432\u044f\u0437\u0430\u043d\u0430 \u0441 \u0432\u0435\u0441\u0442\u044c\u044e \u043e \u043d\u0430\u0445\u043e\u0436\u0434\u0435\u043d\u0438\u0438 \u0441\u043e\u043a\u0440\u043e\u0432\u0438\u0449\u0430 \u0442\u0430\u043c, \u0433\u0434\u0435 \u043e\u043d\u0430 \u043a\u0430\u0441\u0430\u0435\u0442\u0441\u044f \u0437\u0435\u043c\u043b\u0438. \u0412 \u0434\u0430\u043d\u043d\u043e\u0439 \u0438\u043d\u0441\u0442\u0430\u043b\u043b\u044f\u0446\u0438\u0438 \u0440\u0430\u0434\u0443\u0433\u0430 \u0441\u0430\u043c\u0430 \u043f\u0440\u0435\u0432\u0440\u0430\u0449\u0430\u0435\u0442\u0441\u044f \u0432 \u0441\u043e\u043a\u0440\u043e\u0432\u0438\u0449\u0430 \u043f\u0440\u044f\u043c\u043e \u043d\u0430 \u0433\u043b\u0430\u0437\u0430\u0445 \u0443 \u0437\u0440\u0438\u0442\u0435\u043b\u044f, \u201c\u043d\u0435\u0431\u0435\u0441\u043d\u043e\u0435 \u043a\u043e\u043b\u044c\u0446\u043e\u201d, \u0440\u0430\u0437\u0434\u0435\u043b\u0438\u0432\u0448\u0435\u0435\u0441\u044f \u043d\u0430 \u043c\u043d\u043e\u0436\u0435\u0441\u0442\u0432\u043e \u043e\u0442\u0434\u0435\u043b\u044c\u043d\u044b\u0445 \u043a\u043e\u043b\u0435\u0446, \u0441\u0432\u0435\u0440\u043a\u0430\u044e\u0449\u0438\u0445 \u043a\u0430\u043a \u043a\u0430\u043f\u043b\u0438 \u0440\u043e\u0441\u044b \u043d\u0430 \u043e\u0434\u0435\u044f\u043d\u0438\u0438 \u0434\u0440\u0435\u0432\u043d\u0435\u0433\u0440\u0435\u0447\u0435\u0441\u043a\u043e\u0439 \u0431\u043e\u0433\u0438\u043d\u0438 \u0440\u0430\u0434\u0443\u0433\u0438 \u0418\u0440\u0438\u0434\u044b.<\/p>\n<p>\u0412\u044b\u0441\u0442\u0430\u0432\u043a\u0438:<br \/>\n2018 \u0433\u043e\u0434, 6 \u043e\u043a\u0442\u044f\u0431\u0440\u044f &#8212; 14 \u043e\u043a\u0442\u044f\u0431\u0440\u044f, Art Studio Larkina, \u0412\u0435\u043d\u0435\u0446\u0438\u044f, \u0418\u0442\u0430\u043b\u0438\u044f<\/p>\n<div class=\"tiled-gallery type-rectangular tiled-gallery-unresized\" data-original-width=\"500\" data-carousel-extra='{&quot;blog_id&quot;:1,&quot;permalink&quot;:&quot;https:\\\/\\\/www.verba.lv\\\/ru\\\/%d0%b2%d1%8b%d1%81%d1%82%d0%b0%d0%b2%d0%ba%d0%b8\\\/arcus\\\/&quot;,&quot;likes_blog_id&quot;:59424749}' itemscope itemtype=\"http:\/\/schema.org\/ImageGallery\" > <div class=\"gallery-row\" style=\"width: 500px; height: 228px;\" data-original-width=\"500\" data-original-height=\"228\" > <div class=\"gallery-group images-1\" style=\"width: 340px; height: 228px;\" data-original-width=\"340\" data-original-height=\"228\" > <div class=\"tiled-gallery-item tiled-gallery-item-large\" itemprop=\"associatedMedia\" itemscope itemtype=\"http:\/\/schema.org\/ImageObject\"> <meta itemprop=\"width\" content=\"336\"> <meta itemprop=\"height\" content=\"224\"> <img data-attachment-id=\"11218\" data-orig-file=\"https:\/\/www.verba.lv\/wp-content\/uploads\/arcus-collection-anna-fanigina-verba-jewelry-acrilyc.jpg\" data-orig-size=\"1000,667\" data-comments-opened=\"\" data-image-meta=\"{&quot;aperture&quot;:&quot;0&quot;,&quot;credit&quot;:&quot;&quot;,&quot;camera&quot;:&quot;&quot;,&quot;caption&quot;:&quot;&quot;,&quot;created_timestamp&quot;:&quot;0&quot;,&quot;copyright&quot;:&quot;&quot;,&quot;focal_length&quot;:&quot;0&quot;,&quot;iso&quot;:&quot;0&quot;,&quot;shutter_speed&quot;:&quot;0&quot;,&quot;title&quot;:&quot;&quot;,&quot;orientation&quot;:&quot;0&quot;}\" data-image-title=\"\" data-image-description=\"\" data-medium-file=\"https:\/\/www.verba.lv\/wp-content\/uploads\/arcus-collection-anna-fanigina-verba-jewelry-acrilyc-400x267.jpg\" data-large-file=\"https:\/\/www.verba.lv\/wp-content\/uploads\/arcus-collection-anna-fanigina-verba-jewelry-acrilyc.jpg\" src=\"https:\/\/i0.wp.com\/www.verba.lv\/wp-content\/uploads\/arcus-collection-anna-fanigina-verba-jewelry-acrilyc.jpg?w=336&#038;h=224&#038;ssl=1\" width=\"336\" height=\"224\" data-original-width=\"336\" data-original-height=\"224\" itemprop=\"http:\/\/schema.org\/image\" title=\"\" alt=\"arcus-collection-anna-fanigina-verba-jewelry-acrilyc\" style=\"width: 336px; height: 224px;\" \/> <\/div> <\/div> <!-- close group --> <div class=\"gallery-group images-2\" style=\"width: 160px; height: 228px;\" data-original-width=\"160\" data-original-height=\"228\" > <div class=\"tiled-gallery-item tiled-gallery-item-small\" itemprop=\"associatedMedia\" itemscope itemtype=\"http:\/\/schema.org\/ImageObject\"> <meta itemprop=\"width\" content=\"156\"> <meta itemprop=\"height\" content=\"104\"> <img data-attachment-id=\"5920\" data-orig-file=\"https:\/\/www.verba.lv\/wp-content\/uploads\/ARCUS-8.gif\" data-orig-size=\"1000,667\" data-comments-opened=\"\" data-image-meta=\"{&quot;aperture&quot;:&quot;0&quot;,&quot;credit&quot;:&quot;&quot;,&quot;camera&quot;:&quot;&quot;,&quot;caption&quot;:&quot;&quot;,&quot;created_timestamp&quot;:&quot;0&quot;,&quot;copyright&quot;:&quot;&quot;,&quot;focal_length&quot;:&quot;0&quot;,&quot;iso&quot;:&quot;0&quot;,&quot;shutter_speed&quot;:&quot;0&quot;,&quot;title&quot;:&quot;&quot;,&quot;orientation&quot;:&quot;0&quot;}\" data-image-title=\"\" data-image-description=\"&lt;p&gt;Ring from plexiglass with rose quartz and inscription in Latin&lt;\/p&gt; \" data-medium-file=\"https:\/\/www.verba.lv\/wp-content\/uploads\/ARCUS-8-400x267.gif\" data-large-file=\"https:\/\/www.verba.lv\/wp-content\/uploads\/ARCUS-8.gif\" src=\"https:\/\/i0.wp.com\/www.verba.lv\/wp-content\/uploads\/ARCUS-8.gif?w=156&#038;h=104&#038;ssl=1\" width=\"156\" height=\"104\" data-original-width=\"156\" data-original-height=\"104\" itemprop=\"http:\/\/schema.org\/image\" title=\"\" alt=\"arcus-collection-exhibiton-anna-fanigina\" style=\"width: 156px; height: 104px;\" \/> <div class=\"tiled-gallery-caption\" itemprop=\"caption description\"> DECUS CAELI \/ debesu skaistums \/ \u043a\u0440\u0430\u0441\u0430 \u043d\u0435\u0431\u0430 \/ beauty of the sky \/ la bellezza del cielo (Virgil \u201cThe Aeneid\u201d) <\/div> <\/div> <div class=\"tiled-gallery-item tiled-gallery-item-small\" itemprop=\"associatedMedia\" itemscope itemtype=\"http:\/\/schema.org\/ImageObject\"> <meta itemprop=\"width\" content=\"156\"> <meta itemprop=\"height\" content=\"116\"> <img data-attachment-id=\"5930\" data-orig-file=\"https:\/\/www.verba.lv\/wp-content\/uploads\/ARCUS-5.gif\" data-orig-size=\"1000,750\" data-comments-opened=\"\" data-image-meta=\"{&quot;aperture&quot;:&quot;0&quot;,&quot;credit&quot;:&quot;&quot;,&quot;camera&quot;:&quot;&quot;,&quot;caption&quot;:&quot;&quot;,&quot;created_timestamp&quot;:&quot;0&quot;,&quot;copyright&quot;:&quot;&quot;,&quot;focal_length&quot;:&quot;0&quot;,&quot;iso&quot;:&quot;0&quot;,&quot;shutter_speed&quot;:&quot;0&quot;,&quot;title&quot;:&quot;&quot;,&quot;orientation&quot;:&quot;0&quot;}\" data-image-title=\"\" data-image-description=\"&lt;p&gt;Collection ARCUS (rainbow) at the ART Studio Loreta Larkina, where it was exhibited during VENICE DESIGN WEEK 2018&lt;\/p&gt; \" data-medium-file=\"https:\/\/www.verba.lv\/wp-content\/uploads\/ARCUS-5-400x300.gif\" data-large-file=\"https:\/\/www.verba.lv\/wp-content\/uploads\/ARCUS-5.gif\" src=\"https:\/\/i0.wp.com\/www.verba.lv\/wp-content\/uploads\/ARCUS-5.gif?w=156&#038;h=116&#038;ssl=1\" width=\"156\" height=\"116\" data-original-width=\"156\" data-original-height=\"116\" itemprop=\"http:\/\/schema.org\/image\" title=\"\" alt=\"arcus-collection-exhibition\" style=\"width: 156px; height: 116px;\" \/> <\/div> <\/div> <!-- close group --> <\/div> <!-- close row --> <div class=\"gallery-row\" style=\"width: 500px; height: 436px;\" data-original-width=\"500\" data-original-height=\"436\" > <div class=\"gallery-group images-3\" style=\"width: 208px; height: 436px;\" data-original-width=\"208\" data-original-height=\"436\" > <div class=\"tiled-gallery-item tiled-gallery-item-small\" itemprop=\"associatedMedia\" itemscope itemtype=\"http:\/\/schema.org\/ImageObject\"> <meta itemprop=\"width\" content=\"204\"> <meta itemprop=\"height\" content=\"136\"> <img data-attachment-id=\"5922\" data-orig-file=\"https:\/\/www.verba.lv\/wp-content\/uploads\/ARCUS-15.gif\" data-orig-size=\"1000,667\" data-comments-opened=\"\" data-image-meta=\"{&quot;aperture&quot;:&quot;0&quot;,&quot;credit&quot;:&quot;&quot;,&quot;camera&quot;:&quot;&quot;,&quot;caption&quot;:&quot;&quot;,&quot;created_timestamp&quot;:&quot;0&quot;,&quot;copyright&quot;:&quot;&quot;,&quot;focal_length&quot;:&quot;0&quot;,&quot;iso&quot;:&quot;0&quot;,&quot;shutter_speed&quot;:&quot;0&quot;,&quot;title&quot;:&quot;&quot;,&quot;orientation&quot;:&quot;0&quot;}\" data-image-title=\"\" data-image-description=\"&lt;p&gt;Ring from plexiglass with amethyst and inscription in Latin&lt;\/p&gt; \" data-medium-file=\"https:\/\/www.verba.lv\/wp-content\/uploads\/ARCUS-15-400x267.gif\" data-large-file=\"https:\/\/www.verba.lv\/wp-content\/uploads\/ARCUS-15.gif\" src=\"https:\/\/i0.wp.com\/www.verba.lv\/wp-content\/uploads\/ARCUS-15.gif?w=204&#038;h=136&#038;ssl=1\" width=\"204\" height=\"136\" data-original-width=\"204\" data-original-height=\"136\" itemprop=\"http:\/\/schema.org\/image\" title=\"\" alt=\"arcus-collection-exhibiton-anna-fanigina\" style=\"width: 204px; height: 136px;\" \/> <div class=\"tiled-gallery-caption\" itemprop=\"caption description\"> VIRES ABDITAE \/ nosl\u0113pumainie sp\u0113ki \/ \u0442\u0430\u0438\u043d\u0441\u0442\u0432\u0435\u043d\u043d\u044b\u0435 \u0441\u0438\u043b\u044b \/ mystical powers \/ forze misteriose <\/div> <\/div> <div class=\"tiled-gallery-item tiled-gallery-item-small\" itemprop=\"associatedMedia\" itemscope itemtype=\"http:\/\/schema.org\/ImageObject\"> <meta itemprop=\"width\" content=\"204\"> <meta itemprop=\"height\" content=\"152\"> <img data-attachment-id=\"5926\" data-orig-file=\"https:\/\/www.verba.lv\/wp-content\/uploads\/ARCUS-3-2.gif\" data-orig-size=\"960,720\" data-comments-opened=\"\" data-image-meta=\"{&quot;aperture&quot;:&quot;0&quot;,&quot;credit&quot;:&quot;&quot;,&quot;camera&quot;:&quot;&quot;,&quot;caption&quot;:&quot;&quot;,&quot;created_timestamp&quot;:&quot;0&quot;,&quot;copyright&quot;:&quot;&quot;,&quot;focal_length&quot;:&quot;0&quot;,&quot;iso&quot;:&quot;0&quot;,&quot;shutter_speed&quot;:&quot;0&quot;,&quot;title&quot;:&quot;&quot;,&quot;orientation&quot;:&quot;0&quot;}\" data-image-title=\"\" data-image-description=\"&lt;p&gt;Collection ARCUS (rainbow) at the ART Studio Loreta Larkina, where it was exhibited during VENICE DESIGN WEEK 2018&lt;\/p&gt; \" data-medium-file=\"https:\/\/www.verba.lv\/wp-content\/uploads\/ARCUS-3-2-400x300.gif\" data-large-file=\"https:\/\/www.verba.lv\/wp-content\/uploads\/ARCUS-3-2.gif\" src=\"https:\/\/i0.wp.com\/www.verba.lv\/wp-content\/uploads\/ARCUS-3-2.gif?w=204&#038;h=152&#038;ssl=1\" width=\"204\" height=\"152\" data-original-width=\"204\" data-original-height=\"152\" itemprop=\"http:\/\/schema.org\/image\" title=\"\" alt=\"arcus-collection-exhibition-anna-fanigina\" style=\"width: 204px; height: 152px;\" \/> <\/div> <div class=\"tiled-gallery-item tiled-gallery-item-small\" itemprop=\"associatedMedia\" itemscope itemtype=\"http:\/\/schema.org\/ImageObject\"> <meta itemprop=\"width\" content=\"204\"> <meta itemprop=\"height\" content=\"136\"> <img data-attachment-id=\"5918\" data-orig-file=\"https:\/\/www.verba.lv\/wp-content\/uploads\/ARCUS-3-1.gif\" data-orig-size=\"1000,667\" data-comments-opened=\"\" data-image-meta=\"{&quot;aperture&quot;:&quot;0&quot;,&quot;credit&quot;:&quot;&quot;,&quot;camera&quot;:&quot;&quot;,&quot;caption&quot;:&quot;&quot;,&quot;created_timestamp&quot;:&quot;0&quot;,&quot;copyright&quot;:&quot;&quot;,&quot;focal_length&quot;:&quot;0&quot;,&quot;iso&quot;:&quot;0&quot;,&quot;shutter_speed&quot;:&quot;0&quot;,&quot;title&quot;:&quot;&quot;,&quot;orientation&quot;:&quot;0&quot;}\" data-image-title=\"\" data-image-description=\"&lt;p&gt;Ring from plexiglass with topaz and inscription in Latin&lt;\/p&gt; \" data-medium-file=\"https:\/\/www.verba.lv\/wp-content\/uploads\/ARCUS-3-1-400x267.gif\" data-large-file=\"https:\/\/www.verba.lv\/wp-content\/uploads\/ARCUS-3-1.gif\" src=\"https:\/\/i0.wp.com\/www.verba.lv\/wp-content\/uploads\/ARCUS-3-1.gif?w=204&#038;h=136&#038;ssl=1\" width=\"204\" height=\"136\" data-original-width=\"204\" data-original-height=\"136\" itemprop=\"http:\/\/schema.org\/image\" title=\"\" alt=\"arcus-collection-exhibiton-anna-fanigina\" style=\"width: 204px; height: 136px;\" \/> <div class=\"tiled-gallery-caption\" itemprop=\"caption description\"> ARX CAELI \/ debesjums \/ \u043d\u0435\u0431\u043e\u0441\u0432\u043e\u0434 \/ the roof of heaven \/ volta celeste <\/div> <\/div> <\/div> <!-- close group --> <div class=\"gallery-group images-1\" style=\"width: 292px; height: 436px;\" data-original-width=\"292\" data-original-height=\"436\" > <div class=\"tiled-gallery-item tiled-gallery-item-large\" itemprop=\"associatedMedia\" itemscope itemtype=\"http:\/\/schema.org\/ImageObject\"> <meta itemprop=\"width\" content=\"288\"> <meta itemprop=\"height\" content=\"432\"> <img data-attachment-id=\"6608\" data-orig-file=\"https:\/\/www.verba.lv\/wp-content\/uploads\/anna-fanigina-portret-venezia-exhibition-arcus.jpg\" data-orig-size=\"667,1000\" data-comments-opened=\"\" data-image-meta=\"{&quot;aperture&quot;:&quot;0&quot;,&quot;credit&quot;:&quot;&quot;,&quot;camera&quot;:&quot;&quot;,&quot;caption&quot;:&quot;&quot;,&quot;created_timestamp&quot;:&quot;0&quot;,&quot;copyright&quot;:&quot;&quot;,&quot;focal_length&quot;:&quot;0&quot;,&quot;iso&quot;:&quot;0&quot;,&quot;shutter_speed&quot;:&quot;0&quot;,&quot;title&quot;:&quot;&quot;,&quot;orientation&quot;:&quot;0&quot;}\" data-image-title=\"anna-fanigina-portrait-venezia-exhibition-arcus\" data-image-description=\"&lt;p&gt;photo: Anna Terzi&lt;\/p&gt; \" data-medium-file=\"https:\/\/www.verba.lv\/wp-content\/uploads\/anna-fanigina-portret-venezia-exhibition-arcus-267x400.jpg\" data-large-file=\"https:\/\/www.verba.lv\/wp-content\/uploads\/anna-fanigina-portret-venezia-exhibition-arcus.jpg\" src=\"https:\/\/i0.wp.com\/www.verba.lv\/wp-content\/uploads\/anna-fanigina-portret-venezia-exhibition-arcus.jpg?w=288&#038;h=432&#038;ssl=1\" width=\"288\" height=\"432\" data-original-width=\"288\" data-original-height=\"432\" itemprop=\"http:\/\/schema.org\/image\" title=\"anna-fanigina-portrait-venezia-exhibition-arcus\" alt=\"arcus-collection-exhibiton-anna-fanigina-venezia\" style=\"width: 288px; height: 432px;\" \/> <div class=\"tiled-gallery-caption\" itemprop=\"caption description\"> Anna Fanigina <\/div> <\/div> <\/div> <!-- close group --> <\/div> <!-- close row --> <div class=\"gallery-row\" style=\"width: 500px; height: 87px;\" data-original-width=\"500\" data-original-height=\"87\" > <div class=\"gallery-group images-1\" style=\"width: 129px; height: 87px;\" data-original-width=\"129\" data-original-height=\"87\" > <div class=\"tiled-gallery-item tiled-gallery-item-small\" itemprop=\"associatedMedia\" itemscope itemtype=\"http:\/\/schema.org\/ImageObject\"> <meta itemprop=\"width\" content=\"125\"> <meta itemprop=\"height\" content=\"83\"> <img data-attachment-id=\"5924\" data-orig-file=\"https:\/\/www.verba.lv\/wp-content\/uploads\/ARCUS-collection-exhibition-anna-fanigina-venice-design-week.gif\" data-orig-size=\"1000,667\" data-comments-opened=\"\" data-image-meta=\"{&quot;aperture&quot;:&quot;0&quot;,&quot;credit&quot;:&quot;&quot;,&quot;camera&quot;:&quot;&quot;,&quot;caption&quot;:&quot;&quot;,&quot;created_timestamp&quot;:&quot;0&quot;,&quot;copyright&quot;:&quot;&quot;,&quot;focal_length&quot;:&quot;0&quot;,&quot;iso&quot;:&quot;0&quot;,&quot;shutter_speed&quot;:&quot;0&quot;,&quot;title&quot;:&quot;&quot;,&quot;orientation&quot;:&quot;0&quot;}\" data-image-title=\"\" data-image-description=\"&lt;p&gt;Plexiglass ring with aquamarine and inscription in Latin&lt;\/p&gt; \" data-medium-file=\"https:\/\/www.verba.lv\/wp-content\/uploads\/ARCUS-collection-exhibition-anna-fanigina-venice-design-week-400x267.gif\" data-large-file=\"https:\/\/www.verba.lv\/wp-content\/uploads\/ARCUS-collection-exhibition-anna-fanigina-venice-design-week.gif\" src=\"https:\/\/i0.wp.com\/www.verba.lv\/wp-content\/uploads\/ARCUS-collection-exhibition-anna-fanigina-venice-design-week.gif?w=125&#038;h=83&#038;ssl=1\" width=\"125\" height=\"83\" data-original-width=\"125\" data-original-height=\"83\" itemprop=\"http:\/\/schema.org\/image\" title=\"\" alt=\"arcus-collection-exhibiton-anna-fanigina\" style=\"width: 125px; height: 83px;\" \/> <div class=\"tiled-gallery-caption\" itemprop=\"caption description\"> ZEPHYROS AUDIS SPIRARE SECUNDOS \/ p\u016b\u0161 viegls un silts Zef\u012bra v\u0113j\u0161 \/ \u0434\u0443\u0435\u0442 \u043f\u043e\u043f\u0443\u0442\u043d\u044b\u0439 \u0417\u0435\u0444\u0438\u0440 \/ Zephyr blows with gentle happy wind \/ che soave Zeffiretto <\/div> <\/div> <\/div> <!-- close group --> <div class=\"gallery-group images-1\" style=\"width: 115px; height: 87px;\" data-original-width=\"115\" data-original-height=\"87\" > <div class=\"tiled-gallery-item tiled-gallery-item-small\" itemprop=\"associatedMedia\" itemscope itemtype=\"http:\/\/schema.org\/ImageObject\"> <meta itemprop=\"width\" content=\"111\"> <meta itemprop=\"height\" content=\"83\"> <img data-attachment-id=\"5928\" data-orig-file=\"https:\/\/www.verba.lv\/wp-content\/uploads\/ARCUS-4.gif\" data-orig-size=\"1000,750\" data-comments-opened=\"\" data-image-meta=\"{&quot;aperture&quot;:&quot;0&quot;,&quot;credit&quot;:&quot;&quot;,&quot;camera&quot;:&quot;&quot;,&quot;caption&quot;:&quot;&quot;,&quot;created_timestamp&quot;:&quot;0&quot;,&quot;copyright&quot;:&quot;&quot;,&quot;focal_length&quot;:&quot;0&quot;,&quot;iso&quot;:&quot;0&quot;,&quot;shutter_speed&quot;:&quot;0&quot;,&quot;title&quot;:&quot;&quot;,&quot;orientation&quot;:&quot;0&quot;}\" data-image-title=\"\" data-image-description=\"&lt;p&gt;Collection ARCUS (rainbow) at the ART Studio Loreta Larkina, where it was exhibited during VENICE DESIGN WEEK 2018&lt;\/p&gt; \" data-medium-file=\"https:\/\/www.verba.lv\/wp-content\/uploads\/ARCUS-4-400x300.gif\" data-large-file=\"https:\/\/www.verba.lv\/wp-content\/uploads\/ARCUS-4.gif\" src=\"https:\/\/i0.wp.com\/www.verba.lv\/wp-content\/uploads\/ARCUS-4.gif?w=111&#038;h=83&#038;ssl=1\" width=\"111\" height=\"83\" data-original-width=\"111\" data-original-height=\"83\" itemprop=\"http:\/\/schema.org\/image\" title=\"\" alt=\"arcus-collection-exhibition-anna-fanigina\" style=\"width: 111px; height: 83px;\" \/> <\/div> <\/div> <!-- close group --> <div class=\"gallery-group images-1\" style=\"width: 128px; height: 87px;\" data-original-width=\"128\" data-original-height=\"87\" > <div class=\"tiled-gallery-item tiled-gallery-item-small\" itemprop=\"associatedMedia\" itemscope itemtype=\"http:\/\/schema.org\/ImageObject\"> <meta itemprop=\"width\" content=\"124\"> <meta itemprop=\"height\" content=\"83\"> <img data-attachment-id=\"5980\" data-orig-file=\"https:\/\/www.verba.lv\/wp-content\/uploads\/arcus-rainbow-2018-venice-design-week-anna-fanigina-exhibition.gif\" data-orig-size=\"1000,667\" data-comments-opened=\"\" data-image-meta=\"{&quot;aperture&quot;:&quot;0&quot;,&quot;credit&quot;:&quot;&quot;,&quot;camera&quot;:&quot;&quot;,&quot;caption&quot;:&quot;&quot;,&quot;created_timestamp&quot;:&quot;0&quot;,&quot;copyright&quot;:&quot;&quot;,&quot;focal_length&quot;:&quot;0&quot;,&quot;iso&quot;:&quot;0&quot;,&quot;shutter_speed&quot;:&quot;0&quot;,&quot;title&quot;:&quot;&quot;,&quot;orientation&quot;:&quot;0&quot;}\" data-image-title=\"\" data-image-description=\"&lt;p&gt;Collection ARCUS (rainbow) at the ART Studio Loreta Larkina, where it was exhibited during VENICE DESIGN WEEK 2018&lt;\/p&gt; \" data-medium-file=\"https:\/\/www.verba.lv\/wp-content\/uploads\/arcus-rainbow-2018-venice-design-week-anna-fanigina-exhibition-400x267.gif\" data-large-file=\"https:\/\/www.verba.lv\/wp-content\/uploads\/arcus-rainbow-2018-venice-design-week-anna-fanigina-exhibition.gif\" src=\"https:\/\/i0.wp.com\/www.verba.lv\/wp-content\/uploads\/arcus-rainbow-2018-venice-design-week-anna-fanigina-exhibition.gif?w=124&#038;h=83&#038;ssl=1\" width=\"124\" height=\"83\" data-original-width=\"124\" data-original-height=\"83\" itemprop=\"http:\/\/schema.org\/image\" title=\"\" alt=\"arcus-collection-exhibiton-anna-fanigina\" style=\"width: 124px; height: 83px;\" \/> <\/div> <\/div> <!-- close group --> <div class=\"gallery-group images-1\" style=\"width: 128px; height: 87px;\" data-original-width=\"128\" data-original-height=\"87\" > <div class=\"tiled-gallery-item tiled-gallery-item-small\" itemprop=\"associatedMedia\" itemscope itemtype=\"http:\/\/schema.org\/ImageObject\"> <meta itemprop=\"width\" content=\"124\"> <meta itemprop=\"height\" content=\"83\"> <img data-attachment-id=\"5986\" data-orig-file=\"https:\/\/www.verba.lv\/wp-content\/uploads\/venice-design-week-anna-fanigina-arcus-rainbow.gif\" data-orig-size=\"1000,667\" data-comments-opened=\"\" data-image-meta=\"{&quot;aperture&quot;:&quot;0&quot;,&quot;credit&quot;:&quot;&quot;,&quot;camera&quot;:&quot;&quot;,&quot;caption&quot;:&quot;&quot;,&quot;created_timestamp&quot;:&quot;0&quot;,&quot;copyright&quot;:&quot;&quot;,&quot;focal_length&quot;:&quot;0&quot;,&quot;iso&quot;:&quot;0&quot;,&quot;shutter_speed&quot;:&quot;0&quot;,&quot;title&quot;:&quot;&quot;,&quot;orientation&quot;:&quot;0&quot;}\" data-image-title=\"\" data-image-description=\"&lt;p&gt;Collection ARCUS (rainbow) at the ART Studio Loreta Larkina, where it was exhibited during VENICE DESIGN WEEK 2018&lt;\/p&gt; \" data-medium-file=\"https:\/\/www.verba.lv\/wp-content\/uploads\/venice-design-week-anna-fanigina-arcus-rainbow-400x267.gif\" data-large-file=\"https:\/\/www.verba.lv\/wp-content\/uploads\/venice-design-week-anna-fanigina-arcus-rainbow.gif\" src=\"https:\/\/i0.wp.com\/www.verba.lv\/wp-content\/uploads\/venice-design-week-anna-fanigina-arcus-rainbow.gif?w=124&#038;h=83&#038;ssl=1\" width=\"124\" height=\"83\" data-original-width=\"124\" data-original-height=\"83\" itemprop=\"http:\/\/schema.org\/image\" title=\"\" alt=\"arcus-collection-exhibiton-anna-fanigina\" style=\"width: 124px; height: 83px;\" \/> <\/div> <\/div> <!-- close group --> <\/div> <!-- close row --> <\/div>\n","protected":false},"excerpt":{"rendered":"<p>ARCUS, 2018 \u041a\u043e\u043b\u043b\u0435\u043a\u0446\u0438\u044f ARCUS (\u0438\u0437 \u043b\u0430\u0442\u0438\u043d\u0441\u043a\u043e\u0433\u043e &#171;\u0440\u0430\u0434\u0443\u0433\u0430&#171;), \u0441\u043e\u0441\u0442\u043e\u044f\u0449\u0430\u044f \u0438\u0437 \u043a\u043e\u043b\u0435\u0446 \u0441 \u043a\u0430\u043c\u043d\u044f\u043c\u0438 \u0441\u0430\u043c\u044b\u0445 \u043d\u0435\u0436\u043d\u044b\u0445 \u043e\u0442\u0442\u0435\u043d\u043a\u043e\u0432 \u2014 \u044d\u0442\u043e \u043f\u043e\u043f\u044b\u0442\u043a\u0430 \u043d\u0435 \u0442\u043e\u043b\u044c\u043a\u043e \u0432\u043e\u043f\u043b\u043e\u0442\u0438\u0442\u044c \u043c\u0435\u0447\u0442\u0443 \u043f\u0440\u0438\u0431\u043b\u0438\u0437\u0438\u0442\u044c \u0440\u0430\u0434\u0443\u0433\u0443 \u0438 \u0434\u043e\u0442\u0440\u043e\u043d\u0443\u0442\u044c\u0441\u044f \u0434\u043e \u043d\u0435\u0435, \u043d\u043e \u0438 \u0432\u043e\u0437\u043c\u043e\u0436\u043d\u043e\u0441\u0442\u044c \u0441\u043e\u0445\u0440\u0430\u043d\u0438\u0442\u044c \u043b\u0443\u0447 \u0441\u0432\u0435\u0442\u0430 \u043b\u044e\u0431\u0438\u043c\u043e\u0433\u043e \u0446\u0432\u0435\u0442\u0430 \u0443 \u0441\u0435\u0431\u044f \u043d\u0430 \u0440\u0443\u043a\u0435. \u041b\u0435\u0433\u043a\u043e\u0441\u0442\u044c \u0438 \u0432\u043e\u0437\u0434\u0443\u0448\u043d\u043e\u0441\u0442\u044c \u043a\u043e\u043b\u043b\u0435\u043a\u0446\u0438\u0438 \u043e\u0431\u0443\u0441\u043b\u043e\u0432\u0438\u043b\u0438 \u0432\u044b\u0431\u043e\u0440 \u043c\u0430\u0442\u0435\u0440\u0438\u0430\u043b\u043e\u0432 \u2014 \u043e\u0440\u0433\u0441\u0442\u0435\u043a\u043b\u043e \u0438 \u043f\u0440\u043e\u0437\u0440\u0430\u0447\u043d\u044b\u0435 \u043d\u0430\u0442\u0443\u0440\u0430\u043b\u044c\u043d\u044b\u0435 \u043a\u0430\u043c\u043d\u0438, \u043f\u043e\u043b\u043d\u044b\u0439 \u043e\u0442\u043a\u0430\u0437 [&hellip;]<\/p>\n","protected":false},"author":4,"featured_media":0,"parent":6745,"menu_order":0,"comment_status":"closed","ping_status":"closed","template":"","meta":{"jetpack_post_was_ever_published":false},"aioseo_notices":[],"jetpack_shortlink":"https:\/\/wp.me\/P41l5H-1KX","jetpack_sharing_enabled":true,"jetpack_likes_enabled":true,"_links":{"self":[{"href":"https:\/\/www.verba.lv\/ru\/wp-json\/wp\/v2\/pages\/6755"}],"collection":[{"href":"https:\/\/www.verba.lv\/ru\/wp-json\/wp\/v2\/pages"}],"about":[{"href":"https:\/\/www.verba.lv\/ru\/wp-json\/wp\/v2\/types\/page"}],"author":[{"embeddable":true,"href":"https:\/\/www.verba.lv\/ru\/wp-json\/wp\/v2\/users\/4"}],"replies":[{"embeddable":true,"href":"https:\/\/www.verba.lv\/ru\/wp-json\/wp\/v2\/comments?post=6755"}],"version-history":[{"count":11,"href":"https:\/\/www.verba.lv\/ru\/wp-json\/wp\/v2\/pages\/6755\/revisions"}],"predecessor-version":[{"id":11222,"href":"https:\/\/www.verba.lv\/ru\/wp-json\/wp\/v2\/pages\/6755\/revisions\/11222"}],"up":[{"embeddable":true,"href":"https:\/\/www.verba.lv\/ru\/wp-json\/wp\/v2\/pages\/6745"}],"wp:attachment":[{"href":"https:\/\/www.verba.lv\/ru\/wp-json\/wp\/v2\/media?parent=6755"}],"curies":[{"name":"wp","href":"https:\/\/api.w.org\/{rel}","templated":true}]}}